{"id":2945,"date":"2022-02-22T13:22:32","date_gmt":"2022-02-22T12:22:32","guid":{"rendered":"https:\/\/www.ppdexpo.hu\/?page_id=2945"},"modified":"2025-10-06T22:26:05","modified_gmt":"2025-10-06T21:26:05","slug":"kiallitok","status":"publish","type":"page","link":"https:\/\/www.ppdexpo.hu\/en\/kiallitok\/","title":{"rendered":"Exhibitors"},"content":{"rendered":"<p><div class=\"fusion-fullwidth fullwidth-box fusion-builder-row-1 fusion-flex-container nonhundred-percent-fullwidth non-hundred-percent-height-scrolling\" style=\"--awb-border-radius-top-left:0px;--awb-border-radius-top-right:0px;--awb-border-radius-bottom-right:0px;--awb-border-radius-bottom-left:0px;--awb-flex-wrap:wrap;\" ><div class=\"fusion-builder-row fusion-row fusion-flex-align-items-flex-start fusion-flex-content-wrap\" style=\"max-width:1216.8px;margin-left: calc(-4% \/ 2 );margin-right: calc(-4% \/ 2 );\"><div class=\"fusion-layout-column fusion_builder_column fusion-builder-column-0 fusion_builder_column_1_1 1_1 fusion-flex-column\" style=\"--awb-bg-size:cover;--awb-width-large:100%;--awb-margin-top-large:0px;--awb-spacing-right-large:1.92%;--awb-margin-bottom-large:0px;--awb-spacing-left-large:1.92%;--awb-width-medium:100%;--awb-order-medium:0;--awb-spacing-right-medium:1.92%;--awb-spacing-left-medium:1.92%;--awb-width-small:100%;--awb-order-small:0;--awb-spacing-right-small:1.92%;--awb-spacing-left-small:1.92%;\"><div class=\"fusion-column-wrapper fusion-column-has-shadow fusion-flex-justify-content-flex-start fusion-content-layout-column\"><div class=\"fusion-separator fusion-full-width-sep\" style=\"align-self: center;margin-left: auto;margin-right: auto;margin-top:30px;margin-bottom:10px;width:100%;\"><\/div><div class=\"fusion-text fusion-text-1\"><h2 style=\"text-align: center;\"><strong>PPDexpo \u00e9s <\/strong><strong>SignExpo ki\u00e1ll\u00edt\u00f3k &#8211; 2025.<\/strong><\/h2>\n<\/div><div class=\"fusion-separator fusion-full-width-sep\" style=\"align-self: center;margin-left: auto;margin-right: auto;margin-top:10px;margin-bottom:10px;width:100%;\"><\/div><div style=\"text-align:center;\"><a class=\"fusion-button button-flat fusion-button-default-size button-default fusion-button-default button-1 fusion-button-default-span fusion-button-default-type\" target=\"_self\" href=\"https:\/\/www.ppdexpo.hu\/en\/kiallitoi-katalogus\/\"><i class=\"fa-address-card fas awb-button__icon awb-button__icon--default button-icon-left\" aria-hidden=\"true\"><\/i><span class=\"fusion-button-text awb-button__text awb-button__text--default\">KATAL\u00d3GUS<\/span><\/a><\/div><\/div><\/div><\/div><\/div><div class=\"fusion-fullwidth fullwidth-box fusion-builder-row-2 fusion-flex-container nonhundred-percent-fullwidth non-hundred-percent-height-scrolling\" style=\"--awb-border-radius-top-left:0px;--awb-border-radius-top-right:0px;--awb-border-radius-bottom-right:0px;--awb-border-radius-bottom-left:0px;--awb-flex-wrap:wrap;\" ><div class=\"fusion-builder-row fusion-row fusion-flex-align-items-flex-start fusion-flex-content-wrap\" style=\"max-width:1216.8px;margin-left: calc(-4% \/ 2 );margin-right: calc(-4% \/ 2 );\"><div class=\"fusion-layout-column fusion_builder_column fusion-builder-column-1 fusion_builder_column_1_1 1_1 fusion-flex-column\" style=\"--awb-bg-size:cover;--awb-width-large:100%;--awb-margin-top-large:0px;--awb-spacing-right-large:1.92%;--awb-margin-bottom-large:0px;--awb-spacing-left-large:1.92%;--awb-width-medium:100%;--awb-order-medium:0;--awb-spacing-right-medium:1.92%;--awb-spacing-left-medium:1.92%;--awb-width-small:100%;--awb-order-small:0;--awb-spacing-right-small:1.92%;--awb-spacing-left-small:1.92%;\"><div class=\"fusion-column-wrapper fusion-column-has-shadow fusion-flex-justify-content-flex-start fusion-content-layout-column\"><div class=\"fusion-text fusion-text-2\" style=\"--awb-user-select:auto;\"><div class=\"table-1\">\n<p>&nbsp;<\/p>\n<p>&nbsp;<\/p>\n<p>&nbsp;<\/p>\n<p>&nbsp;<\/p>\n<table class=\"aligncenter\" width=\"600\">\n<tbody>\n<tr>\n<td width=\"250\"><img decoding=\"async\" src=\"https:\/\/www.ppdexpo.hu\/wp-content\/uploads\/2025\/09\/10millio_PPD.png\" \/><\/td>\n<td style=\"vertical-align: middle; position: relative;\" align=\"left\" width=\"500\">\n<div class=\"company-name\">10 milli\u00f3 Fa Alap\u00edtv\u00e1ny<\/div>\n<div class=\"popup-text\">1 f\u0151 &#8211; 1 fa. Szakszer\u0171en el\u00fcltet\u00fcnk <b>10 milli\u00f3 F\u00e1t<\/b> Magyarorsz\u00e1gon \u00e9s azon is t\u00fal. C\u00e9lunk tov\u00e1bb\u00e1 el\u00e9rni \u00e9s a folyamatba bevonni legal\u00e1bb 10 milli\u00f3 embert. F\u00e1kat \u00e9s gondolatokat \u00fcltet\u00fcnk teh\u00e1t: f\u00e1kat, hogy test\u0151reink legyenek a biodiverzit\u00e1s \u00e9s kl\u00edmav\u00e1ls\u00e1g kezel\u00e9s\u00e9ben \u00e9s gondolatokat, hogy 10 milli\u00f3 fa \u00fcltet\u00e9s\u00e9n\u00e9l sokkal messzebbre jussunk.<br \/>\n2025-ben a Nemzeti Fa\u00fcltet\u00e9s Napj\u00e1n k\u00f6zel 100 helyen k\u00f6zel 100.000 F\u00e1t \u00fcltett\u00fcnk el 50 c\u00e9g, 300 szervezet \u00e9s 12.000 \u00f6nk\u00e9ntes r\u00e9szv\u00e9tel\u00e9vel. Az \u00d6rd\u00f6gkatlan fesztiv\u00e1l idej\u00e9n el\u00fcltett\u00fck a f\u00e9lmilliomodik f\u00e1nkat.<\/div>\n<\/td>\n<\/tr>\n<tr>\n<td width=\"250\"><a href=\"https:\/\/www.acius.hu\/\" target=\"_blank\" rel=\"noopener\"><br \/>\n<img decoding=\"async\" src=\"https:\/\/www.ppdexpo.hu\/wp-content\/uploads\/2025\/09\/Acius_PPD.png\" \/><br \/>\n<\/a><\/td>\n<td style=\"vertical-align: middle; position: relative;\" align=\"left\">\n<div class=\"company-name\">Acius Kereskedelmi \u00e9s Szolg\u00e1ltat\u00f3 Kft.<\/div>\n<div class=\"popup-text\">Bemutatkoz\u00f3 anyag felt\u00f6lt\u00e9s alatt&#8230;.<\/div>\n<\/td>\n<\/tr>\n<tr>\n<td width=\"250\"><a href=\"https:\/\/hu.andersen.com\/hu\/\" target=\"_blank\" rel=\"noopener\"><br \/>\n<img decoding=\"async\" src=\"https:\/\/www.ppdexpo.hu\/wp-content\/uploads\/2025\/09\/Andersen_PPD.png\" \/><br \/>\n<\/a><\/td>\n<td style=\"vertical-align: middle; position: relative;\" align=\"left\">\n<div class=\"company-name\">Andersen Ad\u00f3tan\u00e1csad\u00f3 Zrt.<\/div>\n<div class=\"popup-text\">Az <b>Andersen Magyarorsz\u00e1g<\/b> egy budapesti sz\u00e9khely\u0171 ad\u00f3tan\u00e1csad\u00f3- \u00e9s \u00fcgyv\u00e9di iroda, amelyet az Andersen Ad\u00f3tan\u00e1csad\u00f3 Zrt. \u00e9s a Szab\u00f3, Kelemen \u00e9s T\u00e1rsai Andersen \u00dcgyv\u00e9di Iroda (SZKT Andersen) alkot. \u00dcgyfeleinek sz\u00e1ma meghaladja a 800-at, a megb\u00edz\u00e1sok t\u00falnyom\u00f3 t\u00f6bbs\u00e9ge ismert nemzetk\u00f6zi c\u00e9gekt\u0151l, neves nagy \u00e9s k\u00f6zepes v\u00e1llalatokt\u00f3l \u00e9rkezik. A referenci\u00e1k k\u00f6z\u00f6tt valamennyi ipar\u00e1gb\u00f3l tal\u00e1lhat\u00f3k fontos \u00e9s meghat\u00e1roz\u00f3 szerepl\u0151k. Az International Tax Review \u00e1ltal oda\u00edt\u00e9lt \u00c9v Ad\u00f3tan\u00e1csad\u00f3ja c\u00edmet n\u00e9gyszer elnyer\u0151 Andersen Ad\u00f3tan\u00e1csad\u00f3 Zrt. az SZKT Andersen \u00dcgyv\u00e9di Irod\u00e1val egy\u00fctt az ipar\u00e1g egyik legjelent\u0151sebb k\u00e9pvisel\u0151je Magyarorsz\u00e1gon.<\/div>\n<\/td>\n<\/tr>\n<tr>\n<td><a href=\"https:\/\/english.bauer-bauer.com\/\" target=\"_blank\" rel=\"noopener\"><br \/>\n<img decoding=\"async\" src=\"https:\/\/www.ppdexpo.hu\/wp-content\/uploads\/2025\/07\/BauerBauer_PPD.png\" \/><\/a><\/td>\n<td style=\"vertical-align: middle; position: relative;\" align=\"left\">\n<div class=\"company-name\">bauer+bauer International Gmbh<\/div>\n<div class=\"popup-text\">A <b>bauer+bauer International<\/b> a lehet\u0151 legjobb \u2013 minden ig\u00e9nyt kiel\u00e9g\u00edt\u0151 \u2013 megold\u00e1sokat k\u00edn\u00e1lja az \u00fcgyfeleknek Ausztri\u00e1ban \u00e9s Magyarorsz\u00e1gon egyar\u00e1nt, imm\u00e1ron t\u00f6bb, mint 60 \u00e9ve. Legyen sz\u00f3 b\u00e1rmilyen nyomdaipari felhaszn\u00e1l\u00e1si ter\u00fcletr\u0151l, Digit\u00e1lis-, Szita-, Tampon-, vagy Offsetnyomtat\u00e1s, Mi megval\u00f3s\u00edtjuk a lehetetlent is!<\/div>\n<\/td>\n<\/tr>\n<tr>\n<td><a href=\"https:\/\/www.bdexpo.hu\/\" target=\"_blank\" rel=\"noopener\"><br \/>\n<img decoding=\"async\" src=\"https:\/\/www.ppdexpo.hu\/wp-content\/uploads\/2025\/09\/BD-EXPO_PPD.png\" \/><\/a><\/td>\n<td style=\"vertical-align: middle; position: relative;\" align=\"left\">\n<div class=\"company-name\">BD-EXPO Kft.<\/div>\n<div class=\"popup-text\">A <b>BD-EXPO Kft.<\/b> t\u00f6bb mint 25 \u00e9ve k\u00e9pviseli a k\u00fcl\u00f6nb\u00f6z\u0151 nemzetk\u00f6zi v\u00e1s\u00e1rv\u00e1llalatokat Magyarorsz\u00e1gon. Portf\u00f3li\u00f3nkban szerepl\u0151 \u00e9lvonalbeli szakmai rendezv\u00e9nyek lehet\u0151s\u00e9get ny\u00fajtanak a leg\u00fajabb ipar\u00e1gi trendek bemutat\u00e1s\u00e1ra, \u00fczleti kapcsolatok \u00e9p\u00edt\u00e9s\u00e9re \u00e9s az exportpiacok b\u0151v\u00edt\u00e9s\u00e9re. T\u00f6bb \u00e9vtizedes tapasztalatunk \u00e9s sz\u00e9lesk\u00f6r\u0171 nemzetk\u00f6zi kapcsolataink garant\u00e1lj\u00e1k, hogy a magyar c\u00e9gek a legmegfelel\u0151bb platformon tal\u00e1lkozzanak a nemzetk\u00f6zi \u00fczleti partnerekkel. Mi szervezz\u00fck t\u00f6bbek k\u00f6z\u00f6tt a d\u00fcsseldorfi drupa, interpack \u00e9s az EuroShop magyar r\u00e9szv\u00e9tel\u00e9t, valamint a brn\u00f3i EmbaxPrint ki\u00e1ll\u00edt\u00e1st is. R\u00e9szletek a www.bdexpo.hu oldalon.<\/div>\n<\/td>\n<\/tr>\n<tr>\n<td width=\"250\"><a href=\"https:\/\/www.signanddisplay.hu\/\" target=\"_blank\" rel=\"noopener\"><br \/>\n<img decoding=\"async\" src=\"https:\/\/www.ppdexpo.hu\/wp-content\/uploads\/2025\/07\/SignDisplay_PPD.png\" \/><br \/>\n<\/a><\/td>\n<td style=\"vertical-align: middle; position: relative;\" align=\"left\">\n<div class=\"company-name\">BTL News Kiad\u00f3 Kft.<\/div>\n<div class=\"popup-text\">A <b>BTL News Kiad\u00f3 Kft.<\/b> A Sign&amp;Display magazin kiad\u00f3ja. A magazin 25 \u00e9ve a vizu\u00e1lis kommunik\u00e1ci\u00f3, a signk\u00e9sz\u00edt\u00e9s, a sz\u00e9lesform\u00e1tum\u00fa nyomtat\u00e1s \u00e9s a display megold\u00e1sok egyik legmeghat\u00e1roz\u00f3bb szakmai f\u00f3ruma. Negyedsz\u00e1zados fenn\u00e1ll\u00e1sunk alatt folyamatosan alkalmazkodtunk a piac v\u00e1ltoz\u00e1saihoz, \u00e9s m\u00e1ra elismert inform\u00e1ci\u00f3forr\u00e1ss\u00e1 v\u00e1ltunk mindazok sz\u00e1m\u00e1ra, akik naprak\u00e9sz tud\u00e1st, megb\u00edzhat\u00f3 elemz\u00e9seket \u00e9s hiteles ipar\u00e1gi k\u00e9pet keresnek.<\/div>\n<\/td>\n<\/tr>\n<tr>\n<td><a href=\"https:\/\/www.canon.hu\/\" target=\"_blank\" rel=\"noopener\"><img decoding=\"async\" src=\"https:\/\/www.ppdexpo.hu\/wp-content\/uploads\/2025\/07\/Canon_PPD.png\" \/><\/a><\/td>\n<td style=\"vertical-align: middle; position: relative;\" align=\"left\">\n<div class=\"company-name highlighted-company\">Canon Hung\u00e1ria Kft.<\/div>\n<div class=\"popup-text\">A <b>Canon<\/b> Inc. jap\u00e1n multinacion\u00e1lis v\u00e1llalat, mely k\u00e9palkot\u00f3 eszk\u00f6z\u00f6k gy\u00e1rt\u00e1s\u00e1ra \u00e9s forgalmaz\u00e1s\u00e1ra specializ\u00e1l\u00f3dott, \u00e9s imm\u00e1r 88 \u00e9ves c\u00e9g. Magyarorsz\u00e1gon a 30 \u00e9ves Canon Hungaria Kft. k\u00e9pviseli. \u00d6r\u00f6mmel vesz\u00fcnk r\u00e9szt az idei PPD Expon is, ahol \u00fczleti \u00e9s kreat\u00edv el\u0151ny\u00f6ket ny\u00fajt\u00f3 megold\u00e1sokat \u00e9s a fenntarthat\u00f3, hat\u00e9kony \u00fczletet t\u00e1mogat\u00f3 nyomtat\u00f3inkat mutatjuk be. L\u00e1togat\u00f3ink megismerhetik a marketing \u00e9s \u00e9rt\u00e9kes\u00edt\u00e9s, a kult\u00fara \u00e9s oktat\u00e1s, illetve a bels\u0151\u00e9p\u00edt\u00e9szet \u00e9s dekor\u00e1ci\u00f3 ter\u00e9n alkalmazhat\u00f3 digit\u00e1lis nyomtat\u00e1si elj\u00e1r\u00e1sokat \u00e9s alapanyagokat.<\/div>\n<\/td>\n<\/tr>\n<tr>\n<td><a href=\"https:\/\/ckphungary.hu\/\" target=\"_blank\" rel=\"noopener\"><br \/>\n<img decoding=\"async\" src=\"https:\/\/www.ppdexpo.hu\/wp-content\/uploads\/2025\/09\/CKP_HUNGARY_PPD.png\" \/><\/a><\/td>\n<td style=\"vertical-align: middle; position: relative;\" align=\"left\">\n<div class=\"company-name\">CKP Hungary Kft.<\/div>\n<div class=\"popup-text\">A <b>CKP Hungary Kft.<\/b> 2016 \u00f3ta m\u0171k\u00f6dik egy\u00fctt a <b>Durable GmbH<\/b>-val, \u00e9s az\u00f3ta sz\u00e1mos megold\u00e1st k\u00edn\u00e1l a t\u00e1j\u00e9koztat\u00e1s \u00e9s inform\u00e1ci\u00f3\u00e1raml\u00e1s ter\u00fclet\u00e9n. Term\u00e9kportf\u00f3li\u00f3nkban t\u00f6bbek k\u00f6z\u00f6tt megtal\u00e1lhat\u00f3k a sz\u00e9les k\u00f6rben ismert DURAFRAME\u00ae keretek, k\u00fcl\u00f6nf\u00e9le alum\u00ednium keretek, dokumentumtart\u00f3k, padl\u00f3\u00e1llv\u00e1nyok, n\u00e9vkit\u0171z\u0151k \u00e9s tablettart\u00f3k \u2013 minden, ami hozz\u00e1j\u00e1rul a hat\u00e9kony inform\u00e1ci\u00f3kezel\u00e9shez \u00e9s az eligazod\u00e1s megk\u00f6nny\u00edt\u00e9s\u00e9hez. A CKP Hungary Kft. c\u00e9lja, hogy a felhaszn\u00e1l\u00f3k sz\u00e1m\u00e1ra el\u00e9rhet\u0151v\u00e9 tegye ezeket a praktikus \u00e9s megb\u00edzhat\u00f3 eszk\u00f6z\u00f6ket, amelyek irodai, kereskedelmi \u00e9s ipari k\u00f6rnyezetben egyar\u00e1nt professzion\u00e1lis t\u00e1mogat\u00e1st ny\u00fajtanak.<\/div>\n<\/td>\n<\/tr>\n<tr>\n<td width=\"250\"><a href=\"https:\/\/cni.hu\/\" target=\"_blank\" rel=\"noopener\"><br \/>\n<img decoding=\"async\" src=\"https:\/\/www.ppdexpo.hu\/wp-content\/uploads\/2025\/09\/CNI_PPD.png\" \/><br \/>\n<\/a><\/td>\n<td style=\"vertical-align: middle; position: relative;\" align=\"left\">\n<div class=\"company-name\">CNI Kft.<\/div>\n<div class=\"popup-text\">A t\u00f6bb mint k\u00e9t \u00e9vtizedes m\u00falttal rendelkez\u0151, tisza\u00fajv\u00e1rosi sz\u00e9khely\u0171 <b>CNI Kft.<\/b> a nyomda- \u00e9s csomagol\u00f3ipari alapanyagok, f\u00f3li\u00e1k, h\u00edg\u00edt\u00f3k \u00e9s fest\u00e9kek gy\u00e1rt\u00e1s\u00e1ban, forgalmaz\u00e1s\u00e1ban, valamint flexonyomtat\u00e1si megold\u00e1sokban k\u00edn\u00e1l teljes k\u00f6r\u0171 szolg\u00e1ltat\u00e1st. Az elm\u00falt \u00e9vek fejleszt\u00e9seinek k\u00f6sz\u00f6nhet\u0151en a v\u00e1llalat egy \u00faj, 1500 m\u00b2-es \u00fczemcsarnokot hozott l\u00e9tre, ahol modern g\u00e9pekkel kezdte meg az \u00f6ntapad\u00f3s anyagok gy\u00e1rt\u00e1s\u00e1t, napi t\u00f6bb sz\u00e1zezer n\u00e9gyzetm\u00e9teres kapacit\u00e1ssal. Ezzel a CNI Kft. tov\u00e1bb er\u0151s\u00edtette piaci poz\u00edci\u00f3j\u00e1t belf\u00f6ld\u00f6n \u00e9s nemzetk\u00f6zileg egyar\u00e1nt.<\/div>\n<\/td>\n<\/tr>\n<tr>\n<td width=\"250\"><a href=\"https:\/\/codex.hu\/\" target=\"_blank\" rel=\"noopener\"><br \/>\n<img decoding=\"async\" src=\"https:\/\/www.ppdexpo.hu\/wp-content\/uploads\/2025\/07\/Codex_PPD.png\" \/><br \/>\n<\/a><\/td>\n<td style=\"vertical-align: middle; position: relative;\" align=\"left\">\n<div class=\"company-name\">CODEX \u00c9rt\u00e9kpap\u00edrnyomda Zrt.<\/div>\n<div class=\"popup-text\">A <b>CODEX Zrt.<\/b> 37 \u00e9ve meghat\u00e1roz\u00f3 szerepl\u0151je a magyar nyomdaiparnak. Tev\u00e9kenys\u00e9ge \u00e9rt\u00e9kpap\u00edr \u00e9s egy\u00e9b m\u00e1s hamis\u00edt\u00e1s ellen v\u00e9dett term\u00e9kek \u00edves gy\u00e1rt\u00e1s\u00e1val indult. A folyamatosan fejleszt\u00e9seinknek k\u00f6sz\u00f6nhet\u0151en a kor\u00e1bbi term\u00e9kprofil kieg\u00e9sz\u00fclt a megrendel\u0151i egyedi ig\u00e9nyek szerint, ak\u00e1r k\u00fcl\u00f6nb\u00f6z\u0151 brand protection megold\u00e1ssal kieg\u00e9sz\u00fclt a k\u00f6l\u00f6nb\u00f6z\u0151 egy \u00e9s t\u00f6bbr\u00e9teg\u0171 multilayer \u00e9s booklet c\u00edmk\u00e9k tekercses gy\u00e1rt\u00e1s\u00e1val. A c\u00e9g siker\u00e9t bizony\u00edtja a sz\u00e1mtalan rangos hazai \u00e9s nemzetk\u00f6zi d\u00edj, amelyek sz\u00e1ma \u00e9vr\u0151l \u00e9vre folyamatosan emelkedik.<br \/>\nBevezett\u00fck az ISO 9001 min\u0151s\u00e9gir\u00e1ny\u00edt\u00e1si, ISO 14001 k\u00f6rnyezetir\u00e1ny\u00edt\u00e1si \u00e9s ISO\/IEC 27001-es inform\u00e1ci\u00f3biztons\u00e1gi ir\u00e1ny\u00edt\u00e1si rendszereket, valamint 2024-ben a GFSI megfelel\u0151s\u00e9g szerint az FSSC 22000-es term\u00e9k- \u00e9s \u00e9lelmiszerbiztons\u00e1gi ir\u00e1ny\u00edt\u00e1si rendszert is.<\/div>\n<\/td>\n<\/tr>\n<tr>\n<td width=\"250\"><a href=\"https:\/\/www.colornyomda.hu\/\" target=\"_blank\" rel=\"noopener\"><br \/>\n<img decoding=\"async\" src=\"https:\/\/www.ppdexpo.hu\/wp-content\/uploads\/2025\/09\/COLOR-NYOMDA_PPD.png\" \/><br \/>\n<\/a><\/td>\n<td style=\"vertical-align: middle; position: relative;\" align=\"left\">\n<div class=\"company-name\">Color Nyomda Kft.<\/div>\n<div class=\"popup-text\">\n<p>T\u00e1rsul\u00e1sunk az \u00f6sszes nyomdai szolg\u00e1ltat\u00e1s\u00e1t biztos\u00edtja, minden megrendel\u0151je sz\u00e1m\u00e1ra. F\u0151 feladatunk, hogy az \u00d6n elk\u00e9pzel\u00e9seit megval\u00f3s\u00edtsuk, pap\u00edrra vess\u00fck.<\/p>\n<p>Jelmondatunk: <b>\u201cMin\u0151s\u00e9gi nyomtat\u00e1s r\u00f6vid hat\u00e1rid\u0151n bel\u00fcl.\u201d<\/b> Sz\u00ednes \u00e9s nem sz\u00ednes anyagokat is sz\u00e9les v\u00e1laszt\u00e9kban k\u00e9sz\u00edt\u00fcnk, \u00e9s megrendel\u0151ink \u00e1r\u00e9rz\u00e9kenys\u00e9g\u00e9t szem el\u0151tt tartva nagy hangs\u00falyt fektet\u00fcnk a nyomtat\u00e1si \u00e1rak optimaliz\u00e1l\u00e1s\u00e1ra.<\/p>\n<p>Legyen sz\u00f3 kis vagy nagy t\u00e9telr\u0151l, ak\u00e1r egyedi elk\u00e9pzel\u00e9sekr\u0151l, mi minden ig\u00e9nyt igyeksz\u00fcnk a legjobb min\u0151s\u00e9gben kiszolg\u00e1lni.<\/p>\n<p>Biztos lehet benne, hogy n\u00e1lunk a nyomtat\u00e1s profi megold\u00e1sokkal t\u00e1rsul.<\/p>\n<\/div>\n<\/td>\n<\/tr>\n<tr>\n<td width=\"250\"><a href=\"https:\/\/globeweb.hu\/\" target=\"_blank\" rel=\"noopener\"><br \/>\n<img decoding=\"async\" src=\"https:\/\/www.ppdexpo.hu\/wp-content\/uploads\/2025\/09\/Color_Poster_PPD.png\" \/><br \/>\n<\/a><\/td>\n<td style=\"vertical-align: middle; position: relative;\" align=\"left\">\n<div class=\"company-name\">Colorposter Kft.<\/div>\n<div class=\"popup-text\">C\u00e9g\u00fcnk, a Colorposter Kft. t\u00f6bb, mint 30 \u00e9ve meghat\u00e1roz\u00f3 szerepl\u0151je a magyar nyomdatechnikai piacnak. T\u00f6bb term\u00e9kk\u00f6r forgalmaz\u00e1s\u00e1val \u00e9s szervizel\u00e9s\u00e9vel foglalkozunk. A besz\u00e1ll\u00edt\u00f3ink olyan k\u00ednai, koreai \u00e9s amerikai k\u00f6zponttal rendelkez\u0151 nagym\u00falt\u00fa gy\u00e1rt\u00f3 c\u00e9gek, akiknek a vil\u00e1g sz\u00e1mos orsz\u00e1g\u00e1ban van m\u00e1rkak\u00e9pviselet\u00fck. Minden nyomtat\u00e1si feladatra tudunk megb\u00edzhat\u00f3an m\u0171k\u00f6d\u0151, kiv\u00e1l\u00f3 min\u0151s\u00e9get produk\u00e1l\u00f3 nyomda, illetve lamin\u00e1l\u00f3g\u00e9pet biztos\u00edtani. Min\u0151s\u00e9gi alapanyagokat is forgalmazunk, amelyek megtal\u00e1lhat\u00f3ak a web\u00e1ruh\u00e1zunkban.<\/div>\n<\/td>\n<\/tr>\n<tr>\n<td width=\"250\"><a href=\"https:\/\/www.csaosz.hu\/\" target=\"_blank\" rel=\"noopener\"><br \/>\n<img decoding=\"async\" src=\"https:\/\/www.ppdexpo.hu\/wp-content\/uploads\/2025\/09\/CSAOSZ_PPD.png\" \/><br \/>\n<\/a><\/td>\n<td style=\"vertical-align: middle; position: relative;\" align=\"left\">\n<div class=\"company-name\">Hungarian Association of Packaging and Materials Handling (CSAOSZ)<\/div>\n<div class=\"popup-text\">A <b>Hungarian Association of Packaging and Materials Handling (CSAOSZ)<\/b> a csomagol\u00e1s \u00e9s logisztika teljes ter\u00fclet\u00e9n \u2013 a gy\u00e1rt\u00e1st\u00f3l \u00e9s forgalmaz\u00e1st\u00f3l a kutat\u00e1s-fejleszt\u00e9sig \u2013 l\u00e1t el \u00e9rdekk\u00e9pviseleti, \u00e9rdekegyeztet\u0151, szolg\u00e1ltat\u00f3 \u00e9s kapcsolattart\u00f3 feladatokat. \u00d6sszehangolja tagjai szakmai fell\u00e9p\u00e9s\u00e9t, k\u00f6zrem\u0171k\u00f6dik a jogszab\u00e1lyi k\u00f6rnyezet alak\u00edt\u00e1s\u00e1ban, t\u00e1mogatja a nemzetk\u00f6zi kapcsolat\u00e9p\u00edt\u00e9st, szakmai versenyeket, k\u00e9pz\u00e9seket \u00e9s konferenci\u00e1kat szervez, valamint szakkiadv\u00e1nyokat jelentet meg.<\/div>\n<\/td>\n<\/tr>\n<tr>\n<td width=\"250\"><a href=\"https:\/\/dresspress.hu\/\" target=\"_blank\" rel=\"noopener\"><br \/>\n<img decoding=\"async\" src=\"https:\/\/www.ppdexpo.hu\/wp-content\/uploads\/2025\/10\/DEL-KON_PPD.png\" \/><br \/>\n<\/a><\/td>\n<td style=\"vertical-align: middle; position: relative;\" align=\"left\">\n<div class=\"company-name\">D\u00e9l-Kon-Tex Dress Kft. (DressPress)<\/div>\n<div class=\"popup-text\">A <b>DressPress<\/b> (vagy ahogy sokan ismernek minket: D\u00e9l-Kon-Tex Dress Kft.) 2017 \u00f3ta k\u00edn\u00e1l megold\u00e1sokat azoknak, akik nem csak teljes\u00edtm\u00e9ny\u00fckkel, hanem megjelen\u00e9s\u00fckkel is kit\u0171nn\u00e9nek a mez\u0151nyb\u0151l. Kiemelt ter\u00fclet\u00fcnk az egyedi sportruh\u00e1zat, amelyet saj\u00e1t grafikai tervek alapj\u00e1n, magas sz\u00ednvonalon k\u00e9sz\u00edt\u00fcnk el \u2013 a tervez\u00e9st\u0151l a gy\u00e1rt\u00e1sig.<br \/>\n<b>A min\u0151s\u00e9g n\u00e1lunk alap<\/b><br \/>\nF\u0151 profilunk a textil szublim\u00e1ci\u00f3, amelyet k\u00fcl\u00f6nf\u00e9le anyagokra alkalmazunk \u2013 \u00edgy foglalkozunk sportruh\u00e1zat, lak\u00e1stextilek, z\u00e1szl\u00f3k \u00e9s technikai anyagok szublim\u00e1l\u00e1s\u00e1val, szab\u00e1s\u00e1val \u00e9s varr\u00e1s\u00e1val. A sportruh\u00e1zat nyomtat\u00e1s ter\u00fclet\u00e9n egyedi technol\u00f3gi\u00e1kkal \u00e9s szak\u00e9rt\u0151 csapattal dolgozunk, hogy minden term\u00e9k a lehet\u0151 legjobb form\u00e1j\u00e1ban \u00e9rkezzen hozz\u00e1d.<br \/>\n<b>Fenntarthat\u00f3 j\u00f6v\u0151 \u2013 vel\u00fcnk<\/b><br \/>\nNemcsak a diz\u00e1jnban, de a szeml\u00e9let\u00fcnkben is el\u0151re mutatunk. C\u00e9g\u00fcnk rendelkezik OEKO-TEX\u00ae STeP min\u0151s\u00edt\u00e9ssel, \u00e9s elk\u00f6telezettek vagyunk a fenntarthat\u00f3 ruhaipar mellett. Folyamatosan k\u00eds\u00e9rletez\u00fcnk \u00fajrahasznos\u00edtott \u00e9s komposzt\u00e1lhat\u00f3 text\u00edli\u00e1kkal, mert hissz\u00fck, hogy a divat j\u00f6v\u0151je z\u00f6ld.<br \/>\nAz egyedi sportruh\u00e1zat n\u00e1lunk nem csak term\u00e9k, hanem \u00e9lm\u00e9ny. Emellett folyamatosan b\u0151v\u00edtj\u00fck k\u00edn\u00e1latunkat, hogy partnereinknek mindig friss \u00e9s innovat\u00edv megold\u00e1sokat k\u00edn\u00e1lhassunk.<\/div>\n<\/td>\n<\/tr>\n<tr>\n<td width=\"250\"><a href=\"https:\/\/www.digitmaster.hu\/fooldal\/\" target=\"_blank\" rel=\"noopener\"><br \/>\n<img decoding=\"async\" src=\"https:\/\/www.ppdexpo.hu\/wp-content\/uploads\/2025\/09\/Digitmaster_PPD.png\" \/><br \/>\n<\/a><\/td>\n<td style=\"vertical-align: middle; position: relative;\" align=\"left\">\n<div class=\"company-name\">Digitmaster Kft.<\/div>\n<div class=\"popup-text\"><b>DIGITMASTER Kft. \u2013 Szublim\u00e1ci\u00f3 \u00e9s DTF megold\u00e1sok.<\/b><br \/>\nA <b>DIGITMASTER Kft.<\/b> 2009 \u00f3ta foglalkozik szublim\u00e1ci\u00f3s nyomtat\u00e1shoz sz\u00fcks\u00e9ges berendez\u00e9sek, h\u0151pr\u00e9sek, kell\u00e9kanyagok \u00e9s alapanyagok forgalmaz\u00e1s\u00e1val. M\u00e1r indul\u00e1sunkkor c\u00e9lul t\u0171zt\u00fck ki, hogy mindent egy helyen k\u00edn\u00e1ljunk a kreat\u00edv nyomtat\u00e1ssal foglalkoz\u00f3 partnereink sz\u00e1m\u00e1ra. Az \u00e9vek sor\u00e1n term\u00e9kk\u00edn\u00e1latunk folyamatosan b\u0151v\u00fclt, \u00e9s m\u00e1ra a DTF technol\u00f3gia is kiemelt szerepet kap n\u00e1lunk. Magyarorsz\u00e1g legnagyobb szublim\u00e1ci\u00f3s term\u00e9kk\u00edn\u00e1lat\u00e1val rendelkez\u00fcnk, rakt\u00e1rk\u00e9szlet\u00fcnk nagy r\u00e9sze azonnal el\u00e9rhet\u0151, g\u00e9peink pedig telephely\u00fcnk\u00f6n megtekinthet\u0151k \u00e9s kipr\u00f3b\u00e1lhat\u00f3k. Fontos sz\u00e1munkra, hogy \u00fcgyfeleinket naprak\u00e9sz tud\u00e1ssal, gyors kiszolg\u00e1l\u00e1ssal \u00e9s szem\u00e9lyre szabott t\u00e1mogat\u00e1ssal seg\u00edts\u00fck \u2013 ak\u00e1r szem\u00e9lyesen, ak\u00e1r online.<\/div>\n<\/td>\n<\/tr>\n<tr>\n<td width=\"250\"><a href=\"https:\/\/dockland.hu\/\" target=\"_blank\" rel=\"noopener\"><br \/>\n<img decoding=\"async\" src=\"https:\/\/www.ppdexpo.hu\/wp-content\/uploads\/2025\/08\/dockland_PPD.png\" \/><br \/>\n<\/a><\/td>\n<td style=\"vertical-align: middle; position: relative;\" align=\"left\">\n<div class=\"company-name\">DockLand Technologies Kft.<\/div>\n<div class=\"popup-text\">A <b>Dockland<\/b> a Xerox high-end nyomdag\u00e9pek kiz\u00e1r\u00f3lagos\u00a0magyarorsz\u00e1gi forgalmaz\u00f3ja\u00a0\u00e9s szervizpartnere. A nyomtat\u00e1si \u00e9s digitaliz\u00e1ci\u00f3s folyamatok teljes spektrum\u00e1t lefed\u0151 szolg\u00e1ltat\u00e1saink r\u00e9v\u00e9n a legmodernebb dokumentum-el\u0151\u00e1ll\u00edt\u00f3 eszk\u00f6z\u00f6ket \u00e9s testreszabott \u00fczemeltet\u00e9si megold\u00e1sokat k\u00edn\u00e1lunk. Orsz\u00e1gos szervizh\u00e1l\u00f3zattal\u00a0\u00e9s gyors alkatr\u00e9sz-ut\u00e1np\u00f3tl\u00e1ssal\u00a0biztos\u00edtjuk a folyamatos, megb\u00edzhat\u00f3 m\u0171k\u00f6d\u00e9st. C\u00e9lunk, hogy \u00fcgyfeleink sz\u00e1m\u00e1ra hat\u00e9kony \u00e9s biztons\u00e1gos technol\u00f3giai t\u00e1mogat\u00e1st\u00a0ny\u00fajtsunk nyomdai munkafolyamataik z\u00f6kken\u0151mentes lebonyol\u00edt\u00e1s\u00e1hoz.<\/div>\n<\/td>\n<\/tr>\n<tr>\n<td width=\"250\"><a href=\"https:\/\/ragibolt.hu\/\" target=\"_blank\" rel=\"noopener\"><br \/>\n<img decoding=\"async\" src=\"https:\/\/www.ppdexpo.hu\/wp-content\/uploads\/2025\/08\/Dupro_PPD.png\" \/><br \/>\n<\/a><\/td>\n<td style=\"vertical-align: middle; position: relative;\" align=\"left\">\n<div class=\"company-name\">Dupro Kft.<\/div>\n<div class=\"popup-text\">Lassan 30 \u00e9ve vagyunk jelen a hazai nyomdaipar piac\u00e1n, \u00e9s k\u00e9pviselj\u00fck a Lohmann GmbH ragaszt\u00f3szalag div\u00edzi\u00f3j\u00e1t.<br \/>\nB\u00e1r r\u00e9gi, j\u00f3l bev\u00e1lt ragaszt\u00f3szalagjaink tov\u00e1bbra is el\u00e9rhet\u0151ek, anyav\u00e1llalatunk folyamatosan t\u00f6rekszik a nyomdaiparban is egyre ink\u00e1bb megjelen\u0151 \u00e9s elterjed\u0151 k\u00f6rnyezetbar\u00e1t megold\u00e1soknak megfelelni. Els\u0151 adal\u00e9kanyag-mentes ragaszt\u00f3szalagjaink m\u00e1r piacon vannak, \u00e9s sikerrel veszik az akad\u00e1lyokat.<br \/>\nTov\u00e1bbi k\u00e9rd\u00e9s eset\u00e9n keressenek standunkon, vagy el\u00e9rhet\u0151s\u00e9geink valamelyik\u00e9n!<\/div>\n<\/td>\n<\/tr>\n<tr>\n<td><a href=\"https:\/\/www.durable.hu\/hu_HU\/\" target=\"_blank\" rel=\"noopener\"><img decoding=\"async\" src=\"https:\/\/www.ppdexpo.hu\/wp-content\/uploads\/2025\/07\/Durable_PPD.png\" \/><\/a><\/td>\n<td style=\"vertical-align: middle; position: relative;\" align=\"left\">\n<div class=\"company-name\">Durable Hunke&amp;Jochheim GmbH<\/div>\n<div class=\"popup-text\">A <b>DURABLE GmbH <\/b> egy n\u00e9met v\u00e1llalat, amely innovat\u00edv irodai felszerel\u00e9sek \u00e9s szervez\u00e9si megold\u00e1sok gy\u00e1rt\u00e1s\u00e1ra specializ\u00e1l\u00f3dott. T\u00f6bb mint 100 \u00e9ves tapasztalattal rendelkezik, term\u00e9kei k\u00f6z\u00f6tt megtal\u00e1lhat\u00f3k irattart\u00f3k, n\u00e9vtart\u00f3k, inform\u00e1ci\u00f3s rendszerek \u00e9s digit\u00e1lis munkahelyi eszk\u00f6z\u00f6k. A c\u00e9g vil\u00e1gszerte ismert megb\u00edzhat\u00f3s\u00e1g\u00e1r\u00f3l, min\u0151s\u00e9g\u00e9r\u0151l \u00e9s fenntarthat\u00f3 gy\u00e1rt\u00e1si szeml\u00e9let\u00e9r\u0151l.<\/div>\n<\/td>\n<\/tr>\n<tr>\n<td width=\"250\"><a href=\"https:\/\/econuo.com\/\" target=\"_blank\" rel=\"noopener\"><br \/>\n<img decoding=\"async\" src=\"https:\/\/www.ppdexpo.hu\/wp-content\/uploads\/2025\/08\/Econuo_PPD.png\" \/><br \/>\n<\/a><\/td>\n<td style=\"vertical-align: middle; position: relative;\" align=\"left\">\n<div class=\"company-name\">ECONUO TECHNOLOGY CO.,LTD<\/div>\n<div class=\"popup-text\">Bemutatkoz\u00f3 anyag felt\u00f6lt\u00e9s alatt&#8230;.<\/div>\n<\/td>\n<\/tr>\n<tr>\n<td width=\"250\"><a href=\"https:\/\/ragasszunk.hu\/\" target=\"_blank\" rel=\"noopener\"><br \/>\n<img decoding=\"async\" src=\"https:\/\/www.ppdexpo.hu\/wp-content\/uploads\/2025\/08\/ENCO_PPD.png\" \/><br \/>\n<\/a><\/td>\n<td style=\"vertical-align: middle; position: relative;\" align=\"left\">\n<div class=\"company-name\">EN&#8217;CO Bt<\/div>\n<div class=\"popup-text\">Az <b>EN&#8217;CO Bt.<\/b> 2017 \u00f3ta a Baumer hhs ragaszt\u00f3- \u00e9s min\u0151s\u00e9gellen\u0151rz\u0151 rendszerek, valamint az Intercol ragaszt\u00f3anyagok kiz\u00e1r\u00f3lagos magyarorsz\u00e1gi k\u00e9pviselete. 2020-t\u00f3l az EyeC GmbH nyomatellen\u0151rz\u0151 rendszer hivatalos k\u00e9pviselet\u00e9t is ell\u00e1tjuk. C\u00e9lunk, hogy innovat\u00edv megold\u00e1sokkal, kiv\u00e1l\u00f3 min\u0151s\u00e9g\u0171 term\u00e9kekkel \u00e9s gyors, 24 \u00f3r\u00e1n bel\u00fcli szervizzel seg\u00edts\u00fck partnereink ragaszt\u00e1si \u00e9s min\u0151s\u00e9gellen\u0151rz\u00e9si folyamatainak optimaliz\u00e1l\u00e1s\u00e1t, cs\u00f6kkentve a selejtk\u00e9pz\u0151d\u00e9st \u00e9s n\u00f6velve a gy\u00e1rt\u00e1si hat\u00e9konys\u00e1got.<\/div>\n<\/td>\n<\/tr>\n<tr>\n<td width=\"250\"><a href=\"https:\/\/www.euroleasing.hu\/\" target=\"_blank\" rel=\"noopener\"><br \/>\n<img decoding=\"async\" src=\"https:\/\/www.ppdexpo.hu\/wp-content\/uploads\/2025\/08\/Euroleasing_PPD.png\" \/><br \/>\n<\/a><\/td>\n<td style=\"vertical-align: middle; position: relative;\" align=\"left\">\n<div class=\"company-name\">Euroleasing Zrt.<\/div>\n<div class=\"popup-text\">A Prosystem \u00e9s a Wallitrade standj\u00e1n mi is jelen lesz\u00fcnk. Szem\u00e9lyre szabhat\u00f3 aj\u00e1nlataink, kiemelt m\u00e1rkakapcsolataink, szak\u00e9rt\u0151 tan\u00e1csad\u00f3 koll\u00e9g\u00e1ink \u00e9s fejlett mobilalkalmaz\u00e1sunk, online kalkul\u00e1torunk mind-mind ugyanazt a c\u00e9lt szolg\u00e1lj\u00e1k: megl\u00e9v\u0151 \u00e9s \u00faj \u00fcgyfeleink hat\u00e9kony kiszolg\u00e1l\u00e1s\u00e1t, mer\u00fclj\u00f6n fel b\u00e1rmilyen finansz\u00edroz\u00e1si k\u00e9rd\u00e9s.<\/div>\n<\/td>\n<\/tr>\n<tr>\n<td width=\"250\"><a href=\"#\" target=\"_blank\" rel=\"noopener\"><br \/>\n<img decoding=\"async\" src=\"https:\/\/www.ppdexpo.hu\/wp-content\/uploads\/2025\/09\/Fixfolia_PPD.png\" \/><br \/>\n<\/a><\/td>\n<td style=\"vertical-align: middle; position: relative;\" align=\"left\">\n<div class=\"company-name\">FixFolia Wrap Station<\/div>\n<div class=\"popup-text\">Bemutatkoz\u00f3 anyag felt\u00f6lt\u00e9s alatt&#8230;.<\/div>\n<\/td>\n<\/tr>\n<tr>\n<td width=\"250\"><a href=\"https:\/\/www.display-store.hu\/\" target=\"_blank\" rel=\"noopener\"><br \/>\n<img decoding=\"async\" src=\"https:\/\/www.ppdexpo.hu\/wp-content\/uploads\/2025\/09\/Fix-Pont-Trade_PPD.png\" \/><br \/>\n<\/a><\/td>\n<td style=\"vertical-align: middle; position: relative;\" align=\"left\">\n<div class=\"company-name\">Fix pont Trade Kft.<\/div>\n<div class=\"popup-text\">Bemutatkoz\u00f3 anyag felt\u00f6lt\u00e9s alatt&#8230;.<\/div>\n<\/td>\n<\/tr>\n<tr>\n<td width=\"250\"><a href=\"#\" target=\"_blank\" rel=\"noopener\"><br \/>\n<img decoding=\"async\" src=\"https:\/\/www.ppdexpo.hu\/wp-content\/uploads\/2025\/09\/Flexo-Klaszter_PPD.png\" \/><br \/>\n<\/a><\/td>\n<td style=\"vertical-align: middle; position: relative;\" align=\"left\">\n<div class=\"company-name\">Flexo klaszter<\/div>\n<div class=\"popup-text\">A klasztert \u00f6t magyarorsz\u00e1gi tulajdon\u00fa v\u00e1llalkoz\u00e1s alkotja.<br \/>\nTagjai:<br \/>\n&#8211; <b>Kaj\u00e1ri \u00e9s Fia Kft.<\/b><br \/>\n&#8211; <b>FLEXO-2000 Kft.<\/b><br \/>\n&#8211; <b>Krajc\u00e1r Kft.<\/b><br \/>\n&#8211; <b>Varga-Flexo Kft.<\/b><br \/>\n&#8211; <b>Viner-Pack Kft.<\/b><br \/>\nK\u00fcldet\u00e9s\u00fck, hogy teljes k\u00f6r\u0171 pap\u00edr \u00e9s m\u0171anyag alap\u00fa csomagol\u00e1stechnikai megold\u00e1sokat ny\u00fajtsanak.<\/div>\n<\/td>\n<\/tr>\n<tr>\n<td width=\"250\"><a href=\"http:\/\/www.flexo2000.hu\/\" target=\"_blank\" rel=\"noopener\"><br \/>\n<img decoding=\"async\" src=\"https:\/\/www.ppdexpo.hu\/wp-content\/uploads\/2025\/08\/Flexo2000_PPD.png\" \/><br \/>\n<\/a><\/td>\n<td style=\"vertical-align: middle; position: relative;\" align=\"left\">\n<div class=\"company-name\">FLEXO-2000 Kft.<\/div>\n<div class=\"popup-text\">A <b>FLEXO-2000 Kft.<\/b> f\u0151 tev\u00e9kenys\u00e9gi k\u00f6re pap\u00edralap\u00fa csomagol\u00f3anyagok nyomtat\u00e1sa flexoelj\u00e1r\u00e1ssal, red\u0151stalpas pap\u00edrtasakok gy\u00e1rt\u00e1sa, ill. 4-5 gr-os k\u00e1v\u00e9cukor kiszerel\u00e9se. V\u00e1llalkoz\u00e1sunk t\u00f6bb \u00e9vtizedes tapasztalattal b\u00edr a csomagol\u00e1stechnika \u00e9s a flexonyomtat\u00e1s ter\u00fclet\u00e9n. Partnereink ig\u00e9nyeinek min\u00e9l magasabb sz\u00ednvonalon pr\u00f3b\u00e1lunk megfelelni. Term\u00e9keink min\u0151s\u00e9g\u00e9t a DIN EN ISO 9001:2015 szabv\u00e1ny \u00e9s a HACCP rendszerek alkalmaz\u00e1sa garant\u00e1lja. Ezen fel\u00fcl rendelkez\u00fcnk FSC tan\u00fas\u00edtv\u00e1nnyal is. C\u00e9g\u00fcnk alap\u00edt\u00f3 tagja a Flexo Innov\u00e1ci\u00f3s Klaszternek \u00e9s jogi tagja a CSAOSZ-nak, a Pap\u00edr-\u00e9s Nyomdaipari M\u0171szaki Egyes\u00fcletnek.<\/div>\n<\/td>\n<\/tr>\n<tr>\n<td width=\"250\"><a href=\"https:\/\/www.flexoline.hu\/\" target=\"_blank\" rel=\"noopener\"><br \/>\n<img decoding=\"async\" src=\"https:\/\/www.ppdexpo.hu\/wp-content\/uploads\/2025\/09\/Flexo-Line_PPD.png\" \/><br \/>\n<\/a><\/td>\n<td style=\"vertical-align: middle; position: relative;\" align=\"left\">\n<div class=\"company-name\">Flexo-Line 2001 Kft.<\/div>\n<div class=\"popup-text\">C\u00e9g\u00fcnk 1996-t\u00f3l k\u00e9sz\u00edt csomagol\u00f3anyag-gy\u00e1rt\u00f3k r\u00e9sz\u00e9re fotopolimer flex\u00f3, illetve magasnyom\u00f3 klis\u00e9ket, tetsz\u0151leges lemezvastags\u00e1gban (1,14\u20136,0 mm-ig), 1270 \u00d7 2030 mm-es m\u00e9retig, XSYS, DuPont alapanyagokra.<br \/>\n\u2022 Grafikai tervez\u00e9s \u00e9s nyomdai el\u0151k\u00e9sz\u00edt\u00e9s<br \/>\n\u2022 Digit\u00e1lis \u00e9s anal\u00f3g fotopolimer klis\u00e9 k\u00e9sz\u00edt\u00e9se (1270 \u00d7 2030 mm-ig)<br \/>\n\u2022 HD Flexo technol\u00f3gia 4000 dpi felbont\u00e1ssal<br \/>\n\u2022 Hull\u00e1mlemez-feldolgoz\u00f3k r\u00e9sz\u00e9re nyom\u00f3k\u00f6penyek k\u00e9sz\u00edt\u00e9se (1900 \u00d7 3000 mm-ig)<br \/>\n\u2022 Lakkoz\u00f3 lemezek formalakkoz\u00e1shoz (ofszetg\u00e9pekre)<br \/>\n\u2022 Magasnyom\u00f3 \u00e9s tamponklis\u00e9k k\u00e9sz\u00edt\u00e9se<br \/>\n\u2022 Klis\u00e9- \u00e9s flex\u00f3nyomtat\u00e1si tesztek sz\u00e1m\u00edt\u00f3g\u00e9pes \u00e9s m\u00e9r\u00e9stechnikai \u00e9rt\u00e9kel\u00e9se<br \/>\n\u2022 Flex\u00f3 nyom\u00f3g\u00e9pek \u00e9s klis\u00e9kidolgoz\u00f3 berendez\u00e9sek \u00fczembe helyez\u00e9se<\/div>\n<\/td>\n<\/tr>\n<tr>\n<td width=\"250\"><a href=\"https:\/\/fortuna-digital.com\/\" target=\"_blank\" rel=\"noopener\"><br \/>\n<img decoding=\"async\" src=\"https:\/\/www.ppdexpo.hu\/wp-content\/uploads\/2025\/08\/Fortuna-Digital_PPD.png\" \/><br \/>\n<\/a><\/td>\n<td style=\"vertical-align: middle; position: relative;\" align=\"left\">\n<div class=\"company-name\">Fortuna Digital Kft.<\/div>\n<div class=\"popup-text\">A <b>Fortuna Digital Csoport<\/b> a digit\u00e1lis nyomtat\u00e1s vil\u00e1g\u00e1ban m\u00e1r t\u00f6bb mint 30 \u00e9ve van jelen. 1990 \u00f3ta azon dolgozunk, hogy \u00fcgyfeleinknek a legjobb megold\u00e1sokat k\u00edn\u00e1ljuk olyan neves m\u00e1rk\u00e1k term\u00e9keivel, mint a Hewlett-Packard, Avery Dennison, Summa, Agfa, Kongsberg, DGI\/D.Gen, Felix Gluer, Berger Textiles, Arlon vagy a Fotoba. Nemcsak eszk\u00f6z\u00f6ket k\u00edn\u00e1lunk, hanem teljes k\u00f6r\u0171 t\u00e1mogat\u00e1st is: szervizt, karbantart\u00e1st, szoftveres seg\u00edts\u00e9get \u00e9s tan\u00e1csad\u00e1st, hogy partnereink mindig a legt\u00f6bbet hozhass\u00e1k ki beruh\u00e1z\u00e1saikb\u00f3l. Irod\u00e1ink t\u00f6bb orsz\u00e1gban is megtal\u00e1lhat\u00f3k, Horv\u00e1torsz\u00e1gban (Z\u00e1gr\u00e1b, Split), Ausztri\u00e1ban, Magyarorsz\u00e1gon, Szlov\u00e9ni\u00e1ban, Szerbi\u00e1ban \u00e9s Bosznia-Hercegovin\u00e1ban, \u00edgy mindig k\u00f6zel vagyunk \u00fcgyfeleinkhez, gyorsan tudunk reag\u00e1lni, \u00e9s szem\u00e9lyre szabott megold\u00e1sokat k\u00edn\u00e1lunk. \u201eBe Green. Be Cool.\u201d programunkkal pedig a fenntarthat\u00f3, k\u00f6rnyezetbar\u00e1t megold\u00e1sokat is akt\u00edvan n\u00e9pszer\u0171s\u00edtj\u00fck.<\/div>\n<\/td>\n<\/tr>\n<tr>\n<td><a href=\"https:\/\/www.paperfox.hu\/\" target=\"_blank\" rel=\"noopener\"><br \/>\n<img decoding=\"async\" src=\"https:\/\/www.ppdexpo.hu\/wp-content\/uploads\/2025\/07\/Paperfox_PPD.png\" \/><br \/>\n<\/a><\/td>\n<td style=\"vertical-align: middle; position: relative;\" align=\"left\">\n<div class=\"company-name\">F\u00fcrcht Zolt\u00e1n ev. \u2013 PAPERFOX<\/div>\n<div class=\"popup-text\">T\u00f6bb mint 30 \u00e9vnyi g\u00e9pgy\u00e1rt\u00e1si \u00e9s tervez\u00e9si tapasztalat<br \/>\nT\u00f6bb mint 50 szakv\u00e1s\u00e1ron val\u00f3 r\u00e9szv\u00e9tel<br \/>\nT\u00f6bb mint 300 egyedi k\u00e9sz\u00fcl\u00e9k kifejleszt\u00e9se<br \/>\nT\u00f6bb mint 6 000 \u00fcgyf\u00e9l a vil\u00e1g t\u00f6bb mint 50 orsz\u00e1g\u00e1b\u00f3l<br \/>\nT\u00f6bb mint 10 000 legy\u00e1rtott pap\u00edrfeldolgoz\u00f3 g\u00e9p<br \/>\n&#8211; \u00e9s mindezt egy kis magyar v\u00e1llalkoz\u00e1s \u00e9rte el, saj\u00e1t erej\u00e9b\u0151l. Legels\u0151 sikeres sorozatgy\u00e1rt\u00e1sban gy\u00e1rtott g\u00e9p\u00fcnk az R-760 ritzel\u0151g\u00e9p, amelyet az\u00f3ta is gy\u00e1rtunk.<br \/>\nFolyamatosan n\u00e9pszer\u0171ek a k\u00e9zi stancpr\u00e9seink \u00e9s a hengerstanc g\u00e9peink. Jelenleg az FTD-1 ragaszt\u00f3szalag applik\u00e1tor a legsikeresebb alkot\u00e1sunk. Saj\u00e1t term\u00e9keink mellett forgalmazzuk a Cyklos biegel\u0151 \u00e9s hajtogat\u00f3g\u00e9peit, a Warrior spir\u00e1loz\u00f3g\u00e9peit \u00e9s a JBI f\u00e9mikerspir\u00e1ljait is.<\/div>\n<\/td>\n<\/tr>\n<tr>\n<td width=\"250\"><a href=\"https:\/\/www.ecofoil.hu\/\" target=\"_blank\" rel=\"noopener\"><br \/>\n<img decoding=\"async\" src=\"https:\/\/www.ppdexpo.hu\/wp-content\/uploads\/2025\/09\/Golden-Pack_PPD.png\" \/><br \/>\n<\/a><\/td>\n<td style=\"vertical-align: middle; position: relative;\" align=\"left\">\n<div class=\"company-name\">Golden-Pack Hungary Zrt.<\/div>\n<div class=\"popup-text\">L\u00e1tva a jelen probl\u00e9m\u00e1it \u00e9s tudva, hogy a j\u00f6v\u0151t mi alak\u00edtjuk, 2020-ban megalkottuk az <b>EcoFoil\u00ae<\/b> k\u00f6rnyezetbar\u00e1t, \u00e9s k\u00f6lts\u00e9ghat\u00e9kony ipari stretch f\u00f3li\u00e1t. Az EcoFoil\u00ae stretch f\u00f3lia seg\u00edts\u00e9g\u00e9vel \u00e9vente t\u00f6bb mint 500 tonna hullad\u00e9kkal kevesebb ker\u00fcl a k\u00f6rnyezetbe. (ez t\u00f6bb, mint 10 teljesen megt\u00f6lt\u00f6tt kamion!) Mi teszi az EcoFoil\u00ae stretch f\u00f3li\u00e1t k\u00f6rnyezetbar\u00e1tt\u00e1? v\u00e1lasz: ez a f\u00f3lia egy vadonat\u00faj fejleszt\u00e9s, amely n\u00e9met technol\u00f3gi\u00e1n alapul, gy\u00e1rt\u00e1s technol\u00f3gi\u00e1j\u00e1ban \u00e9s anyag\u00f6sszet\u00e9tel\u00e9ben van az \u00fajdons\u00e1g. Ez a stretch f\u00f3lia egy nagyon v\u00e9kony (kevesebb, mint a fele a hagyom\u00e1nyos f\u00f3li\u00e1nak), m\u00e9gis rendk\u00edv\u00fcl er\u0151s f\u00f3lia, az 5 r\u00e9teg\u0171 gy\u00e1rt\u00e1si technol\u00f3gi\u00e1nak k\u00f6sz\u00f6nhet\u0151en.<\/div>\n<\/td>\n<\/tr>\n<tr>\n<td width=\"250\"><a href=\"https:\/\/www.grimex.hu\/\" target=\"_blank\" rel=\"noopener\"><br \/>\n<img decoding=\"async\" src=\"https:\/\/www.ppdexpo.hu\/wp-content\/uploads\/2025\/09\/Grimex_PPD.png\" \/><br \/>\n<\/a><\/td>\n<td style=\"vertical-align: middle; position: relative;\" align=\"left\">\n<div class=\"company-name\">GRIMEX Kft.<\/div>\n<div class=\"popup-text\">A <b>Grimex Magyarorsz\u00e1g Kft.<\/b>-n\u00e9l soha nem \u201eeladunk\u201d, hanem k\u00f6z\u00f6sen alak\u00edtjuk ki a piacver\u0151 technol\u00f3gi\u00e1kat nyomd\u00e1k \u00e9s csomagol\u00f3anyag-gy\u00e1rt\u00f3k sz\u00e1m\u00e1ra. C\u00e9lunk, hogy ne csup\u00e1n g\u00e9pet v\u00e1s\u00e1roljon, hanem olyan szem\u00e9lyre szabott rendszert kapjon, mellyel megel\u0151zhet\u0151 a profit elfoly\u00e1sa. Legyen sz\u00f3 keskeny p\u00e1ly\u00e1s c\u00edmkegy\u00e1rt\u00e1sr\u00f3l, k\u00f6t\u00e9szetr\u0151l vagy kartonfeldolgoz\u00e1sr\u00f3l, ambici\u00f3zus partnereinkkel egy\u00fctt \u00e9p\u00edtj\u00fck fel azt a h\u00e1tteret, amely a hat\u00e9kony termel\u00e9shez \u00e9s biztos n\u00f6veked\u00e9shez sz\u00fcks\u00e9ges.<\/div>\n<\/td>\n<\/tr>\n<tr>\n<td width=\"250\"><a href=\"https:\/\/www.heidelberg.com\/hu\/hu\/about_us\/contact\/contact.jsp\" target=\"_blank\" rel=\"noopener\"><br \/>\n<img decoding=\"async\" src=\"https:\/\/www.ppdexpo.hu\/wp-content\/uploads\/2025\/07\/Heidelberg_PPD.png\" \/><br \/>\n<\/a><\/td>\n<td style=\"vertical-align: middle; position: relative;\" align=\"left\">\n<div class=\"company-name\">Heidelberg Hungary Kft.<\/div>\n<div class=\"popup-text\">A <b>HEIDELBERG 175<\/b> \u00e9ve az innov\u00e1ci\u00f3, min\u0151s\u00e9g \u00e9s megb\u00edzhat\u00f3s\u00e1g szinonim\u00e1ja a g\u00e9pgy\u00e1rt\u00e1sban. Vezet\u0151 technol\u00f3giai v\u00e1llalatk\u00e9nt a csomagol\u00e1s- \u00e9s digit\u00e1lis nyomtat\u00e1sra, szoftverekre, szervizre \u00e9s fogy\u00f3eszk\u00f6z\u00f6kre f\u00f3kusz\u00e1lunk. 170 orsz\u00e1gban, 9500 munkat\u00e1rssal \u00e9s glob\u00e1lis szervizh\u00e1l\u00f3zattal dolgozunk. Intelligens, integr\u00e1lt megold\u00e1saink egyszer\u0171s\u00edtik a folyamatokat, n\u00f6velik a hat\u00e9konys\u00e1got \u2013 a robotika, automatiz\u00e1l\u00e1s \u00e9s z\u00f6ld technol\u00f3gi\u00e1k r\u00e9v\u00e9n.<\/div>\n<\/td>\n<\/tr>\n<tr>\n<td width=\"250\"><a href=\"https:\/\/hessetrade.com\/\" target=\"_blank\" rel=\"noopener\"><br \/>\n<img decoding=\"async\" src=\"https:\/\/www.ppdexpo.hu\/wp-content\/uploads\/2025\/07\/Hesse_PPD.png\" \/><br \/>\n<\/a><\/td>\n<td style=\"vertical-align: middle; position: relative;\" align=\"left\">\n<div class=\"company-name highlighted-company\">Hesse Trade Kft.<\/div>\n<div class=\"popup-text\">A <b>Hesse Trade Kft.<\/b>, 2013 nyar\u00e1n alap\u00edtott magyar c\u00e9g, m\u00e1ra 24\u201328 f\u0151s csapattal m\u0171k\u00f6d\u0151, sz\u00e9lesk\u00f6r\u0171 megold\u00e1sokat k\u00edn\u00e1l\u00f3 c\u00e9gcsoport (HesseRobot, HessePack, Goodwill Kft.). F\u0151 tev\u00e9kenys\u00e9gi k\u00f6re a nyomda- \u00e9s csomagol\u00f3ipari g\u00e9pek, berendez\u00e9sek, seg\u00e9danyagok \u00e9s szoftveres innov\u00e1ci\u00f3k, k\u00f6rnyezettudatos alternat\u00edv\u00e1k (pl. vegyszer- \u00e9s v\u00edzmentes nyom\u00f3lemez-megold\u00e1sok) terjeszt\u00e9se. F\u0151 partnerei k\u00f6z\u00f6tt szerepel a Durst, Komori, Grafotronic, Miraclon, Baldwin, Shanghai UPG, Weigang \u00e9s m\u00e1s technol\u00f3giai fejleszt\u0151 c\u00e9gek.\u00a0A vil\u00e1g sz\u00e1mos orsz\u00e1g\u00e1b\u00f3l \u00e9s egyre t\u00f6bb orsz\u00e1g\u00e1ba sz\u00e1ll\u00edtunk berendez\u00e9seket, ahol teljes k\u00f6r\u0171 szerv\u00edz h\u00e1tteret ny\u00fajtunk. \u00c9vente jellemz\u0151en legal\u00e1bb 100 k\u00fcl\u00f6nb\u00f6z\u0151 berendez\u00e9st telep\u00edt\u00fcnk. A Hesse Robot, a c\u00e9g robotiz\u00e1ci\u00f3s \u00fczlet\u00e1ga, az automatiz\u00e1l\u00e1s \u00e9s kollaborat\u00edv robottechnol\u00f3gia ir\u00e1ny\u00e1ba nyit. Els\u0151sorban kev\u00e9sb\u00e9 automatiz\u00e1lt v\u00e1llalkoz\u00e1sokra f\u00f3kusz\u00e1l, hogy gyors megt\u00e9r\u00fcl\u00e9s\u0171, hat\u00e9konys\u00e1gn\u00f6vel\u0151 megold\u00e1sokat \u2014 k\u00f6zt\u00fck robotkarokat, ipari robotokat, intelligens targonc\u00e1kat \u00e9s takar\u00edt\u00f3robotokat (Dobot, Seer, Turin, HesseBot) \u2014 k\u00edn\u00e1ljon.<\/div>\n<\/td>\n<\/tr>\n<tr>\n<td width=\"250\"><a href=\"https:\/\/transpack.hu\/\" target=\"_blank\" rel=\"noopener\"><br \/>\n<img decoding=\"async\" src=\"https:\/\/www.ppdexpo.hu\/wp-content\/uploads\/2025\/07\/Transpack_PPD.png\" \/><br \/>\n<\/a><\/td>\n<td style=\"vertical-align: middle; position: relative;\" align=\"left\">\n<div class=\"company-name\">Horizont M\u00e9dia Kft. &#8211; Transpack<\/div>\n<div class=\"popup-text\">A <b>Transpack magazin <\/b> Magyarorsz\u00e1g egyed\u00fcl\u00e1ll\u00f3 szakmai kiadv\u00e1nya, amely a csomagol\u00e1stechnika, logisztika, anyagmozgat\u00e1s \u00e9s k\u00f6rnyezetv\u00e9delem t\u00e9m\u00e1it \u00e1tfog\u00f3an bemutatja. C\u00e9lunk, hogy naprak\u00e9sz h\u00edrekkel, innov\u00e1ci\u00f3kkal \u00e9s piaci trendekkel t\u00e1mogassuk az ipar\u00e1g szerepl\u0151it, seg\u00edtve \u0151ket a hat\u00e9kony \u00e9s fenntarthat\u00f3 megold\u00e1sok alkalmaz\u00e1s\u00e1ban.<br \/>\nNyomtatott kiadv\u00e1nyunk mellett online fel\u00fclet\u00fcnk\u00f6n (www.transpack.hu) is folyamatosan friss tartalmakat k\u00edn\u00e1lunk a szakmai k\u00f6z\u00f6ns\u00e9g sz\u00e1m\u00e1ra.<br \/>\nKiad\u00f3: <b>Horizont M\u00e9dia Kft.<\/b><br \/>\n6400 Kiskunhalas, Katona J\u00f3zsef utca 6.<br \/>\nweb: www.transpack.hu<br \/>\ne-mail: info@horizontmedia.hu<br \/>\nTel.: +36 77 529 593<\/div>\n<\/td>\n<\/tr>\n<tr>\n<td width=\"250\"><a href=\"https:\/\/www.sztatikusfolia.hu\/\" target=\"_blank\" rel=\"noopener\"><br \/>\n<img decoding=\"async\" src=\"https:\/\/www.ppdexpo.hu\/wp-content\/uploads\/2025\/09\/Interextra_PPD.png\" \/><br \/>\n<\/a><\/td>\n<td style=\"vertical-align: middle; position: relative;\" align=\"left\">\n<div class=\"company-name\">Interextra Bt.<\/div>\n<div class=\"popup-text\">Bemutatkoz\u00f3 anyag felt\u00f6lt\u00e9s alatt&#8230;.<\/div>\n<\/td>\n<\/tr>\n<tr>\n<td width=\"250\"><a href=\"https:\/\/jura.hu\" target=\"_blank\" rel=\"noopener\"><br \/>\n<img decoding=\"async\" src=\"https:\/\/www.ppdexpo.hu\/wp-content\/uploads\/2025\/07\/Jura_PPD.png\" \/><br \/>\n<\/a><\/td>\n<td style=\"vertical-align: middle; position: relative;\" align=\"left\">\n<div class=\"company-name\">Jura-Trade Kft.<\/div>\n<div class=\"popup-text\">A <b>JURA-TRADE Kft.<\/b> harminc \u00e9ve m\u0171k\u00f6d\u0151, a magas biztons\u00e1gi k\u00f6vetelm\u00e9nyeket t\u00e1maszt\u00f3 grafikai ipar\u00e1gban vil\u00e1gszerte ismert m\u00e1rkan\u00e9v, mint elismert high-tech fejleszt\u0151 \u00e9s besz\u00e1ll\u00edt\u00f3. Szakter\u00fclet\u00fcnk a bankjegyek \u00e9s szem\u00e9lyi dokumentumok mellet a m\u00e1rka- \u00e9s csomagol\u00e1sv\u00e9delem, ahol egyedi nyomtat\u00e1si technol\u00f3gi\u00e1kkal, v\u00e9delmi megold\u00e1sokat k\u00edn\u00e1lunk teljes k\u00f6r\u0171 implement\u00e1ci\u00f3val a gy\u00e1rt\u00e1st\u00f3l az ellen\u0151rz\u00e9sig.<br \/>\nIntelligens QR-k\u00f3d alap\u00fa autentik\u00e1ci\u00f3s \u00e9s track &amp; trace rendszereink adatb\u00e1zis-\u00f6sszek\u00f6t\u00e9ssel, titkos\u00edtott kommunik\u00e1ci\u00f3val \u00e9s analitik\u00e1val egyszerre szolg\u00e1lj\u00e1k a hamis\u00edt\u00e1s elleni v\u00e9delmet, a fogyaszt\u00f3i hiteles\u00edt\u00e9st \u00e9s a m\u00e1rk\u00e1val val\u00f3 k\u00f6zvetlen digit\u00e1lis kapcsolatot.<\/div>\n<\/td>\n<\/tr>\n<tr>\n<td width=\"250\"><a href=\"https:\/\/kajarikft.hu\/\" target=\"_blank\" rel=\"noopener\"><br \/>\n<img decoding=\"async\" src=\"https:\/\/www.ppdexpo.hu\/wp-content\/uploads\/2025\/09\/Kajari_PPD.png\" \/><br \/>\n<\/a><\/td>\n<td style=\"vertical-align: middle; position: relative;\" align=\"left\">\n<div class=\"company-name\">Kaj\u00e1ri \u00e9s Fia Kft.<\/div>\n<div class=\"popup-text\">\n<p>A Kaj\u00e1ri \u00e9s Fia Csomagol\u00f3anyag Gy\u00e1rt\u00f3 Kft.-t 1991 okt\u00f3ber\u00e9ben hoztuk l\u00e9tre polipropil\u00e9n f\u00f3lia feldolgoz\u00e1s\u00e1ra. Tev\u00e9kenys\u00e9g\u00fcnk alapja az a felismer\u00e9s volt, hogy a polipropil\u00e9n korszer\u0171, eszt\u00e9tikus csomagol\u00f3anyag, kit\u0171n\u0151 aromaz\u00e1r\u00f3 tulajdons\u00e1gokkal.<\/p>\n<p>Ma m\u00e1r a csomagol\u00f3anyagok rekl\u00e1mhordoz\u00f3 \u00e9s figyelem felkelt\u0151 funkci\u00f3t is bet\u00f6ltenek, \u00edgy nek\u00fcnk, csomagol\u00f3anyag gy\u00e1rt\u00f3knak arra kell t\u00f6rekedn\u00fcnk, hogy megfelelj\u00fcnk ezeknek a k\u00f6vetelm\u00e9nyeknek is.<\/p>\n<p>Egyes term\u00e9kek sikeress\u00e9g\u00e9t, eladhat\u00f3s\u00e1g\u00e1t legink\u00e1bb a megjelen\u00e9se befoly\u00e1solja, ez\u00e9rt mindent megtesz\u00fcnk annak \u00e9rdek\u00e9ben, hogy a hozz\u00e1nk fordul\u00f3 c\u00e9gek megfeleljenek ezen krit\u00e9riumoknak. Hat\u00e1rozott c\u00e9lunk, hogy komplex szolg\u00e1ltat\u00e1s csomagot k\u00edn\u00e1ljunk, hozz\u00e1j\u00e1rulva ezzel megrendel\u0151ink id\u0151 \u00e9s k\u00f6lts\u00e9ghat\u00e9konys\u00e1g\u00e1nak n\u00f6veked\u00e9s\u00e9hez.<\/p>\n<p>Naponta \u00fajabb \u00e9s \u00fajabb kialak\u00edt\u00e1s\u00fa csomagol\u00f3anyagokat k\u00e9sz\u00edt\u00fcnk, seg\u00edtve ezzel \u00fcgyfeleink piacra l\u00e9p\u00e9s\u00e9t \u00e9s poz\u00edcion\u00e1l\u00e1s\u00e1t, term\u00e9keinek \u00e9rt\u00e9kes\u00edt\u00e9s\u00e9t.<\/p>\n<\/div>\n<\/td>\n<\/tr>\n<tr>\n<td width=\"250\"><a href=\"https:\/\/kemenyfem.hu\/\" target=\"_blank\" rel=\"noopener\"><br \/>\n<img decoding=\"async\" src=\"https:\/\/www.ppdexpo.hu\/wp-content\/uploads\/2025\/07\/Kemenyfem_PPD.png\" \/><br \/>\n<\/a><\/td>\n<td style=\"vertical-align: middle; position: relative;\" align=\"left\">\n<div class=\"company-name\">Kem\u00e9nyf\u00e9m Kft.<\/div>\n<div class=\"popup-text\">A <b>Kem\u00e9nyf\u00e9m Kft.<\/b> tev\u00e9kenys\u00e9gei:<br \/>\nHorizon m\u00e1rkak\u00e9pviselet;<br \/>\nHorizon k\u00f6t\u00e9szeti g\u00e9p \u00e9rt\u00e9kes\u00edt\u00e9s;<br \/>\nBe\u00fczemel\u00e9s, szerviz szolg\u00e1ltat\u00e1s, alkatr\u00e9szell\u00e1t\u00e1s;<br \/>\nEgy\u00e9b k\u00f6t\u00e9szeti g\u00e9p \u00e9rt\u00e9kes\u00edt\u00e9s:<br \/>\nSolema k\u00f6t\u00e9szeti g\u00e9psorok, SCS Automaberg feldolgoz\u00f3 rendszerek, Gerhard Busch v\u00e1g\u00f3g\u00e9p perif\u00e9ri\u00e1k<br \/>\nTelefon: <b>+36\/29\/360-135<\/b><br \/>\nweb: <b>www.kemenyfem.hu<\/b><br \/>\nE-mail: <b>kemenyfem@kemenyfem.hu<\/b><\/div>\n<\/td>\n<\/tr>\n<tr>\n<td width=\"250\"><a href=\"https:\/\/www.koenig-bauer.com\/en\/\" target=\"_blank\" rel=\"noopener\"><br \/>\n<img decoding=\"async\" src=\"https:\/\/www.ppdexpo.hu\/wp-content\/uploads\/2025\/07\/Koenig_PPD.png\" \/><br \/>\n<\/a><\/td>\n<td style=\"vertical-align: middle; position: relative;\" align=\"left\">\n<div class=\"company-name\">Koenig&amp;Bauer (Hu) Kft.<\/div>\n<div class=\"popup-text\">A <b>Koenig&amp;Bauer<\/b> le\u00e1nyv\u00e1llalatak\u00e9nt kiz\u00e1r\u00f3lagosan k\u00e9pviselj\u00fck a c\u00e9gcsoport Paper&amp;Packaging \u00fczlet\u00e1g\u00e1t, \u00e9rt\u00e9kes\u00edt\u00e9s, alkatr\u00e9szell\u00e1t\u00e1s, szerviz \u00e9s minden egy\u00e9b, a g\u00e9pek, szolg\u00e1ltat\u00e1sok m\u0171k\u00f6dtet\u00e9s\u00e9vel kapcsolatos ter\u00fcleten. A k\u00e9pviselt technol\u00f3gi\u00e1k: Rapida \u00edves ofszet nyom\u00f3g\u00e9pek, rot\u00e1ci\u00f3s \u00e9s s\u00edk\u00e1gyas stancg\u00e9pek, doboz hajtogat\u00f3-ragaszt\u00f3g\u00e9pek, magas min\u0151s\u00e9g\u0171 flexo hull\u00e1mterm\u00e9k nyomtat\u00f3 berendez\u00e9sek, a K&amp;B Durst digit\u00e1lis termel\u0151g\u00e9pek \u00e9s a myKiana digit\u00e1lis platform.<br \/>\n<b>https:\/\/www.koenig-bauer.com\/<\/b><\/div>\n<\/td>\n<\/tr>\n<tr>\n<td width=\"250\"><a href=\"https:\/\/www.konicaminolta.hu\/hu-hu\" target=\"_blank\" rel=\"noopener\"><br \/>\n<img decoding=\"async\" src=\"https:\/\/www.ppdexpo.hu\/wp-content\/uploads\/2025\/07\/Konica_PPD.png\" \/><br \/>\n<\/a><\/td>\n<td style=\"vertical-align: middle; position: relative;\" align=\"left\">\n<div class=\"company-name\">Konica Minolta Magyarorsz\u00e1g Kft.<\/div>\n<div class=\"popup-text\">Professzion\u00e1lis hardveres \u00e9s szoftveres <b>nyomdaipari megold\u00e1sokat<\/b> k\u00edn\u00e1lunk a bel\u00e9p\u0151 szint\u0171 rendszerekt\u0151l eg\u00e9szen a nagy volumen\u0171 termel\u00e9si eszk\u00f6z\u00f6kig, magasfok\u00fa automatiz\u00e1ci\u00f3s lehet\u0151s\u00e9gekkel.<br \/>\nMegold\u00e1saink k\u00f6z\u00f6tt szerepelnek tov\u00e1bb\u00e1 a l\u00e1tv\u00e1nyos <b>digit\u00e1lis fel\u00fcletnemes\u00edt\u00e9si technol\u00f3gi\u00e1k<\/b>, a <b>digit\u00e1lis tekercses c\u00edmkenyomtat\u00e1si megold\u00e1sok<\/b>, valamint az <b>UV inkjet hibrid berendez\u00e9sek<\/b>. Emellett sz\u00e9les v\u00e1laszt\u00e9kot k\u00edn\u00e1lunk kiszerel\u0151g\u00e9pekb\u0151l \u00e9s finisherekb\u0151l az optim\u00e1lis g\u00e9ppark kialak\u00edt\u00e1s\u00e1hoz.<br \/>\nOrsz\u00e1gos lefedetts\u00e9g\u0171 szervizh\u00e1l\u00f3zattal \u00e9s magasan k\u00e9pzett szerviztechnikus koll\u00e9g\u00e1kkal \u00e1llunk \u00fcgyfeleink rendelkez\u00e9s\u00e9re, valamint szak\u00e9rt\u0151 koll\u00e9g\u00e1ink \u00fczletfejleszt\u00e9si \u00e9s folyamatoptimaliz\u00e1l\u00e1si javaslatokkal seg\u00edtik a nyomdaipari v\u00e1llalkoz\u00e1sokat tov\u00e1bbi fejl\u0151d\u00e9s\u00fck biztos\u00edt\u00e1sa \u00e9rdek\u00e9ben.<br \/>\n<b>KM-1 webshop szolg\u00e1ltat\u00e1sunk<\/b> r\u00e9v\u00e9n \u00fcgyfeleink egyed\u00fcl\u00e1ll\u00f3 m\u00f3don f\u00e9rhetnek hozz\u00e1 a piacon el\u00e9rhet\u0151 egyik legk\u00fcl\u00f6nlegesebb nyomtat\u00e1si technol\u00f3gi\u00e1hoz, amely \u00faj lehet\u0151s\u00e9geket nyit a min\u0151s\u00e9gi \u00e9s hat\u00e9kony gy\u00e1rt\u00e1s ter\u00e9n.<br \/>\n<b>A PPD Expo-n kiemelt szerepet kapnak a technol\u00f3giai bemutat\u00f3k mellett innovat\u00edv szervizszolg\u00e1ltat\u00e1saink \u00e9s a KM-1 webshop szolg\u00e1ltat\u00e1sunk bemutat\u00e1sa.<\/b><\/div>\n<\/td>\n<\/tr>\n<tr>\n<td width=\"250\"><a href=\"https:\/\/krajcarpack.hu\/\" target=\"_blank\" rel=\"noopener\"><br \/>\n<img decoding=\"async\" src=\"https:\/\/www.ppdexpo.hu\/wp-content\/uploads\/2025\/09\/Krajcar_PPD.png\" \/><br \/>\n<\/a><\/td>\n<td style=\"vertical-align: middle; position: relative;\" align=\"left\">\n<div class=\"company-name\">Krajc\u00e1r Kft.<\/div>\n<div class=\"popup-text\">\n<p>A <b>Krajc\u00e1r Csomagol\u00f3ipari Kft.<\/b> t\u00f6rt\u00e9nete eg\u00e9szen a rendszerv\u00e1lt\u00e1sig ny\u00falik vissza, \u00e9s ma m\u00e1r t\u00f6bb mint 50 f\u0151s szakemberg\u00e1rd\u00e1val, saj\u00e1t nagy teljes\u00edtm\u00e9ny\u0171 g\u00e9pparkkal rendelkez\u0151 v\u00e1llalkoz\u00e1s.<\/p>\n<p>Term\u00e9keink k\u00f6z\u00f6tt a hagyom\u00e1nyos nat\u00far tasakok \u00e9s zs\u00e1kok mellett megtal\u00e1lhat\u00f3k az egyedi grafik\u00e1val k\u00e9sz\u00edtett sz\u00ednes csomagol\u00f3anyagok, f\u00f3li\u00e1k is. Egyr\u00e9teg\u0171, t\u00f6bbr\u00e9teg\u0171, valamint koex f\u00f3liaszerkezeteket is alkalmazunk, ennek k\u00f6sz\u00f6nhet\u0151en akt\u00edv csomagol\u00e1sokat, \u00edgy arom\u00e1z\u00f3, v\u00e1kuumozhat\u00f3 \u00e9s g\u00e1zz\u00e1r\u00f3 f\u00f3li\u00e1kat is el\u0151 tudunk \u00e1ll\u00edtani. Tev\u00e9kenys\u00e9g\u00fcnkben meghat\u00e1roz\u00f3 szerepet j\u00e1tszik a tasakgy\u00e1rt\u00e1s. Megrendel\u0151ink ig\u00e9nyei szerint k\u00fcl\u00f6nb\u00f6z\u0151 m\u00e9retben tudjuk elk\u00e9sz\u00edteni m\u0171anyag szerkezet\u0171 vagy pap\u00edr tasakjainkat, sim\u00edt\u00f3z\u00e1rral, talppal vagy \u00e9pp kupakkal.<\/p>\n<p>C\u00e9g\u00fcnk ISO 9001:2015 \u00e9s ISO 14001:2015 tan\u00fas\u00edtv\u00e1nnyal is rendelkezik, mely bizony\u00edtja k\u00f6rnyezettudatos elk\u00f6telezetts\u00e9g\u00fcnket.<\/p>\n<p>C\u00e9g\u00fcnk 2019.04.30 \u00f3ta rendelkezik BRC tan\u00fas\u00edtv\u00e1nnyal is.<\/p>\n<\/div>\n<\/td>\n<\/tr>\n<tr>\n<td width=\"250\"><a href=\"https:\/\/www.kvint-r.hu\/\" target=\"_blank\" rel=\"noopener\"><br \/>\n<img decoding=\"async\" src=\"https:\/\/www.ppdexpo.hu\/wp-content\/uploads\/2025\/09\/Kvint_R_PPD.png\" \/><br \/>\n<\/a><\/td>\n<td style=\"vertical-align: middle; position: relative;\" align=\"left\">\n<div class=\"company-name\">KVINT-R Irodatechnikai \u00e9s 3D Nyomtat\u00e1si Kft.<\/div>\n<div class=\"popup-text\">C\u00e9g\u00fcnk, a <b>Kvint-R Irodatechnikai \u00e9s 3D Nyomtat\u00e1si Kft.<\/b> 100%-ban magyar tulajdon\u00fa v\u00e1llalkoz\u00e1sk\u00e9nt 1991 \u00f3ta jelent\u0151s szerepl\u0151 a hazai irodatechnika \u00e9s speci\u00e1lis nyomtat\u00f3k piac\u00e1n. Az elm\u00falt t\u00f6bb mint 30 \u00e9v sor\u00e1n a piaci kih\u00edv\u00e1soknak megfelel\u0151en folyamatosan b\u0151v\u00edtett\u00fck term\u00e9k k\u00edn\u00e1latunkat, fejlesztett\u00fck szolg\u00e1ltat\u00e1sunkat, ennek az innovat\u00edv \u00fczleti filoz\u00f3fi\u00e1nak k\u00f6sz\u00f6nhet\u0151en kezdt\u00fcnk el foglalkozni 3D technol\u00f3gi\u00e1kkal \u00e9s v\u00e1ltunk napjainkra a 3D nyomtat\u00e1s \u00e9s az addit\u00edv gy\u00e1rt\u00e1stechnol\u00f3gia egyik piacvezet\u0151 c\u00e9g\u00e9v\u00e9.Ipari 3D nyomtat\u00f3kra specializ\u00e1l\u00f3dtunk, k\u00edn\u00e1latunkban megtal\u00e1lhat\u00f3k a 3D Systems, HP Jet Fusion, Sinterit, 3DGence, Evo-Tech, Builder 3D, Craftbot, Mimaki. MINGDA professzion\u00e1lis g\u00e9pei, 3D szoftverek, 3D szkennerek \u00e9s ut\u00f3kezel\u0151 egys\u00e9gek.<br \/>\nProfesszion\u00e1lis g\u00e9pparkunkkal v\u00e1llaljuk protot\u00edpusok k\u00e9sz\u00edt\u00e9s\u00e9t, kisebb sz\u00e9ri\u00e1k gy\u00e1rt\u00e1s\u00e1t, egyedi alkatr\u00e9szek p\u00f3tl\u00e1s\u00e1t, koncepci\u00f3 modellek \u00e9s design term\u00e9kek elk\u00e9sz\u00edt\u00e9s\u00e9t, tov\u00e1bb\u00e1 3D szkennel\u00e9st \u00e9s 3D visszatervez\u00e9st.<\/div>\n<\/td>\n<\/tr>\n<tr>\n<td width=\"250\"><a href=\"https:\/\/www.lamitrade.hu\/\" target=\"_blank\" rel=\"noopener\"><br \/>\n<img decoding=\"async\" src=\"https:\/\/www.ppdexpo.hu\/wp-content\/uploads\/2025\/07\/Lamitrade_PPD.png\" \/><br \/>\n<\/a><\/td>\n<td style=\"vertical-align: middle; position: relative;\" align=\"left\">\n<div class=\"company-name highlighted-company\">Lamitrade Kft.<\/div>\n<div class=\"popup-text\">A <b>LAMITRADE Nyomdaipari, Kereskedelmi \u00e9s Szolg\u00e1ltat\u00f3 Kft. <\/b> 2008-ban alakult. C\u00e9lunk, hogy a nyomdaipari k\u00f6t\u00e9szet ter\u00fclet\u00e9n az \u00e1ltalunk forgalmazott g\u00e9pek \u00e9s fogy\u00f3anyagok seg\u00edts\u00e9g\u00e9vel megoldjuk \u00e9s egyszer\u0171bb\u00e9 tegy\u00fck a digit\u00e1lis st\u00fadi\u00f3k, nyomd\u00e1k mindennapi \u00e9let\u00e9t. Koll\u00e9g\u00e1ink t\u00f6bb \u00e9ves tapasztalattal rendelkeznek a nyomdaipar ter\u00fclet\u00e9n, ez\u00e9rt szakmai tan\u00e1csokkal is sz\u00edvesen \u00e1llunk rendelkez\u00e9s\u00fckre. Szolg\u00e1ltat\u00e1sunk k\u00f6z\u00e9ppontj\u00e1ban \u00fcgyfeleink el\u00e9gedetts\u00e9ge \u00e1ll, melyet magas min\u0151s\u00e9g\u0171, sz\u00ednvonalas term\u00e9kekkel, szolg\u00e1ltat\u00e1sokkal, precizit\u00e1ssal \u00e9s megb\u00edzhat\u00f3s\u00e1ggal szeretn\u00e9nk el\u00e9rni.<br \/>\nK\u00f6t\u00e9szeti megold\u00e1sok sz\u00e1ll\u00edt\u00f3jak\u00e9nt pr\u00f3b\u00e1lunk testre szabott, egyedi megold\u00e1sokat k\u00edn\u00e1lni az \u00fcgyfeleknek, ak\u00e1r egy teljes k\u00f6r\u0171 k\u00f6t\u00e9szet kialak\u00edt\u00e1s\u00e1ra, a tervez\u00e9st\u0151l kezdve, kialak\u00edt\u00e1s \u00e9s megval\u00f3s\u00edt\u00e1son \u00e1t eg\u00e9szen az \u00fczemeltet\u00e9s, karbantart\u00e1s \u00e9s szervizig.<br \/>\nNagytarcsai telephely\u00fcnk\u00f6n \u00e1lland\u00f3an meg\u00fajul\u00f3 rakt\u00e1rk\u00e9szlettel v\u00e1rjuk kedves v\u00e1s\u00e1rl\u00f3inkat, ahol a k\u00edv\u00e1nt berendez\u00e9s kipr\u00f3b\u00e1lhat\u00f3 valamint a felmer\u00fcl\u0151 k\u00e9rd\u00e9sekre koll\u00e9g\u00e1ink szakszer\u0171 v\u00e1laszokkal igyekeznek seg\u00edteni a megfelel\u0151 term\u00e9k kiv\u00e1laszt\u00e1s\u00e1nak \u00e9rdek\u00e9ben.<\/div>\n<\/td>\n<\/tr>\n<tr>\n<td width=\"250\"><a href=\"https:\/\/ledtrio.hu\/\" target=\"_blank\" rel=\"noopener\"><br \/>\n<img decoding=\"async\" src=\"https:\/\/www.ppdexpo.hu\/wp-content\/uploads\/2025\/10\/LED-TRIO_PPD.png\" \/><br \/>\n<\/a><\/td>\n<td style=\"vertical-align: middle; position: relative;\" align=\"left\">\n<div class=\"company-name\">LEDTRIO Kft.<\/div>\n<div class=\"popup-text\">A <b>Ledtrio Kft.<\/b> egy magyar tulajdon\u00fa v\u00e1llalkoz\u00e1s, amely 2010 \u00f3ta foglalkozik professzion\u00e1lis LED falak, vizu\u00e1ltechnikai megold\u00e1sok \u00e9s komplett kivitelez\u00e9si projektek tervez\u00e9s\u00e9vel, gy\u00e1rt\u00e1s\u00e1val \u00e9s forgalmaz\u00e1s\u00e1val. Az elm\u00falt t\u00f6bb mint egy \u00e9vtizedben c\u00e9g\u00fcnk meghat\u00e1roz\u00f3 szerepl\u0151j\u00e9v\u00e9 v\u00e1lt a hazai \u00e9s nemzetk\u00f6zi LED-display piacon, ahol pr\u00e9mium min\u0151s\u00e9g\u0171, k\u00fclt\u00e9ri \u00e9s belt\u00e9ri kijelz\u0151ket, rendezv\u00e9nytechnikai megold\u00e1sokat \u00e9s egyedi vizu\u00e1lis rendszereket k\u00edn\u00e1lunk partnereink sz\u00e1m\u00e1ra.<\/div>\n<\/td>\n<\/tr>\n<tr>\n<td width=\"250\"><a href=\"https:\/\/lfpcenter.com\/\" target=\"_blank\" rel=\"noopener\"><br \/>\n<img decoding=\"async\" src=\"https:\/\/www.ppdexpo.hu\/wp-content\/uploads\/2025\/09\/LFP-Center_PPD.png\" \/><br \/>\n<\/a><\/td>\n<td style=\"vertical-align: middle; position: relative;\" align=\"left\">\n<div class=\"company-name\">LFP center Kft.<\/div>\n<div class=\"popup-text\">C\u00e9lunk, hogy term\u00e9keinkkel \u00e9s szolg\u00e1ltat\u00e1sainkkal seg\u00edts\u00fck mindazok munk\u00e1j\u00e1t, akik digit\u00e1lis nyomtat\u00e1ssal, k\u00e9palkot\u00e1ssal foglalkoznak. Rekl\u00e1mdekor\u00e1ci\u00f3s nyomtat\u00e1s, vasalhat\u00f3 vagy hagyom\u00e1nyos f\u00f3liav\u00e1g\u00e1s, ipari UV t\u00e1blanyomtat\u00e1s vagy ak\u00e1r m\u0171v\u00e9szi ig\u00e9nyess\u00e9get k\u00edv\u00e1n\u00f3 alkot\u00e1sok. Sz\u00e1munkra az els\u0151dleges, hogy a legjobb megold\u00e1st ny\u00fajtsuk sz\u00e1modra, legyen sz\u00f3 kell\u00e9kanyagr\u00f3l vagy egy komplett rendszer \u00fczembehelyez\u00e9s\u00e9r\u0151l!<\/div>\n<\/td>\n<\/tr>\n<tr>\n<td width=\"250\"><a href=\"https:\/\/luminochem.com\/\" target=\"_blank\" rel=\"noopener\"><br \/>\n<img decoding=\"async\" src=\"https:\/\/www.ppdexpo.hu\/wp-content\/uploads\/2025\/07\/Luminochem_PPD.png\" \/><br \/>\n<\/a><\/td>\n<td style=\"vertical-align: middle; position: relative;\" align=\"left\">\n<div class=\"company-name\">Luminochem Kft.<\/div>\n<div class=\"popup-text\">A <b>Luminochem Kft.<\/b> nemzetk\u00f6zileg elismert, biztons\u00e1gi alkalmaz\u00e1sokhoz fejlesztett UV fluoreszcens anyagok szak\u00e9rt\u0151je. Fejlett megold\u00e1saival t\u00e1mogatja a hamis\u00edt\u00e1s elleni v\u00e9delmet, a term\u00e9kek nyomon k\u00f6vethet\u0151s\u00e9g\u00e9t.<br \/>\nF\u0151 term\u00e9keink k\u00f6z\u00e9 tartoznak a speci\u00e1lis UV-fluoreszcens \u00e9s IR-akt\u00edv pigmentek, sz\u00ednez\u00e9kek \u00e9s diszperzi\u00f3k, valamint taggantok, amelyek hat\u00e9kony v\u00e9delmet ny\u00fajtanak dokumentumok, term\u00e9kcsomagol\u00e1sok \u00e9s m\u00e1rk\u00e1k sz\u00e1m\u00e1ra a hamis\u00edt\u00e1ssal \u00e9s manipul\u00e1ci\u00f3val szemben.<br \/>\nMegold\u00e1sainkat t\u00f6bbek k\u00f6z\u00f6tt a gy\u00f3gyszeriparban, az elektronikai szektorban \u00e9s a pr\u00e9mium fogyaszt\u00e1si cikkek piac\u00e1n alkalmazz\u00e1k, ahol a term\u00e9kintegrit\u00e1s \u00e9s a m\u00e1rkav\u00e9delem kulcsfontoss\u00e1g\u00fa. Innovat\u00edv \u00e9s megb\u00edzhat\u00f3 technol\u00f3gi\u00e1ink r\u00e9v\u00e9n partnereink sz\u00e1m\u00e1ra olyan biztons\u00e1gi r\u00e9teget biztos\u00edtunk, amely hossz\u00fa t\u00e1von garant\u00e1lja a hiteless\u00e9get \u00e9s a fogyaszt\u00f3i bizalmat.Term\u00e9keink:<br \/>\n\u2022 UV-fluoreszcens pigmentek, diszperzi\u00f3k, sz\u00ednez\u00e9kek<br \/>\n\u2022 V\u00edzold\u00e9kony fluoreszcens sz\u00ednez\u00e9kek<br \/>\n\u2022 IR-akt\u00edv pigmentek \u00e9s sz\u00ednez\u00e9kek<br \/>\n\u2022 Elektronikus detekt\u00e1l\u00f3rendszerek<\/div>\n<\/td>\n<\/tr>\n<tr>\n<td width=\"250\"><a href=\"https:\/\/hsf.hu\/\"><br \/>\n<img decoding=\"async\" src=\"https:\/\/www.ppdexpo.hu\/wp-content\/uploads\/2025\/08\/HSF_PPD.png\" \/><br \/>\n<\/a><\/td>\n<td style=\"vertical-align: middle; position: relative;\" align=\"left\">\n<div class=\"company-name\">Magyar F\u00e9nyrekl\u00e1mgy\u00e1rt\u00f3k Sz\u00f6vets\u00e9ge (HSF)<\/div>\n<div class=\"popup-text\">A <b>Magyar F\u00e9nyrekl\u00e1mgy\u00e1rt\u00f3k Sz\u00f6vets\u00e9g\u00e9t<\/b> 2015. \u00e9v janu\u00e1rj\u00e1ban a vil\u00e1g\u00edt\u00f3 rekl\u00e1mgy\u00e1rt\u00e1s hat hazai k\u00e9pvisel\u0151je alak\u00edtotta meg.<br \/>\nAz alap\u00edt\u00f3k tenni k\u00edv\u00e1nnak a vil\u00e1g\u00edt\u00f3 rekl\u00e1mokat gy\u00e1rt\u00f3 szakemberek, v\u00e1llalkoz\u00e1sok szakmai p\u00e1rbesz\u00e9d\u00e9nek kialakul\u00e1sa, az \u00f6sszefog\u00e1s \u00e9s az ipar\u00e1g sz\u00ednvonal\u00e1nak emel\u00e9se \u00e9rdek\u00e9ben.<br \/>\nSzeretn\u00e9nk el\u0151seg\u00edteni az ig\u00e9nyes kivitel\u0171, magyar gy\u00e1rt\u00e1s\u00fa rekl\u00e1mok elterjed\u00e9s\u00e9t az uni\u00f3 ter\u00fclet\u00e9n.<br \/>\nEgy olyan f\u00f3rum, ahol az \u00faj fejleszt\u00e9sekr\u0151l, technol\u00f3giai \u00fajdons\u00e1gokr\u00f3l, szakm\u00e1t \u00e9rint\u0151 h\u00edrekr\u0151l, szabv\u00e1nyokr\u00f3l, hat\u00f3s\u00e1gi elv\u00e1r\u00e1sokr\u00f3l lehet t\u00e1j\u00e9koz\u00f3dni, amely egy\u00fcttm\u0171k\u00f6d\u00e9sek, szakmai alapokon nyugv\u00f3 kapcsolatok kialak\u00edt\u00e1s\u00e1ra \u00f6szt\u00f6n\u00f6z, ahol ingyenesen tapasztalatot \u00e9s inform\u00e1ci\u00f3kat lehet cser\u00e9lni, k\u00f6z\u00f6s c\u00e9lokat, programokat lehet kijel\u00f6lni \u00e9s k\u00f6z\u00f6s er\u0151vel v\u00e9ghez vinni.<\/div>\n<\/td>\n<\/tr>\n<tr>\n<td width=\"250\"><a href=\"https:\/\/mgonline.hu\/\" target=\"_blank\" rel=\"noopener\"><br \/>\n<img decoding=\"async\" src=\"https:\/\/www.ppdexpo.hu\/wp-content\/uploads\/2025\/07\/Magyar-Grafika_PPD.png\" \/><br \/>\n<\/a><\/td>\n<td style=\"vertical-align: middle; position: relative;\" align=\"left\">\n<div class=\"company-name\">Magyar Grafika szaklap<\/div>\n<div class=\"popup-text\">A <b>Magyar Grafika<\/b> t\u00f6rt\u00e9nete \u00f6sszefon\u00f3dik \u00e9s k\u00f6lcs\u00f6nhat\u00e1sban van az egyes\u00fcleti \u00e9lettel. A Pap\u00edr- \u00e9s Nyomdaipari M\u0171szaki Egyes\u00fclet rendezv\u00e9nyei ir\u00e1nt l\u00e9nyegesen t\u00f6bben \u00e9rdekl\u0151dnek, mint ah\u00e1nyan azokon r\u00e9szt tudnak venni. A Magyar Grafika a szakma sz\u00e9les r\u00e9tegeihez juttatja el ma is a legfrissebb technikai megold\u00e1sokat, szakmai innov\u00e1ci\u00f3kat. Nemcsak elm\u00e9leti inform\u00e1ci\u00f3kat adunk, tradicion\u00e1lisan t\u00f6rekszik lapunk a le\u00edrt elj\u00e1r\u00e1sok gyakorlati bemutat\u00e1s\u00e1ra. Egyedi \u00e9s egyben igen szerencs\u00e9s form\u00e1tumunk t\u00f6bb k\u00f6t\u00e9szeti \u00fajdons\u00e1g bemutat\u00e1s\u00e1ban is mintak\u00e9nt, referenciak\u00e9nt szerepelt.<\/div>\n<\/td>\n<\/tr>\n<tr>\n<td width=\"250\"><a href=\"https:\/\/magyarpapirmuzeum.webnode.hu\/muzeum\/\" target=\"_blank\" rel=\"noopener\"><br \/>\n<img decoding=\"async\" src=\"https:\/\/www.ppdexpo.hu\/wp-content\/uploads\/2025\/09\/Magyar-Papirmuzeum_PPD.png\" \/><br \/>\n<\/a><\/td>\n<td style=\"vertical-align: middle; position: relative;\" align=\"left\">\n<div class=\"company-name\">Magyar Pap\u00edrm\u00fazeum<\/div>\n<div class=\"popup-text\">A <b>Magyar Pap\u00edrm\u00fazeum<\/b> gy\u0171jtem\u00e9nyi anyaga sokr\u00e9t\u0171, fel\u00f6leli \u00e9s bemutatja mind az egyetemes, mind a magyar pap\u00edr- \u00e9s v\u00edzjelt\u00f6rt\u00e9net minden korszak\u00e1t. A m\u00fazeumnak c\u00edme: Hamburger Hung\u00e1ria Kft. L\u00e1togat\u00f3k\u00f6zpont &#8211; Magyar Pap\u00edrm\u00fazeum H-2400 Duna\u00fajv\u00e1ros, Pap\u00edrgy\u00e1ri \u00fat 42-46.<\/div>\n<\/td>\n<\/tr>\n<tr>\n<td width=\"250\"><a href=\"https:\/\/fespa.hu\/\" target=\"_blank\" rel=\"noopener\"><br \/>\n<img decoding=\"async\" src=\"https:\/\/www.ppdexpo.hu\/wp-content\/uploads\/2025\/07\/Magyar-Szitanyomok_PPD.png\" \/><br \/>\n<\/a><\/td>\n<td style=\"vertical-align: middle; position: relative;\" align=\"left\">\n<div class=\"company-name\">Magyar Szitanyom\u00f3k Sz\u00f6vets\u00e9ge<\/div>\n<div class=\"popup-text\">\n<p>A FESPA a kreat\u00edv nyomd\u00e1szok vil\u00e1gsz\u00f6vets\u00e9ge, 1962-ben, a szitanyom\u00f3k eur\u00f3pai sz\u00f6vets\u00e9gek\u00e9nt j\u00f6tt l\u00e9tre. Nonprofit szervezetk\u00e9nt m\u0171k\u00f6dik, tagjainak sz\u00e1ma folyamatosan b\u0151v\u00fcl: jelenleg 27 eur\u00f3pai \u00e9s 10 tengeren t\u00fali orsz\u00e1g nemzeti szakmai sz\u00f6vets\u00e9ge alkotja.<\/p>\n<p>A FESPA f\u0151 profilj\u00e1t a nagy nemzetk\u00f6zi ki\u00e1ll\u00edt\u00e1sok szervez\u00e9se jelenti, az ezekb\u0151l sz\u00e1rmaz\u00f3 bev\u00e9teleit &#8211; a tagszervezetein kereszt\u00fcl \u2013 folyamatosan visszaforgatja a nyomdaiparba. A FESPA h\u00e1rom\u00e9vente rendezi meg a legnagyobb \u2013 nem hagyom\u00e1nyos nyomdaipari \u2013 szakmai vil\u00e1gki\u00e1ll\u00edt\u00e1s\u00e1t.<\/p>\n<p>A rendszerv\u00e1lt\u00e1s ut\u00e1n a FESPA els\u0151 kelet-eur\u00f3pai tagorsz\u00e1ga \u2013 a Magyar Szitanyom\u00f3k Sz\u00f6vets\u00e9g\u00e9n kereszt\u00fcl \u2013 1993-ban Magyarorsz\u00e1g lett, ebben az \u00e9vben a k\u00e9t szervezet k\u00f6z\u00f6sen rendezte meg Budapesten minden id\u0151k legsikeresebb orsz\u00e1gos szint\u0171 rendezv\u00e9ny\u00e9t, a MINI-FESPA-t.<\/p>\n<\/div>\n<\/td>\n<\/tr>\n<tr>\n<td width=\"250\"><a href=\"https:\/\/dekorszovetseg.hu\/\" target=\"_blank\" rel=\"noopener\"><br \/>\n<img decoding=\"async\" src=\"https:\/\/www.ppdexpo.hu\/wp-content\/uploads\/2025\/09\/Dekorszovetseg_PPD.png\" \/><br \/>\n<\/a><\/td>\n<td style=\"vertical-align: middle; position: relative;\" align=\"left\">\n<div class=\"company-name\">Magyarorsz\u00e1gi Dekorat\u0151r\u00f6k \u00e9s Kirakatrendez\u0151k Sz\u00f6vets\u00e9ge<\/div>\n<div class=\"popup-text\">A <b>Magyarorsz\u00e1gi Dekorat\u0151r\u00f6k \u00e9s Kirakatrendez\u0151k Sz\u00f6vets\u00e9ge<\/b>, &#8211; r\u00f6vid n\u00e9ven a Dekorsz\u00f6vets\u00e9g &#8211; a l\u00e1tv\u00e1ny \u00e9s a kreativit\u00e1s szakmai k\u00f6z\u00f6ss\u00e9ge. A sz\u00f6vets\u00e9g c\u00e9lja a vizu\u00e1lis kult\u00fara gazdag\u00edt\u00e1sa, a min\u0151s\u00e9gi kereskedelmi megjelen\u00e9s \u00e9s a hagyom\u00e1nyok meg\u0151rz\u00e9se. Tagjai versenyeket, ki\u00e1ll\u00edt\u00e1sokat \u00e9s \u00e9rt\u00e9ket teremt\u0151 szakmai egy\u00fcttm\u0171k\u00f6d\u00e9seket hoznak l\u00e9tre.<br \/>\nhttps:\/\/dekorszovetseg.hu\/<br \/>\n<b>DEKORAT\u0150R SZAKMA J\u00d6V\u0150J\u00c9\u00c9RT ALAP\u00cdTV\u00c1NY<\/b> &#8211; A DEKORAT\u0150R K\u00c9PZ\u00c9S\u00c9RT<br \/>\nAz imm\u00e1r 30 \u00e9ves Dekorat\u0151r Szakma J\u00f6v\u0151j\u00e9\u00e9rt Alap\u00edtv\u00e1ny a mindenkori dekorat\u0151rk\u00e9pz\u00e9st t\u00e1mogatja.<br \/>\nhttps:\/\/dszja.webnode.hu\/<\/div>\n<\/td>\n<\/tr>\n<tr>\n<td width=\"250\"><a href=\"https:\/\/www.manroland.com\/\" target=\"_blank\" rel=\"noopener\"><br \/>\n<img decoding=\"async\" src=\"https:\/\/www.ppdexpo.hu\/wp-content\/uploads\/2025\/09\/manroland_PPD.png\" \/><br \/>\n<\/a><\/td>\n<td style=\"vertical-align: middle; position: relative;\" align=\"left\">\n<div class=\"company-name\">Manroland Magyarorsz\u00e1g Kft.<\/div>\n<div class=\"popup-text\">\n<p>A <b>manroland Magyarorsz\u00e1g Kft.<\/b> a partnere \u00d6nnek, ha ofszet nyomdag\u00e9p vagy k\u00f6t\u00e9szeti berendez\u00e9sek, illetve nyomdai seg\u00e9danyagok ut\u00e1n \u00e9rdekl\u0151dik. G\u00e9pekhez alkatr\u00e9szeket biztos\u00edt, szervizszolg\u00e1ltat\u00e1st \u00e9s egy\u00e9b m\u0171szaki tan\u00e1csad\u00e1st ny\u00fajt. F\u0151 term\u00e9kei az \u00edves \u00e9s tekercses ofszet nyomdag\u00e9pek, k\u00f6t\u00e9szeti berendez\u00e9sek, a digit\u00e1lis rendszerek az \u00fajs\u00e1gnyomtat\u00e1s, a kereskedelmi nyomtat\u00e1s \u00e9s a csomagol\u00f3anyag-gy\u00e1rt\u00e1s sz\u00e1m\u00e1ra. A manroland Magyarorsz\u00e1g Kft. a Manroland Sheetfed GmbH, a vil\u00e1g egyik vezet\u0151 ofszet nyom\u00f3g\u00e9p gy\u00e1rt\u00f3ja magyarorsz\u00e1gi kereskedelmi k\u00e9pviselete. A Manroland Evolution neve ma a min\u0151s\u00e9g, magas fok\u00fa megb\u00edzhat\u00f3s\u00e1g, termel\u00e9kenys\u00e9g szinon\u00edm\u00e1j\u00e1v\u00e1 v\u00e1lt az ofszetnyomtat\u00e1s ter\u00fclet\u00e9n. C\u00e9g\u00fcnk k\u00e9pviseli szint\u00e9n az augsburgi sz\u00e9khely\u0171 manroland Goss web systems GmbH-t is, mely a tekercses ofszet csomagol\u00f3g\u00e9pekkel h\u00f3d\u00edt,<br \/>\na hagyom\u00e1nyos kereskedelmi nyomtat\u00e1sokra alkalmas rot\u00e1ci\u00f3s ofszet g\u00e9pek mellett.<\/p>\n<p>Bemutatjuk a <b>Stahl\/ Weilburger Graphics GmbH<\/b> mintadoboz kisb\u0151r\u00f6ndj\u00e9t, mely diszperzi\u00f3s \u00e9s UV lakkjai felhaszn\u00e1l\u00e1s\u00e1hoz ad kreat\u00edv \u00f6tleteket.<br \/>\nAz <b>Epple Druckfarben AG<\/b>, az \u00edves ofszet nyomdafest\u00e9kek piacvezet\u0151 gy\u00e1rt\u00f3ja a n\u00e9met nyelvter\u00fcleten. \u00dajdons\u00e1ga a kiterjesztett sz\u00edntartom\u00e1ny\u00fa<br \/>\nBoFood\u00ae DFC fest\u00e9k, mellyel korl\u00e1tok n\u00e9lk\u00fcl lehet nyomtatni az \u00e9lelmiszerrel k\u00f6zvetlen\u00fcl \u00e9rintkez\u0151 csomagol\u00e1sok bels\u0151 oldal\u00e1ra.<br \/>\nMonopigment\u00e1lt kever\u0151 fest\u00e9k rendszerei a Pantone sz\u00ednek legtiszt\u00e1bb reproduk\u00e1l\u00e1s\u00e1t teszik lehet\u0151v\u00e9 b\u00e1rmely nyomathordoz\u00f3n.<br \/>\nA <b>Falztec GmbH<\/b> a hajtogat\u00f3g\u00e9pek hengereinek professzion\u00e1lis fel\u00faj\u00edt\u00f3ja.<\/p>\n<\/div>\n<\/td>\n<\/tr>\n<tr>\n<td width=\"250\"><a href=\"https:\/\/mnagroup.hu\/\" target=\"_blank\" rel=\"noopener\"><br \/>\n<img decoding=\"async\" src=\"https:\/\/www.ppdexpo.hu\/wp-content\/uploads\/2025\/09\/MNA_PPD.png\" \/><br \/>\n<\/a><\/td>\n<td style=\"vertical-align: middle; position: relative;\" align=\"left\">\n<div class=\"company-name\">MNA Group Kft.<\/div>\n<div class=\"popup-text\">Az <b>MNA Group Kft.<\/b> b\u00fcszk\u00e9n mutatja be a Fujifilm leg\u00fajabb digit\u00e1lis nyomtat\u00e1si megold\u00e1sait. A Revoria 5UPER COLOUR \u00f6tsz\u00ednes rendszerek pink, ez\u00fcst \u00e9s feh\u00e9r fest\u00e9keikkel \u00faj dimenzi\u00f3kat nyitnak: eleg\u00e1ns f\u00e9mes hat\u00e1sok, s\u00f6t\u00e9t alapon ragyog\u00f3 feh\u00e9r mint\u00e1k \u00e9s \u00e9l\u00e9nk pink kiemel\u00e9sek teszik p\u00e1ratlann\u00e1 a nyomatokat. Az Acuity Triton nagyform\u00e1tum\u00fa roll-to-roll nyomtat\u00f3 a v\u00edzb\u00e1zis\u00fa AQUAFUZE technol\u00f3gi\u00e1val gyors, energiahat\u00e9kony \u00e9s k\u00f6rnyezetbar\u00e1t m\u0171k\u00f6d\u00e9st k\u00edn\u00e1l. Emellett bemutatkoznak a leg\u00fajabb Fujifilm irodai g\u00e9pek is, amelyek megb\u00edzhat\u00f3s\u00e1gukkal \u00e9s korszer\u0171 funkci\u00f3ikkal t\u00e1mogatj\u00e1k a mindennapi \u00fczleti ig\u00e9nyeket.<\/div>\n<\/td>\n<\/tr>\n<tr>\n<td width=\"250\"><a href=\"https:\/\/multisign.hu\/\" target=\"_blank\" rel=\"noopener\"><br \/>\n<img decoding=\"async\" src=\"https:\/\/www.ppdexpo.hu\/wp-content\/uploads\/2025\/07\/Multisign_PPD.png\" \/><br \/>\n<\/a><\/td>\n<td style=\"vertical-align: middle; position: relative;\" align=\"left\">\n<div class=\"company-name highlighted-company\">Multisign Hungary Kft.<\/div>\n<div class=\"popup-text\">A <b>Multisign<\/b> t\u00f6bb mint 15 \u00e9ves tapasztalattal, kiemelked\u0151 \u00fcgyf\u00e9lt\u00e1mogat\u00e1ssal \u00e9s nagy rakt\u00e1rk\u00e9szlettel k\u00edn\u00e1l teljes k\u00f6r\u0171 megold\u00e1sokat a nyomtat\u00e1s, dekor\u00e1ci\u00f3 \u00e9s kreat\u00edv ipar sz\u00e1m\u00e1ra K\u00f6z\u00e9p- \u00e9s Kelet-Eur\u00f3p\u00e1ban. Sz\u00e9les term\u00e9kk\u00edn\u00e1latunkban a nagyform\u00e1tum\u00fa nyomtat\u00f3k, pr\u00e9mium f\u00f3li\u00e1k \u00e9s kreat\u00edv g\u00e9pek egyar\u00e1nt megtal\u00e1lhat\u00f3k. Standunkon \u00e9l\u0151 HEXIS aut\u00f3f\u00f3li\u00e1z\u00e1st, leg\u00fajabb nyomtat\u00e1si technol\u00f3gi\u00e1kat, valamint textilnyomtat\u00e1si, l\u00e9zergrav\u00edroz\u00e1si \u00e9s f\u00e9mlemez-v\u00e1g\u00e1si bemutat\u00f3k lesznek l\u00e1that\u00f3k, mindez szak\u00e9rt\u0151i t\u00e1mogat\u00e1ssal.<\/div>\n<\/td>\n<\/tr>\n<tr>\n<td width=\"250\"><a href=\"https:\/\/mgyosz.hu\/\" target=\"_blank\" rel=\"noopener\"><br \/>\n<img decoding=\"async\" src=\"https:\/\/www.ppdexpo.hu\/wp-content\/uploads\/2025\/09\/MGYOSZ_PPD.png\" \/><br \/>\n<\/a><\/td>\n<td style=\"vertical-align: middle; position: relative;\" align=\"left\">\n<div class=\"company-name\">Munkaad\u00f3k \u00e9s Gy\u00e1riparosok Orsz\u00e1gos Sz\u00f6vets\u00e9ge (MGYOSZ)<\/div>\n<div class=\"popup-text\">Bemutatkoz\u00f3 anyag felt\u00f6lt\u00e9s alatt&#8230;.<\/div>\n<\/td>\n<\/tr>\n<tr>\n<td width=\"250\"><a href=\"https:\/\/fedprint.hu\/\" target=\"_blank\" rel=\"noopener\"><br \/>\n<img decoding=\"async\" src=\"https:\/\/www.ppdexpo.hu\/wp-content\/uploads\/2025\/09\/NYPSZ_PPD.png\" \/><br \/>\n<\/a><\/td>\n<td style=\"vertical-align: middle; position: relative;\" align=\"left\">\n<div class=\"company-name\">Federation of Hungarian Printers and Paper Makers (NYPSZ)<\/div>\n<div class=\"popup-text\">A harminc \u00e9ves m\u00faltra visszatekint\u0151 <b>Nyomda- \u00e9s Pap\u00edripari Sz\u00f6vets\u00e9g<\/b> a nyomdaipari c\u00e9gek legmeghat\u00e1roz\u00f3bb szakmai szervezete. Tagjaink \u2013 nyomd\u00e1k, nyomdai besz\u00e1ll\u00edt\u00f3k, pap\u00edrgy\u00e1rak \u00e9s szakmai oktat\u00e1si int\u00e9zm\u00e9nyek \u2013 k\u00e9pviselik az \u00e1gazati \u00e1rbev\u00e9tel 60 \u2013 65 %-\u00e1t \u00e9s t\u00f6bb, mint 9000 f\u0151t foglalkoztatnak. F\u0151 feladatunk, hogy er\u0151s\u00edts\u00fck a nyomtatott kommunik\u00e1ci\u00f3 hely\u00e9t \u00e9s szerep\u00e9t a XXI. sz\u00e1zadban, n\u00f6velj\u00fck a nyomd\u00e1szat preszt\u00edzs\u00e9t \u00e9s megold\u00e1sokat tal\u00e1ljuk tagjaink \u00fczleti-gazdas\u00e1gi probl\u00e9m\u00e1ira.<\/div>\n<\/td>\n<\/tr>\n<tr>\n<td width=\"250\"><a href=\"https:\/\/www.nyt.hu\/\" target=\"_blank\" rel=\"noopener\"><br \/>\n<img decoding=\"async\" src=\"https:\/\/www.ppdexpo.hu\/wp-content\/uploads\/2025\/09\/Nyomda-Technika_PPD.png\" \/><br \/>\n<\/a><\/td>\n<td style=\"vertical-align: middle; position: relative;\" align=\"left\">\n<div class=\"company-name\">Printing-Technika Kft.<\/div>\n<div class=\"popup-text\">A <b>Printing-Technika Kft.<\/b> imm\u00e1r 35 \u00e9ve k\u00edn\u00e1l innovat\u00edv, szem\u00e9lyre szabott m\u0171szaki megold\u00e1sokat a nyomda-, pap\u00edr,- \u00e9s csomagol\u00f3ipar sz\u00e1m\u00e1ra.<br \/>\nIpar\u00e1gi tapasztalatunkkal \u00e9s sz\u00e9lesk\u00f6r\u0171 szolg\u00e1ltat\u00e1sainkkal \u2013 mint hullad\u00e9kkezel\u00e9si megold\u00e1sok, ipari p\u00e1r\u00e1s\u00edt\u00e1s, karbantart\u00e1s, nyomtat\u00e1stechnol\u00f3giai hat\u00e9konys\u00e1gi \u00e9s min\u0151s\u00e9gi tan\u00e1csad\u00e1s, valamint a kapcsol\u00f3d\u00f3 kereskedelmi tev\u00e9kenys\u00e9gek \u2013 egyed\u00fcl\u00e1ll\u00f3 m\u00f3don tudjuk t\u00e1mogatni Partnereink eredm\u00e9nyes m\u0171k\u00f6d\u00e9s\u00e9t.<br \/>\nSz\u00e1munkra a Partneri kapcsolat nem puszt\u00e1n projektalap\u00fa egy\u00fcttm\u0171k\u00f6d\u00e9st jelent, hanem k\u00f6z\u00f6s gondolkod\u00e1st, bizalmat \u00e9s hossz\u00fa t\u00e1v\u00fa fejl\u0151d\u00e9st.<\/div>\n<\/td>\n<\/tr>\n<tr>\n<td width=\"250\"><a href=\"#\" target=\"_blank\" rel=\"noopener\"><br \/>\n<img decoding=\"async\" src=\"https:\/\/www.ppdexpo.hu\/wp-content\/uploads\/2025\/09\/Obelisk_PPD.png\" \/><br \/>\n<\/a><\/td>\n<td style=\"vertical-align: middle; position: relative;\" align=\"left\">\n<div class=\"company-name\">Obelisk habv\u00e1g\u00f3g\u00e9p<\/div>\n<div class=\"popup-text\">Sz\u00e1m\u00edt\u00f3g\u00e9p vez\u00e9relt izz\u00f3sz\u00e1las habv\u00e1g\u00f3g\u00e9p k\u00fclt\u00e9ri \u00e9s belt\u00e9ri plasztikus feliratok, log\u00f3k v\u00e1g\u00e1s\u00e1ra. Az el\u0151z\u0151 modellhez k\u00e9pest gyorsabb, 145 mm vastag habot is k\u00e9pes v\u00e1gni, pontosabb, modernebb \u00e9s okosabb szoftverrel. K\u00f6nny\u0171 polisztirol habok (pl. \u00e9p\u00fclet h\u0151szigetel\u0151 habt\u00e1bl\u00e1k) csendes, szagtalan v\u00e1g\u00e1sa. Az elk\u00e9sz\u00edtett feliratok k\u00fclt\u00e9ri falfest\u00e9kkel festve rendk\u00edv\u00fcl hossz\u00fa \u00e9lettartam\u00faak.<\/div>\n<\/td>\n<\/tr>\n<tr>\n<td width=\"250\"><a href=\"https:\/\/oszk.hu\/\" target=\"_blank\" rel=\"noopener\"><br \/>\n<img decoding=\"async\" src=\"https:\/\/www.ppdexpo.hu\/wp-content\/uploads\/2025\/09\/OSZK_PPD.png\" \/><br \/>\n<\/a><\/td>\n<td style=\"vertical-align: middle; position: relative;\" align=\"left\">\n<div class=\"company-name\">Orsz\u00e1gos Sz\u00e9ch\u00e9nyi K\u00f6nyvt\u00e1r &#8211; \u00c1llom\u00e1nyv\u00e9delmi \u00e9s Restaur\u00e1l\u00f3 Oszt\u00e1ly<\/div>\n<div class=\"popup-text\">Az oszt\u00e1ly els\u0151sorban pap\u00edralap\u00fa dokumentumok \u00e1llapotfelm\u00e9r\u00e9s\u00e9vel, a k\u00e1rosod\u00e1saik komplex \u00e9rt\u00e9kel\u00e9s\u00e9vel \u00e9s a m\u0171t\u00e1rgyak restaur\u00e1l\u00e1s\u00e1val foglalkozik. A gy\u0171jtem\u00e9nyek \u00e9s rakt\u00e1rak helysz\u00edni \u00e1llom\u00e1nyv\u00e9delmi szempont\u00fa felm\u00e9r\u00e9s\u00e9t, \u00e9rt\u00e9kel\u00e9s\u00e9t, valamint ki\u00e1ll\u00edt\u00e1sok install\u00e1l\u00e1s\u00e1t v\u00e9gzi. A t\u00f6meges \u00e1llom\u00e1nyv\u00e9delem el\u0151seg\u00edt\u00e9s\u00e9re g\u00e9pes\u00edtett csomagol\u00e1si rendszer \u00e1ll rendelkez\u00e9sre.<\/div>\n<\/td>\n<\/tr>\n<tr>\n<td width=\"250\"><a href=\"https:\/\/pnyme.hu\/\" target=\"_blank\" rel=\"noopener\"><br \/>\n<img decoding=\"async\" src=\"https:\/\/www.ppdexpo.hu\/wp-content\/uploads\/2025\/09\/PNYME_PPD.png\" \/><br \/>\n<\/a><\/td>\n<td style=\"vertical-align: middle; position: relative;\" align=\"left\">\n<div class=\"company-name\">Pap\u00edr- \u00e9s Nyomdaipari M\u0171szaki Egyes\u00fclet (PNYME)<\/div>\n<div class=\"popup-text\">A <b>Pap\u00edr- \u00e9s Nyomdaipari M\u0171szaki Egyes\u00fclet<\/b> (PNYME) 1948 \u00f3ta a pap\u00edr- \u00e9s a nyomdaipar, a k\u00f6nyv- \u00e9s lapkiad\u00e1s, a restaur\u00e1l\u00e1s, a pap\u00edrkeresked\u00e9s \u00e9s az ezekhez kapcsol\u00f3d\u00f3 ter\u00fcleteken dolgoz\u00f3 szakemberek ill. tanul\u00f3k, nyugd\u00edjasok, stb. valamint az ilyen profillal m\u0171k\u00f6d\u0151 v\u00e1llalkoz\u00e1sok \u00f6nk\u00e9ntes t\u00e1rsul\u00e1sa.<br \/>\nA PNYME f\u0151bb szakmai rendezv\u00e9nyei:<br \/>\n&#8211; FLXO SYMP- Flex\u00f3 szimp\u00f3zium,<br \/>\n&#8211; PRINT MEET-Nyomd\u00e1sz V\u00e1ndorgy\u0171l\u00e9s,<br \/>\n&#8211; PPD Expo\/SIGN Expo<\/div>\n<\/td>\n<\/tr>\n<tr>\n<td width=\"250\"><a href=\"https:\/\/magyarpapirmuzeum.webnode.hu\/papiripar-folyoirat\/\" target=\"_blank\" rel=\"noopener\"><br \/>\n<img decoding=\"async\" src=\"https:\/\/www.ppdexpo.hu\/wp-content\/uploads\/2025\/09\/Papiripar.png\" \/><br \/>\n<\/a><\/td>\n<td style=\"vertical-align: middle; position: relative;\" align=\"left\">\n<div class=\"company-name\">Pap\u00edripar szaklap<\/div>\n<div class=\"popup-text\">A 70 \u00e9ve alap\u00edtott <b>Pap\u00edripar foly\u00f3irat<\/b> k\u00f6zli a pap\u00edr- \u00e9s pap\u00edrfeldolgoz\u00f3 ipart \u00e9rint\u0151 m\u0171szaki \u00e9s tudom\u00e1nyos eredm\u00e9nyeket, h\u00edrt ad a legfontosabb szakmai esem\u00e9nyekr\u0151l \u00e9s rendezv\u00e9nyekr\u0151l, valamint a nemzetk\u00f6zi \u00e9s a hazai kutat\u00e1sok, fejleszt\u00e9sek publik\u00e1l\u00e1s\u00e1val jelent\u0151sen hozz\u00e1j\u00e1rul a szakma fejl\u0151d\u00e9s\u00e9hez.<br \/>\nKiadja a <b>Pap\u00edr- \u00e9s Nyomdaipari M\u0171szaki Egyes\u00fclet<\/b> \u00e9s a <b>Magyar Pap\u00edrm\u00fazeum\u00e9rt Alap\u00edtv\u00e1ny<\/b><\/div>\n<\/td>\n<\/tr>\n<tr>\n<td width=\"250\"><a href=\"https:\/\/www.papyrus.com\/huHU\/\" target=\"_blank\" rel=\"noopener\"><br \/>\n<img decoding=\"async\" src=\"https:\/\/www.ppdexpo.hu\/wp-content\/uploads\/2025\/09\/Papyrus_PPD.png\" \/><br \/>\n<\/a><\/td>\n<td style=\"vertical-align: middle; position: relative;\" align=\"left\">\n<div class=\"company-name\">Papyrus Hung\u00e1ria Zrt.<\/div>\n<div class=\"popup-text\">A <b>Papyrus Hung\u00e1ria Zrt.<\/b> a pap\u00edr- \u00e9s csomagol\u00f3anyag-kereskedelem meghat\u00e1roz\u00f3 szerepl\u0151je Magyarorsz\u00e1gon. Sz\u00e9les term\u00e9kv\u00e1laszt\u00e9kunkkal \u2013 nyomdaipari pap\u00edrok, irodai pap\u00edrok, higi\u00e9niai term\u00e9kek \u00e9s csomagol\u00e1si megold\u00e1sok \u2013 megb\u00edzhat\u00f3 partnerei vagyunk nyomd\u00e1knak, v\u00e1llalatoknak \u00e9s int\u00e9zm\u00e9nyeknek. Elk\u00f6telezettek vagyunk a fenntarthat\u00f3s\u00e1g \u00e9s a magas sz\u00ednvonal\u00fa \u00fcgyf\u00e9lkiszolg\u00e1l\u00e1s ir\u00e1nt.<\/div>\n<\/td>\n<\/tr>\n<tr>\n<td width=\"250\"><a href=\"https:\/\/partners.hu\/\" target=\"_blank\" rel=\"noopener\"><br \/>\n<img decoding=\"async\" src=\"https:\/\/www.ppdexpo.hu\/wp-content\/uploads\/2025\/08\/partners_PPD.png\" \/><br \/>\n<\/a><\/td>\n<td style=\"vertical-align: middle; position: relative;\" align=\"left\">\n<div class=\"company-name\">Partners Kft.<\/div>\n<div class=\"popup-text\">A <b>Partners Kft.<\/b> 1990 \u00f3ta k\u00edn\u00e1l professzion\u00e1lis szoftver- \u00e9s hardvermegold\u00e1sokat a flexibilis csomagol\u00f3anyag- \u00e9s c\u00edmkegy\u00e1rt\u00e1s, valamint a sign&amp;display ipar szerepl\u0151inek. A vil\u00e1g vezet\u0151 gy\u00e1rt\u00f3inak technol\u00f3gi\u00e1i mellett teljes k\u00f6r\u0171 tan\u00e1csad\u00e1ssal, oktat\u00e1ssal \u00e9s szervizzel t\u00e1mogatja partnereit. Kiemelt c\u00e9lja a magyar nyelv\u0171 szakmai tud\u00e1smegoszt\u00e1s: rendszeres webin\u00e1riumokkal \u00e9s ny\u00edlt napokkal seg\u00edti az \u00fcgyfeleket a leg\u00fajabb ipar\u00e1gi trendek k\u00f6vet\u00e9s\u00e9ben.<\/div>\n<\/td>\n<\/tr>\n<tr>\n<td width=\"250\"><a href=\"https:\/\/www.plastex.sk\/\" target=\"_blank\" rel=\"noopener\"><br \/>\n<img decoding=\"async\" src=\"https:\/\/www.ppdexpo.hu\/wp-content\/uploads\/2025\/07\/Plastex_PPD.png\" \/><br \/>\n<\/a><\/td>\n<td style=\"vertical-align: middle; position: relative;\" align=\"left\">\n<div class=\"company-name\">Plastex spol s.r.o.<\/div>\n<div class=\"popup-text\">A Plastex spol. s r. o. 1993-as megalap\u00edt\u00e1sa \u00f3ta foglalkozik nyom\u00f3formak\u00e9sz\u00edt\u00e9ssel flex\u00f3nyomtat\u00e1shoz. T\u00f6bb mint 30 \u00e9v el\u0151remutat\u00f3 technol\u00f3giai fejleszt\u00e9se garant\u00e1lja a legjobb min\u0151s\u00e9get megrendel\u0151ink r\u00e9sz\u00e9re.<br \/>\nC\u00e9g\u00fcnk gy\u00e1rt\u00e1si folyamatainak l\u00e9p\u00e9sei megfelelnek az ISO 9001:2008 tan\u00fas\u00edtv\u00e1ny szabv\u00e1nyainak. Kiemelt hangs\u00falyt fektet\u00fcnk a partnereinkkel folytatott kommunik\u00e1ci\u00f3ra \u00e9s rendk\u00edv\u00fcl fontosnak tartjuk a flexibilit\u00e1st illetve a gyors sz\u00e1ll\u00edt\u00e1si hat\u00e1rid\u0151ket.<br \/>\nNyomdai el\u0151k\u00e9sz\u00edt\u0151 st\u00fadi\u00f3nkban mindennap 11 oper\u00e1tor \u00e1ll az \u00d6n\u00f6k rendelkez\u00e9s\u00e9re, t\u00f6bb\u00e9vnyi flex\u00f3s tapasztalattal a h\u00e1ta m\u00f6g\u00f6tt. A nyom\u00f3formagy\u00e1rt\u00e1s h\u00e1rom cs\u00facsteljes\u00edtm\u00e9ny\u0171 gy\u00e1rt\u00f3soron t\u00f6rt\u00e9nik t\u00f6bb m\u0171szakban.<br \/>\nC\u00e9g\u00fcnk folyamatos beruh\u00e1z\u00e1sai azon c\u00e9lkit\u0171z\u00e9s\u00fcnket k\u00f6vetik, hogy partnereinknek testreszabottan a flex\u00f3 cs\u00facstechnol\u00f3gi\u00e1it k\u00edn\u00e1ljuk. \u00d6n\u00f6k imm\u00e1r ig\u00e9nyeik alapj\u00e1n v\u00e1laszhatnak, hogy a megrendelt nyom\u00f3form\u00e1kat Kodak Flexcel NX technol\u00f3gi\u00e1val, HD Flex\u00f3val, DuPont Cyrel Digiflow technol\u00f3gi\u00e1val \u00e9s Pixel+ opci\u00f3val, Bellissima DMS, avagy digit\u00e1lis technol\u00f3gi\u00e1val k\u00e9rik legy\u00e1rtani, melyhez sz\u00e1mos gy\u00e1rt\u00f3 k\u00fcl\u00f6nb\u00f6z\u0151 lemezei \u00e1llnak rendelkez\u00e9sre.<br \/>\nT\u00f6bbszintes ellen\u0151rz\u00e9s hivatott biztos\u00edtani a hib\u00e1k minimaliz\u00e1l\u00e1s\u00e1t, mivel mindenkori els\u0151dleges c\u00e9lunk megrendel\u0151ink folyamatos el\u00e9gedetts\u00e9g\u00e9nek biztos\u00edt\u00e1sa.<\/div>\n<\/td>\n<\/tr>\n<tr>\n<td width=\"250\"><a href=\"https:\/\/www.plotterservice.hu\/\" target=\"_blank\" rel=\"noopener\"><br \/>\n<img decoding=\"async\" src=\"https:\/\/www.ppdexpo.hu\/wp-content\/uploads\/2025\/09\/Plotter_Service_PPD.png\" \/><br \/>\n<\/a><\/td>\n<td style=\"vertical-align: middle; position: relative;\" align=\"left\">\n<div class=\"company-name\">Plotter Service Kft.<\/div>\n<div class=\"popup-text\">A <b>Plotter Service Kft.<\/b>, mint a Roland DG hivatalos m\u00e1rkakeresked\u00e9se \u00e9s szervize, a 2025-\u00f6s \u00e9vben is r\u00e9szt vesz a SignExpo ki\u00e1ll\u00edt\u00e1son. A standunkon az \u00e1ltalunk forgalmazott g\u00e9pek k\u00f6z\u00fcl n\u00e9h\u00e1nyat \u00e9l\u0151ben is megtekinthet, kipr\u00f3b\u00e1lhat, azonban a Roland DG teljes k\u00edn\u00e1lat\u00e1val kapcsolatban t\u00e1j\u00e9koz\u00f3dhat \u00e9s kiv\u00e1laszthatja az ig\u00e9nyeinek legmegfelel\u0151bb g\u00e9pet.<br \/>\n<b>L\u00e1togasson el hozz\u00e1nk \u00e9s tal\u00e1lkozzunk.<\/b><br \/>\nNe feledje:<br \/>\n<b>Plotter Service &#8211; A k\u00f6r\u00fcltekint\u0151 v\u00e1laszt\u00e1s<\/b><\/div>\n<\/td>\n<\/tr>\n<tr>\n<td width=\"250\"><a href=\"https:\/\/www.primerate.hu\/\" target=\"_blank\" rel=\"noopener\"><br \/>\n<img decoding=\"async\" src=\"https:\/\/www.ppdexpo.hu\/wp-content\/uploads\/2025\/09\/Prime-Rate_PPD.png\" \/><br \/>\n<\/a><\/td>\n<td style=\"vertical-align: middle; position: relative;\" align=\"left\">\n<div class=\"company-name\">Prime Rate Zrt.<\/div>\n<div class=\"popup-text\">A <b>Prime Rate Zrt.<\/b> egy 1994-ben alap\u00edtott, budapesti sz\u00e9khely\u0171 nyomdaipari v\u00e1llalkoz\u00e1s, amely teljes k\u00f6r\u0171 szolg\u00e1ltat\u00e1sokat k\u00edn\u00e1l a digit\u00e1lis \u00e9s \u00edves ofszet nyomtat\u00e1s ter\u00fclet\u00e9n. Term\u00e9kk\u00edn\u00e1lat\u00e1ban szerepelnek kiv\u00e1l\u00f3 min\u0151s\u00e9g\u0171 sz\u00ednes kiadv\u00e1nyok, egysz\u00ednes anyagok; egyedi pap\u00edrterm\u00e9kek, karton- \u00e9s pr\u00e9mium d\u00edszdobozok is.<br \/>\nA c\u00e9g leg\u00fajabb technol\u00f3giai fejleszt\u00e9se egy 2025-ben \u00fczembe \u00e1ll\u00edtott digit\u00e1lis nyom\u00f3g\u00e9p (SCODIX Ultra 2500 SHD), amely k\u00fcl\u00f6nleges fel\u00fcletnemes\u00edt\u00e9si lehet\u0151s\u00e9geket k\u00edn\u00e1l.<br \/>\nA Prime Rate folyamatosan kutatja a tov\u00e1bbi fejleszt\u00e9si lehet\u0151s\u00e9geket. 2024-ben elind\u00edtotta dobozgy\u00e1rt\u00e1si \u00fczlet\u00e1g\u00e1t, 2025-ben pedig a rigid box gy\u00e1rt\u00e1s felt\u00e9teleit teremtette meg.<\/div>\n<\/td>\n<\/tr>\n<tr>\n<td width=\"250\"><a href=\"https:\/\/printandpacktech.hu\/\" target=\"_blank\" rel=\"noopener\"><br \/>\n<img decoding=\"async\" src=\"https:\/\/www.ppdexpo.hu\/wp-content\/uploads\/2025\/07\/PrintPacktech_PPD.png\" \/><br \/>\n<\/a><\/td>\n<td style=\"vertical-align: middle; position: relative;\" align=\"left\">\n<div class=\"company-name\">Print&amp;Packtech magazin<\/div>\n<div class=\"popup-text\">A <b>Print&amp;Packtech<\/b> Magazin a Pap\u00edr-\u00e9s Nyomdaipari M\u0171szaki Egyes\u00fclet szaklapja, a Magyar Grafika kistestv\u00e9re. Mint minden kistestv\u00e9r, b\u00e1r azonos alapokkal rendelkezik, m\u00e9gis m\u00e1s, gyorsabban reag\u00e1l, k\u00edv\u00e1ncsian k\u00eds\u00e9rletezik, \u00e9s n\u00e9ha b\u00e1trabban k\u00e9rdez r\u00e1 a megszokott dolgokra. Nem f\u00e9l \u00faj utakat kipr\u00f3b\u00e1lni, \u00e9s id\u0151nk\u00e9nt mer\u00e9szebbet l\u00e9pni, mert ott van m\u00f6g\u00f6tte a nagytestv\u00e9r tapasztalata.<br \/>\nA Print&amp;Packtech a nyomtatott csomagol\u00e1sra helyezi a nagyobb hangs\u00falyt.<br \/>\nAz ipar\u00e1gi szakmai k\u00e9rd\u00e9sek mellett olyan t\u00e9m\u00e1kat is \u00e9rint, amelyek ugyan kulcsszerepet j\u00e1tszanak egy v\u00e1llalat \u00e9let\u00e9ben, de nem kapcsol\u00f3dnak k\u00f6zvetlen\u00fcl a nyomda- vagy csomagol\u00f3iparhoz.<br \/>\nA P&amp;P komplett marketing megold\u00e1sokat k\u00edn\u00e1l, hiszen a szaklap amellett, hogy nyomtat\u00e1sban jelenik meg, digit\u00e1lis lapsz\u00e1mmal is rendelkezik, amiben lehet\u0151s\u00e9g van b\u0151v\u00edtett tartalom elhelyez\u00e9s\u00e9re. A P&amp;P-hez szorosan k\u00f6t\u0151dik a www.printandpacktech.hu oldal is, ami nem a szaklap lek\u00e9pez\u00e9se, hanem \u00f6n\u00e1ll\u00f3 szakmai port\u00e1lk\u00e9nt m\u0171k\u00f6dik.<br \/>\nKeresse a PPD Exp\u00f3n m\u00e9diaaj\u00e1nl\u00f3nkat, \u00e9s tervezz\u00fck meg k\u00f6z\u00f6sen j\u00f6v\u0151 \u00e9vi marketing-tev\u00e9kenys\u00e9g\u00e9t, hogy 2026-ban is mindenki \u00d6nre figyelhessen!<\/div>\n<\/td>\n<\/tr>\n<tr>\n<td width=\"250\"><a href=\"https:\/\/www.prosystem.hu\/\" target=\"_blank\" rel=\"noopener\"><br \/>\n<img decoding=\"async\" src=\"https:\/\/www.ppdexpo.hu\/wp-content\/uploads\/2025\/07\/Prosystem_PPD.png\" \/><br \/>\n<\/a><\/td>\n<td style=\"vertical-align: middle; position: relative;\" align=\"left\">\n<div class=\"company-name highlighted-company\">Prosystem Hungary Kft.<\/div>\n<div class=\"popup-text\">A <b>Prosystem Hungary Kft.<\/b> a nyomdaipar, k\u00f6nyvk\u00f6t\u00e9szet, csomagol\u00e1stechnika, hullad\u00e9kkezel\u00e9s \u00e9s ipari automatiz\u00e1l\u00e1s ter\u00fclet\u00e9n k\u00edn\u00e1l innovat\u00edv berendez\u00e9seket \u00e9s komplex megold\u00e1sokat \u2013 a tervez\u00e9st\u0151l a teljes kivitelez\u00e9sig. Magyarorsz\u00e1gon k\u00f6zel 20 neves eur\u00f3pai gy\u00e1rt\u00f3t k\u00e9pvisel\u00fcnk, k\u00f6zt\u00fck olyanokat is, akik logisztikai \u00e9s rakod\u00e1si folyamatokat t\u00e1mogat\u00f3 robotikai megold\u00e1sokat k\u00edn\u00e1lnak.<br \/>\nC\u00e9lunk, hogy partnereink gy\u00e1rt\u00e1si hat\u00e9konys\u00e1g\u00e1t \u00e9s versenyk\u00e9pess\u00e9g\u00e9t korszer\u0171 technol\u00f3gi\u00e1kkal seg\u00edts\u00fck. Tan\u00e1csad\u00e1ssal, szervizzel, alkatr\u00e9sz- \u00e9s kell\u00e9kanyag-ell\u00e1t\u00e1ssal a garanciaid\u0151n bel\u00fcl \u00e9s azon t\u00fal is \u00fcgyfeleink rendelkez\u00e9s\u00e9re \u00e1llunk.<br \/>\nwww.prosystem.hu<\/div>\n<\/td>\n<\/tr>\n<tr>\n<td width=\"250\"><a href=\"https:\/\/www.ricoh.hu\/\" target=\"_blank\" rel=\"noopener\"><br \/>\n<img decoding=\"async\" src=\"https:\/\/www.ppdexpo.hu\/wp-content\/uploads\/2025\/09\/RICOH_PPD.png\" \/><br \/>\n<\/a><\/td>\n<td style=\"vertical-align: middle; position: relative;\" align=\"left\">\n<div class=\"company-name\">Ricoh Hungary Kft.<\/div>\n<div class=\"popup-text\">A Ricoh 85 \u00e9ves t\u00f6rt\u00e9nete sor\u00e1n a nyomtat\u00e1si- \u00e9s k\u00e9palkot\u00e1si megold\u00e1sok, a digit\u00e1lis- \u00e9s az inform\u00e1ci\u00f3menedzsment rendszerek egyik vezet\u0151 gy\u00e1rt\u00f3j\u00e1v\u00e1 \u00e9s szolg\u00e1ltat\u00f3j\u00e1v\u00e1 v\u00e1lt vil\u00e1gszerte. A Ricoh Group 1995-ben alap\u00edtotta meg 100%-os tulajdon\u00fa magyarorsz\u00e1gi le\u00e1nyv\u00e1llalat\u00e1t, a <b>Ricoh Hungary Kft<\/b>-t. Az ipari- \u00e9s kereskedelmi nyomtat\u00f3kra specializ\u00e1l\u00f3dott \u00fczlet\u00e1gunkat Ricoh Graphic Communications Group-nak nevezt\u00fck el. Portf\u00f3li\u00f3nk mag\u00e1ban foglalja az alkalmaz\u00e1sok sz\u00e9les sk\u00e1l\u00e1j\u00e1ra kiterjed\u0151 szoftveres \u00e9s hardveres megold\u00e1sokat, a v\u00e1gottlapos \u00e9s tekercses adagol\u00e1s\u00fa digit\u00e1lis nyomdai rendszereket, bele\u00e9rtve az ipari sz\u00e9lesform\u00e1tum\u00fa latex, s\u00edk\u00e1gyas UV \u00e9s direkt textilnyomtat\u00f3kat is. \u00dcgyfeleinket t\u00f6bb m\u00f3don seg\u00edtj\u00fck abban, hogy sikeres j\u00f6v\u0151t teremthessenek v\u00e1llalkoz\u00e1suk sz\u00e1m\u00e1ra:<br \/>\n&#8211; a digit\u00e1lis termel\u00e9sre val\u00f3 \u00e1t\u00e1ll\u00e1s megk\u00f6nny\u00edt\u00e9s\u00e9vel \u00e9s t\u00e1mogat\u00e1s\u00e1val, a megfelel\u0151 technol\u00f3gi\u00e1k \u00e9s szak\u00e9rtelem seg\u00edts\u00e9g\u00e9vel a m\u0171k\u00f6d\u00e9si hat\u00e9konys\u00e1g n\u00f6vel\u00e9s\u00e9nek el\u0151nyeit \u00e9lvezhess\u00e9k.<br \/>\n&#8211; olyan digit\u00e1lis nyomdai rendszerek \u00e9s megold\u00e1sok biztos\u00edt\u00e1s\u00e1val, amelyek lehet\u0151v\u00e9 teszik sz\u00e1mukra, hogy megragadj\u00e1k az \u00faj lehet\u0151s\u00e9geket \u00e9s n\u00f6velj\u00e9k piaci jelenl\u00e9t\u00fcket.<br \/>\n&#8211; hossz\u00fa t\u00e1von is fenntarthat\u00f3 a konkurensek k\u00f6z\u00fcl kiemelked\u0151 tulajdons\u00e1g\u00fa digit\u00e1lis berendez\u00e9sekkel \u00e9s a hozz\u00e1juk kapcsol\u00f3d\u00f3 szoftveres megold\u00e1sokkal, melyekkel t\u00f6bb profitot \u00e9rhetnek el.<\/div>\n<\/td>\n<\/tr>\n<tr>\n<td width=\"250\"><a href=\"https:\/\/scrollmax.hu\/\" target=\"_blank\" rel=\"noopener\"><br \/>\n<img decoding=\"async\" src=\"https:\/\/www.ppdexpo.hu\/wp-content\/uploads\/2025\/08\/Scroll_PPD.png\" \/><br \/>\n<\/a><\/td>\n<td style=\"vertical-align: middle; position: relative;\" align=\"left\">\n<div class=\"company-name\">ScrollMax Zrt.<\/div>\n<div class=\"popup-text\">A <b>ScrollMAX Zrt.<\/b> k\u00f6zel 30 \u00e9ve a nyomdaipari v\u00e1llalatir\u00e1ny\u00edt\u00e1s magyarorsz\u00e1gi meghat\u00e1roz\u00f3 szerepl\u0151je. Integr\u00e1lt rendszer\u00fcnk lefedi a teljes folyamatot az aj\u00e1nlatad\u00e1st\u00f3l \u00e9s CRM-t\u0151l a gy\u00e1rt\u00e1s-el\u0151k\u00e9sz\u00edt\u00e9sen, termel\u00e9sk\u00f6vet\u00e9sen \u00e9s anyaggazd\u00e1lkod\u00e1son \u00e1t a logisztik\u00e1ig, sz\u00e1ml\u00e1z\u00e1sig \u00e9s kontrollingig. A folyamatos fejleszt\u00e9seknek k\u00f6sz\u00f6nhet\u0151en c\u00e9lzott megold\u00e1st ny\u00fajtunk partnereinknek a csal\u00e1di v\u00e1llalkoz\u00e1sokt\u00f3l a multiv\u00e1llalatokig. A ScrollMAX r\u00e9v\u00e9n a nyomd\u00e1k gyorsabban kalkul\u00e1lnak, pontos gy\u00e1rt\u00e1sk\u00f6vet\u00e9sre k\u00e9pesek \u00e9s k\u00e9zzelfoghat\u00f3 versenyel\u0151nyt szereznek.<\/div>\n<\/td>\n<\/tr>\n<tr>\n<td width=\"250\"><a href=\"https:\/\/seedbonbon.hu\" target=\"_blank\" rel=\"noopener\"><br \/>\n<img decoding=\"async\" src=\"https:\/\/www.ppdexpo.hu\/wp-content\/uploads\/2025\/08\/Seed-Bonbon_PPD.png\" \/><br \/>\n<\/a><\/td>\n<td style=\"vertical-align: middle; position: relative;\" align=\"left\">\n<div class=\"company-name\">Seed Bonbon Handmade Kft.<\/div>\n<div class=\"popup-text\">Irodai pap\u00edrhullad\u00e9k feldolgoz\u00e1s\u00e1val \u00e9s vegyszermentes vet\u0151magokb\u00f3l k\u00e9sz\u00edt\u00fcnk \u00fcltethet\u0151 magbonbon aj\u00e1nd\u00e9kokat, melyek 100%-ban lebomlanak \u00e9s \u00e9l\u0151 n\u00f6v\u00e9nyekk\u00e9nt (pl. vir\u00e1gk\u00e9nt, f\u0171szern\u00f6v\u00e9nyk\u00e9nt) sz\u00fcletnek \u00fajj\u00e1. A gy\u00e1rt\u00e1sban egy\u00fcttm\u0171k\u00f6d\u0151 partner\u00fcnk a megv\u00e1ltozott munkak\u00e9pess\u00e9g\u0171eket foglalkoztat\u00f3 Alba Mentor Alap\u00edtv\u00e1ny. Egyedire szabhat\u00f3 \u00e9s log\u00f3zhat\u00f3 term\u00e9keink a prom\u00f3ci\u00f3s aj\u00e1nd\u00e9kok, c\u00e9ges aj\u00e1nd\u00e9koz\u00e1s fenntarthat\u00f3 alternat\u00edv\u00e1jak\u00e9nt is hivatottak szolg\u00e1lni.<\/div>\n<\/td>\n<\/tr>\n<tr>\n<td width=\"250\"><a href=\"https:\/\/signtrade.hu\/\" target=\"_blank\" rel=\"noopener\"><br \/>\n<img decoding=\"async\" src=\"https:\/\/www.ppdexpo.hu\/wp-content\/uploads\/2025\/09\/Sign-Trade_PPD.png\" \/><br \/>\n<\/a><\/td>\n<td style=\"vertical-align: middle; position: relative;\" align=\"left\">\n<div class=\"company-name\">Sign Trade Kft.<\/div>\n<div class=\"popup-text\"><b>Unity \u2013 A nyomtat\u00e1s j\u00f6v\u0151je itt kezd\u0151dik!<\/b><br \/>\nA Unity n\u00e9v nem v\u00e9letlen: gy\u00e1rt\u00f3i garanci\u00e1val, egys\u00e9ges beszerz\u00e9si rendszerrel \u00e9s hazai szervizszolg\u00e1ltat\u00e1ssal seg\u00edt\u00fcnk partnereinknek min\u0151s\u00e9get szerezni a legjobb felt\u00e9telekkel. C\u00e9lunk, hogy minden partner\u00fcnknek biztos alapot adjunk a sikerhez \u2014 megb\u00edzhat\u00f3 nyomdaipari technol\u00f3gi\u00e1kkal (DTF, UV, UV-DTF \u00e9s Eco-Solvent) \u00e9s val\u00f3di szakmai h\u00e1tt\u00e9rrel. Mi nem csak nyomtat\u00f3kat \u00e9s kell\u00e9keket k\u00edn\u00e1lunk, hanem teljes megold\u00e1st: min\u0151s\u00e9gi fest\u00e9kek, filmek, porok \u2014 mind eur\u00f3pai rakt\u00e1rb\u00f3l, gyors sz\u00e1ll\u00edt\u00e1ssal, valamint szakmai seg\u00edts\u00e9ggel \u00e9s k\u00e9pz\u00e9ssel egy\u00fctt.<br \/>\n<b>Nem csup\u00e1n eladunk \u2014 egy\u00fctt n\u00f6veked\u00fcnk!<\/b><br \/>\nLegyen sz\u00f3 els\u0151 nyomtat\u00f3d be\u00fczemel\u00e9s\u00e9r\u0151l, vagy m\u00e1r m\u0171k\u00f6d\u0151 nyomd\u00e1d fejleszt\u00e9s\u00e9r\u0151l, mi ott lesz\u00fcnk, hogy g\u00f6rd\u00fcl\u00e9kenyen \u00e9s magabiztosan haladj a c\u00e9ljaid fel\u00e9. Gyere, tal\u00e1lkozz vel\u00fcnk a standunkn\u00e1l, \u00e9s besz\u00e9lj\u00fck \u00e1t, hogyan lehet a k\u00f6vetkez\u0151 nyomtat\u00e1sod a legjobb eddig!<\/div>\n<\/td>\n<\/tr>\n<tr>\n<td width=\"250\"><a href=\"https:\/\/www.signanddisplay.hu\/\" target=\"_blank\" rel=\"noopener\"><br \/>\n<img decoding=\"async\" src=\"https:\/\/www.ppdexpo.hu\/wp-content\/uploads\/2025\/07\/SignDisplay_PPD.png\" \/><br \/>\n<\/a><\/td>\n<td style=\"vertical-align: middle; position: relative;\" align=\"left\">\n<div class=\"company-name\">Sign&amp;Display magazine<\/div>\n<div class=\"popup-text\">A <b>Sign &amp; Display Magazin<\/b> 25 \u00e9ve a vizu\u00e1lis kommunik\u00e1ci\u00f3, a signk\u00e9sz\u00edt\u00e9s, a sz\u00e9lesform\u00e1tum\u00fa nyomtat\u00e1s \u00e9s a display megold\u00e1sok egyik legmeghat\u00e1roz\u00f3bb szakmai f\u00f3ruma. Negyedsz\u00e1zados fenn\u00e1ll\u00e1sunk alatt folyamatosan alkalmazkodtunk a piac v\u00e1ltoz\u00e1saihoz, \u00e9s m\u00e1ra elismert inform\u00e1ci\u00f3forr\u00e1ss\u00e1 v\u00e1ltunk mindazok sz\u00e1m\u00e1ra, akik naprak\u00e9sz tud\u00e1st, megb\u00edzhat\u00f3 elemz\u00e9seket \u00e9s hiteles ipar\u00e1gi k\u00e9pet keresnek.<\/div>\n<\/td>\n<\/tr>\n<tr>\n<td width=\"250\"><a href=\"https:\/\/www.signdepot.eu\/\" target=\"_blank\" rel=\"noopener\"><br \/>\n<img decoding=\"async\" src=\"https:\/\/www.ppdexpo.hu\/wp-content\/uploads\/2025\/08\/Signdepot_PPD.png\" \/><br \/>\n<\/a><\/td>\n<td style=\"vertical-align: middle; position: relative;\" align=\"left\">\n<div class=\"company-name\">Signdepot Europe Kft.<\/div>\n<div class=\"popup-text\">18 \u00e9ve az \u00e9lvonalban \u2013 Egy stabil partner, rengeteg megold\u00e1s!<br \/>\nA <b>Signdepot<\/b> megb\u00edzhat\u00f3 szerepl\u0151 a rekl\u00e1mdekor\u00e1ci\u00f3s alapanyagok, g\u00e9pek \u00e9s eszk\u00f6z\u00f6k piac\u00e1n.<br \/>\nKomplex, hossz\u00fa t\u00e1v\u00fa megold\u00e1sokkal t\u00e1mogatjuk partnereink fejl\u0151d\u00e9s\u00e9t. Term\u00e9kk\u00edn\u00e1latunkban a legjobb \u00e1r\/\u00e9rt\u00e9k ar\u00e1ny\u00fa rendszereket k\u00edn\u00e1ljuk, szervizes csapatunk pedig naprak\u00e9sz szakmai t\u00e1mogat\u00e1st ny\u00fajt.<\/div>\n<\/td>\n<\/tr>\n<tr>\n<td width=\"250\"><a href=\"https:\/\/studio68.hu\/\" target=\"_blank\" rel=\"noopener\"><br \/>\n<img decoding=\"async\" src=\"https:\/\/www.ppdexpo.hu\/wp-content\/uploads\/2025\/08\/Studio68.png\" \/><br \/>\n<\/a><\/td>\n<td style=\"vertical-align: middle; position: relative;\" align=\"left\">\n<div class=\"company-name\">St\u00fadi\u00f368 Rekl\u00e1maj\u00e1nd\u00e9k Kft.<\/div>\n<div class=\"popup-text\">Embl\u00e9m\u00e1zott rekl\u00e1maj\u00e1nd\u00e9kok, textilek \u00e9s munkaruh\u00e1k, \u00d6KO aj\u00e1nd\u00e9kt\u00e1rgyak, egyedileg csomagolt min\u0151s\u00e9gi \u00e9dess\u00e9gek, sport merchandise term\u00e9kek, valamint egyedi prom\u00f3ci\u00f3s gy\u00e1rt\u00e1sok \u00e9s nyomdai szolg\u00e1ltat\u00e1sok szerepelnek k\u00edn\u00e1latunkban.<\/div>\n<\/td>\n<\/tr>\n<tr>\n<td width=\"250\"><a href=\"https:\/\/www.tampon-mix.hu\/tampon-mix-fooldal\/\" target=\"_blank\" rel=\"noopener\"><br \/>\n<img decoding=\"async\" src=\"https:\/\/www.ppdexpo.hu\/wp-content\/uploads\/2025\/09\/Tampon_MIX_PPD.png\" \/><br \/>\n<\/a><\/td>\n<td style=\"vertical-align: middle; position: relative;\" align=\"left\">\n<div class=\"company-name\">Tampon Mix Kft.<\/div>\n<div class=\"popup-text\"><b>TAMPON-MIX Kft. \u2013 Minden, ami a tamponnyom\u00e1shoz kell 1996 \u00f3ta<\/b><br \/>\nA <b>TAMPON-MIX Kft.<\/b> a n\u00e9met TAMPOPRINT GMBH \u00e9s a RUCOINX hivatalos partnerek\u00e9nt imm\u00e1r k\u00f6zel 30 \u00e9ve ny\u00fajt megb\u00edzhat\u00f3 megold\u00e1sokat az ipari tamponnyom\u00e1s ter\u00fclet\u00e9n. Term\u00e9kpalett\u00e1nk lefedi a teljes technol\u00f3giai l\u00e1ncot: g\u00e9peket, klis\u00e9ket, tamponokat \u00e9s fest\u00e9keket. Az \u00e1ltalunk forgalmazott g\u00e9pekhez szerviz \u00e9s alkatr\u00e9sz szolg\u00e1ltat\u00e1st k\u00edn\u00e1lunk partnereinknek. Emellett g\u00e9pb\u00e9rlet, oktat\u00e1s \u00e9s szakmai tan\u00e1csad\u00e1si szolg\u00e1ltat\u00e1sainkkal is t\u00e1mogatjuk \u00fcgyfeleinket. Kiemelt figyelmet ford\u00edtunk arra, hogy a leg\u00fajabb k\u00f6rnyezetv\u00e9delmi \u00e9s munkaeg\u00e9szs\u00e9g\u00fcgyi el\u0151\u00edr\u00e1soknak megfelel\u0151, innovat\u00edv fest\u00e9kmegold\u00e1sokat vezess\u00fcnk be az ipari felhaszn\u00e1l\u00e1sba.<\/div>\n<\/td>\n<\/tr>\n<tr>\n<td width=\"250\"><a href=\"https:\/\/www.tesa.com\/hu-hu\" target=\"_blank\" rel=\"noopener\"><br \/>\n<img decoding=\"async\" src=\"https:\/\/www.ppdexpo.hu\/wp-content\/uploads\/2025\/09\/tesa_PPD.png\" \/><br \/>\n<\/a><\/td>\n<td style=\"vertical-align: middle; position: relative;\" align=\"left\">\n<div class=\"company-name\">tesa tape GmbH<\/div>\n<div class=\"popup-text\">Kiv\u00e1l\u00f3 min\u0151s\u00e9g\u0171 klis\u00e9ragaszt\u00f3k minden k\u00f6r\u00fclm\u00e9nyre. 11 t\u00edpus elt\u00e9r\u0151 ragaszt\u00f3rendszerekkel, ak\u00e1r 7-f\u00e9le kem\u00e9nys\u00e9gben! Felt\u00e9p\u0151, dobozz\u00e1r\u00f3 \u00e9s meger\u0151s\u00edt\u0151 szalagok a kartondoboz gy\u00e1rt\u00f3knak, m\u00e1r pap\u00edrb\u00f3l is, amelyek 100%-ban visszaforgathat\u00f3k a dobozzal egy\u00fctt! Easysplice tekercsv\u00e1lt\u00f3 szalagok f\u00f3li\u00e1khoz \u00e9s minden pap\u00edrhoz, amelyek teljes sebess\u00e9g mellett garant\u00e1lj\u00e1k a probl\u00e9mamentes tekercsv\u00e1lt\u00e1st.<\/div>\n<\/td>\n<\/tr>\n<tr>\n<td width=\"250\"><a href=\"https:\/\/tomadex.pl\/\" target=\"_blank\" rel=\"noopener\"><br \/>\n<img decoding=\"async\" src=\"https:\/\/www.ppdexpo.hu\/wp-content\/uploads\/2025\/09\/Tomadex_PPD.png\" \/><br \/>\n<\/a><\/td>\n<td style=\"vertical-align: middle; position: relative;\" align=\"left\">\n<div class=\"company-name\">TOMADEX S.C.<\/div>\n<div class=\"popup-text\">Bemutatkoz\u00f3 anyag felt\u00f6lt\u00e9s alatt&#8230;.<\/div>\n<\/td>\n<\/tr>\n<tr>\n<td width=\"250\"><a href=\"https:\/\/toursforyou.hu\/\" target=\"_blank\" rel=\"noopener\"><br \/>\n<img decoding=\"async\" src=\"https:\/\/www.ppdexpo.hu\/wp-content\/uploads\/2025\/09\/Tours-For-You_PPD.png\" \/><br \/>\n<\/a><\/td>\n<td style=\"vertical-align: middle; position: relative;\" align=\"left\">\n<div class=\"company-name\">Tours For You Kft.<\/div>\n<div class=\"popup-text\">C\u00e9g\u00fcnk, a <b>Tours For You Kft.<\/b> egy 30 \u00e9ve t\u00f6retlen\u00fcl fejl\u0151d\u0151, csal\u00e1di utaz\u00e1si v\u00e1llalkoz\u00e1s. Arra t\u00f6reksz\u00fcnk, hogy \u00fcgyfeleink sz\u00e1m\u00e1ra felejthetetlen utaz\u00e1si \u00e9lm\u00e9nyeket szervezz\u00fcnk, \u00e9s ez a 25 \u00e9ves partneri viszony, amely a Pap\u00edr \u00e9s Nyomdaipari M\u0171szaki Egyes\u00fclethez f\u0171z minket, is j\u00f3l mutatja elk\u00f6telezetts\u00e9g\u00fcnket a szakma ir\u00e1nt.<br \/>\nIgyeksz\u00fcnk a lehet\u0151 legink\u00e1bb szem\u00e9lyre szabott megold\u00e1sokat k\u00edn\u00e1lni partnereink r\u00e9sz\u00e9re. Legyen sz\u00f3 szakmai programokr\u00f3l, konferenci\u00e1kr\u00f3l vagy kikapcsol\u00f3d\u00e1sr\u00f3l, c\u00e9lunk, hogy az \u00d6n elk\u00e9pzel\u00e9seit megval\u00f3s\u00edtsuk. \u00d6r\u00f6m\u00f6mre szolg\u00e1lna, ha a PYNME standj\u00e1n szem\u00e9lyesen is tal\u00e1lkozhatn\u00e1nk.<\/div>\n<\/td>\n<\/tr>\n<tr>\n<td width=\"250\"><a href=\"https:\/\/trodimp.hu\/\" target=\"_blank\" rel=\"noopener\"><br \/>\n<img decoding=\"async\" src=\"https:\/\/www.ppdexpo.hu\/wp-content\/uploads\/2025\/07\/Trodimp_PPD.png\" \/><br \/>\n<\/a><\/td>\n<td style=\"vertical-align: middle; position: relative;\" align=\"left\">\n<div class=\"company-name\">TRODIMP-R Kft.<\/div>\n<div class=\"popup-text\">A <b>Trodimp-R Kft.<\/b> t\u00f6bb mint 25 \u00e9ve foglalkozik eur\u00f3pia gy\u00e1rt\u00e1s\u00fa, ipari l\u00e9zerg\u00e9pek kereskedelm\u00e9vel Magyarorsz\u00e1gon.<br \/>\nA k\u00fcl\u00f6nb\u00f6z\u0151 m\u0171anyagok, fa- \u00e9s f\u00e9m fel\u00fcletek grav\u00edroz\u00e1s\u00e1ra, v\u00e1g\u00e1s\u00e1ra az osztr\u00e1k Trotec l\u00e9zerg\u00e9peit forgalmazza, m\u00edg term\u00e9kjel\u00f6l\u00e9sben a spanyol Macsa term\u00e9keit k\u00e9pviseli.<br \/>\nA l\u00e9zerter\u00fcleten megl\u00e9v\u0151 magas szaktud\u00e1snak k\u00f6sz\u00f6nhet\u0151en gy\u00e1rt\u00f3sorra integr\u00e1lt, vagy \u00f6n\u00e1ll\u00f3 egys\u00e9gk\u00e9nt m\u0171k\u00f6d\u0151 komplex megold\u00e1sokat is sz\u00e1ll\u00edt megrendel\u0151inek.<br \/>\nA tev\u00e9kenys\u00e9gi k\u00f6r kieg\u00e9sz\u00fcl a l\u00e9zerg\u00e9pekkel feldolgozhat\u00f3 alapanyagok forgalmaz\u00e1s\u00e1val (fa-, m\u0171anyag- \u00e9s f\u00e9m t\u00e1bl\u00e1k), illetve a berendez\u00e9sekhez kapcsol\u00f3d\u00f3 karbantart\u00e1s- \u00e9s szerviz szolg\u00e1ltat\u00e1sok teszik teljess\u00e9 a portf\u00f3li\u00f3t.<\/div>\n<\/td>\n<\/tr>\n<tr>\n<td width=\"250\"><a href=\"https:\/\/www.unimark.hu\/\" target=\"_blank\" rel=\"noopener\"><br \/>\n<img decoding=\"async\" src=\"https:\/\/www.ppdexpo.hu\/wp-content\/uploads\/2025\/09\/Unimark_PPD.png\" \/><br \/>\n<\/a><\/td>\n<td style=\"vertical-align: middle; position: relative;\" align=\"left\">\n<div class=\"company-name\">U.M. Kereskedelmi Kft.<\/div>\n<div class=\"popup-text\">Az <b>U.M. Kereskedelmi Kft.<\/b> 1991-ben alakult, sz\u00e9khely\u00fcnk Budapesten tal\u00e1lhat\u00f3, egy 2000 n\u00e9gyzetm\u00e9teres ipari ter\u00fcleten, az M0-\u00e1s aut\u00f3p\u00e1lya mellett. Jelenleg 18 elk\u00f6telezett alkalmazottal dolgozunk.<br \/>\nF\u0151 tev\u00e9kenys\u00e9g\u00fcnk \u00e9s kompetenci\u00e1ink:<br \/>\nC\u00e9g\u00fcnk alapvet\u0151 kompetenci\u00e1ja a nemf\u00e9mes anyagok v\u00e1g\u00e1si technol\u00f3gi\u00e1ja, k\u00fcl\u00f6n\u00f6s tekintettel a csomagol\u00f3iparra, a b\u0151riparra \u00e9s az aut\u00f3iparra. \u00dcgyfeleinket digit\u00e1lis v\u00e1g\u00e1si, valamint hagyom\u00e1nyos stanck\u00e9sz\u00edt\u00e9si g\u00e9pekkel, szoftverekkel \u00e9s fogy\u00f3eszk\u00f6z\u00f6kkel l\u00e1tjuk el.<br \/>\nTerm\u00e9keink \u00e9s szolg\u00e1ltat\u00e1saink<br \/>\nNemcsak g\u00e9peket \u00e9s fogy\u00f3eszk\u00f6z\u00f6ket \u00e9rt\u00e9kes\u00edt\u00fcnk, hanem a technol\u00f3giai megold\u00e1sok ter\u00fclet\u00e9n is partnerei k\u00edv\u00e1nunk lenni \u00fcgyfeleinknek. M\u0171szaki t\u00e1mogat\u00e1st, valamint \u00e1tfog\u00f3 szervizprogramot ny\u00fajtunk minden term\u00e9k\u00fcnkh\u00f6z. J\u00f3l k\u00e9pzett szervizcsapatunk felel a g\u00e9peink karbantart\u00e1s\u00e1\u00e9rt \u00e9s szervizel\u00e9s\u00e9\u00e9rt.<br \/>\nVev\u0151inket a hagyom\u00e1nyos stancol\u00e1s \u00e9s szersz\u00e1mk\u00e9sz\u00edt\u00e9s ter\u00fclet\u00e9n is teljes k\u00f6r\u0171en kiszolg\u00e1ljuk g\u00e9pekkel, szoftverekkel \u00e9s fogy\u00f3eszk\u00f6z\u00f6kkel.<br \/>\nKiemelt partners\u00e9g:<br \/>\nSv\u00e1jci Z\u00fcnd Systemtechnik Ag. c\u00e9g kiz\u00e1r\u00f3lagos magyarorsz\u00e1gi k\u00e9pvisel\u0151i vagyunk.<\/div>\n<\/td>\n<\/tr>\n<tr>\n<td width=\"250\"><a href=\"https:\/\/vargaflexo.hu\/\" target=\"_blank\" rel=\"noopener\"><br \/>\n<img decoding=\"async\" src=\"https:\/\/www.ppdexpo.hu\/wp-content\/uploads\/2025\/08\/Varga-Flexo_PPD.png\" \/><br \/>\n<\/a><\/td>\n<td style=\"vertical-align: middle; position: relative;\" align=\"left\">\n<div class=\"company-name\">Varga-Flexo Kft.<\/div>\n<div class=\"popup-text\">A <b>Varga-Flexo Kft.<\/b> h\u00e1rom gener\u00e1ci\u00f3 \u00f3ta fejleszt \u00e9s gy\u00e1rt flexonyom\u00f3-, lamin\u00e1l\u00f3-, tekercsv\u00e1g\u00f3- \u00e9s klis\u00e9ragaszt\u00f3 g\u00e9peket. Lengyelt\u00f3ti \u00fczem\u00fcnkben k\u00e9sz\u00edtett berendez\u00e9seink a legjobb \u00e1r-\u00e9rt\u00e9k ar\u00e1nyt k\u00e9pviselik a hazai \u00e9s nemzetk\u00f6zi piacon, biztos\u00edtva a min\u0151s\u00e9gi nyomtat\u00e1st, a gyors \u00e1t\u00e1ll\u00e1st \u00e9s a gazdas\u00e1gos \u00fczemeltet\u00e9st. Az Ipar 4.0 elveire \u00e9p\u00fcl\u0151 OKTOFLEX CASING nyomdag\u00e9p\u00fcnk az ember \u00e9s g\u00e9p optim\u00e1lis kapcsolat\u00e1t szolg\u00e1lja, \u00edgy kezel\u00e9se, karbantart\u00e1sa \u00e9s szervizel\u00e9se is egyszer\u0171. G\u00e9peinket \u00fagy tervezt\u00fck, hogy r\u00f6vid id\u0151 alatt megt\u00e9r\u00fcljenek, versenyel\u0151nyt biztos\u00edtva \u00fcgyfeleinknek. A hossz\u00fa \u00e9lettartam \u00e9s fenntarthat\u00f3s\u00e1g kiemelten fontos sz\u00e1munkra.<\/div>\n<\/td>\n<\/tr>\n<tr>\n<td width=\"250\"><a href=\"https:\/\/viner.hu\/\" target=\"_blank\" rel=\"noopener\"><br \/>\n<img decoding=\"async\" src=\"https:\/\/www.ppdexpo.hu\/wp-content\/uploads\/2025\/10\/Viner_UJ_PPD.png\" \/><br \/>\n<\/a><\/td>\n<td style=\"vertical-align: middle; position: relative;\" align=\"left\">\n<div class=\"company-name\">VINER-PACK Kft.<\/div>\n<div class=\"popup-text\">C\u00e9g\u00fcnk a <b>Viner-Pack Kft<\/b>, mint a &#8222;KOMA&#8221;-Pap\u00edr v\u00e9djegy tulajdonosa 100%-os magyar tulajdonr\u00e9sszel 1994-ben alakult meg.<br \/>\nA folyamatos technikai \u00faj\u00edt\u00e1soknak k\u00f6sz\u00f6nhet\u0151en siker\u00fclt az orsz\u00e1g egyik meghat\u00e1roz\u00f3 \u00e9lelmiszer-csomagol\u00f3 pap\u00edr gy\u00e1rt\u00f3j\u00e1v\u00e1 v\u00e1lnunk. Tov\u00e1bb\u00e1 megkezdt\u00fck egy\u00e9b tekercses pap\u00edr\u00e1ruk, cukr\u00e1szdai, m\u0171szaki csomagol\u00f3k nyomtat\u00e1s\u00e1t, gy\u00e1rt\u00e1s\u00e1t is.<\/div>\n<\/td>\n<\/tr>\n<tr>\n<td width=\"250\"><a href=\"https:\/\/wallitrade.hu\/\" target=\"_blank\" rel=\"noopener\"><br \/>\n<img decoding=\"async\" src=\"https:\/\/www.ppdexpo.hu\/wp-content\/uploads\/2025\/07\/Wallitrade_PPD.png\" \/><br \/>\n<\/a><\/td>\n<td style=\"vertical-align: middle; position: relative;\" align=\"left\">\n<div class=\"company-name\">Wallitrade Kft.<\/div>\n<div class=\"popup-text\">A <b>Wallitrade Kft.<\/b> strat\u00e9gi\u00e1j\u00e1nak \u00e9s \u00fczletfiloz\u00f3fi\u00e1j\u00e1nak alapja, hogy innovat\u00edv, mindig az aktu\u00e1lis \u00fcgyf\u00e9lig\u00e9nyeket kiszolg\u00e1l\u00f3 technol\u00f3gi\u00e1kat k\u00edn\u00e1ljon. Ennek eredm\u00e9nyek\u00e9ppen napjainkban kiemelked\u0151 term\u00e9kportfoli\u00f3val jelen\u00fcnk meg haz\u00e1nkban, amely az egyre \u00f6sszetettebb piaci kih\u00edv\u00e1sokra k\u00e9pes optim\u00e1lis min\u0151s\u00e9g\u0171, megb\u00edzhat\u00f3 \u00e9s k\u00f6rnyezettudatos megold\u00e1st biztos\u00edtani. F\u0151bb ter\u00fcleteink: irodatechnika, digit\u00e1lis nyomdai megold\u00e1sok, k\u00fcldem\u00e9ny el\u0151\u00e1ll\u00edt\u00e1s, sz\u00e9les form\u00e1tum\u00fa megold\u00e1sok, IT alkalmaz\u00e1sok. Szakmai tapasztalataink alapj\u00e1n biztosak vagyunk abban, hogy az \u00e1ltalunk k\u00e9pviselt gy\u00e1rt\u00f3kkal, illetve term\u00e9keikkel sikeresen tudjuk t\u00e1mogatni \u00fcgyfeleink \u00fczletmenet\u00e9t. Az \u00e1ltalunk forgalmazott term\u00e9k kell\u00e9kanyag- \u00e9s szervizell\u00e1t\u00e1s\u00e1t orsz\u00e1gos h\u00e1l\u00f3zattal biztos\u00edtjuk.<br \/>\nwww.wallitrade.hu<\/div>\n<\/td>\n<\/tr>\n<tr>\n<td width=\"250\"><a href=\"#\" target=\"_blank\" rel=\"noopener\"><br \/>\n<img decoding=\"async\" src=\"https:\/\/www.ppdexpo.hu\/wp-content\/uploads\/2025\/09\/Wrap_UNI_PPD.png\" \/><br \/>\n<\/a><\/td>\n<td style=\"vertical-align: middle; position: relative;\" align=\"left\">\n<div class=\"company-name\">WrapUni \u2013 University of Wrapping<\/div>\n<div class=\"popup-text\">Bemutatkoz\u00f3 anyag felt\u00f6lt\u00e9s alatt&#8230;.<\/div>\n<\/td>\n<\/tr>\n<tr>\n<td width=\"250\"><a href=\"https:\/\/web.xeronext.hu\/\" target=\"_blank\" rel=\"noopener\"><br \/>\n<img decoding=\"async\" src=\"https:\/\/www.ppdexpo.hu\/wp-content\/uploads\/2025\/09\/Xeronext_PPD.png\" \/><br \/>\n<\/a><\/td>\n<td style=\"vertical-align: middle; position: relative;\" align=\"left\">\n<div class=\"company-name\">Xeronext Kereskedelmi \u00e9s Szolg\u00e1ltat\u00f3 Kft.<\/div>\n<div class=\"popup-text\">Bemutatkoz\u00f3 anyag felt\u00f6lt\u00e9s alatt&#8230;.<\/div>\n<\/td>\n<\/tr>\n<tr>\n<td width=\"250\"><a href=\"https:\/\/www.xerox.com\/hu-hu\" target=\"_blank\" rel=\"noopener\"><br \/>\n<img decoding=\"async\" src=\"https:\/\/www.ppdexpo.hu\/wp-content\/uploads\/2025\/09\/Xerox_PPD.png\" \/><br \/>\n<\/a><\/td>\n<td style=\"vertical-align: middle; position: relative;\" align=\"left\">\n<div class=\"company-name\">Xerox Limited<\/div>\n<div class=\"popup-text\">A <b>Xerox t\u00f6bb mint egy \u00e9vsz\u00e1zada \u00fajra\u00e9rtelmezi a munkahelyi \u00e9lm\u00e9nyt.<\/b> Szolg\u00e1ltat\u00e1sk\u00f6zpont\u00fa, szoftvervez\u00e9relt v\u00e1llalatk\u00e9nt fejlett nyomtat\u00e1si, digit\u00e1lis \u00e9s mesters\u00e9ges intelligenci\u00e1n alapul\u00f3 technol\u00f3gi\u00e1ink r\u00e9v\u00e9n t\u00e1mogatjuk a mai hibrid munkahelyeket.<br \/>\n<b>2025-ben felv\u00e1s\u00e1roltuk a Lexmarkot<\/b> \u2013 ezzel b\u0151v\u00edtve glob\u00e1lis jelenl\u00e9t\u00fcnket, meger\u0151s\u00edtve szolg\u00e1ltat\u00e1si k\u00e9pess\u00e9geinket, lehet\u0151v\u00e9 t\u00e9ve azt, hogy m\u00e9g sz\u00e9lesebb k\u00f6r\u0171 munkahelyi technol\u00f3giai portf\u00f3li\u00f3t ny\u00fajtsunk \u00fcgyfeleink sz\u00e1m\u00e1ra.<br \/>\n<b>Ma is folytatjuk az innov\u00e1ci\u00f3 ir\u00e1nti elk\u00f6telezetts\u00e9g\u00fcnket<\/b>, \u00e9s \u00fcgyf\u00e9lk\u00f6zpont\u00fa, digit\u00e1lisan vez\u00e9relt megold\u00e1sokat k\u00edn\u00e1lunk, amelyek megfelelnek a glob\u00e1lis, elosztott munkaer\u0151 ig\u00e9nyeinek. Legyen sz\u00f3 irod\u00e1kr\u00f3l, tantermekr\u0151l vagy k\u00f3rh\u00e1zakr\u00f3l \u2013 seg\u00edt\u00fcnk \u00fcgyfeleinknek boldogulni a folyamatosan v\u00e1ltoz\u00f3 \u00fczleti k\u00f6rnyezetben.<\/div>\n<\/td>\n<\/tr>\n<\/tbody>\n<\/table>\n<div style=\"height: 500px;\"><\/div>\n<\/div>\n<style>\n  .company-name {<br \/>    color: #003366;<br \/>    font-weight: bold;<br \/>    cursor: default;<br \/>    text-decoration: underline;<br \/>    margin-bottom: 5px;<br \/>    display: inline-block;<br \/>  }<br \/>  .company-name + .popup-text {<br \/>    display: none;<br \/>    background: #f5f5f5;<br \/>    padding: 10px;<br \/>    border: 1px solid #ccc;<br \/>    margin-top: 5px;<br \/>    font-size: 0.9em;<br \/>    line-height: 1.4;<br \/>    position: absolute;<br \/>    z-index: 10;<br \/>    width: 300px;<br \/>  }<br \/>  .company-name:hover + .popup-text {<br \/>    display: block;<br \/>  }<br \/><\/style>\n<\/div><div class=\"fusion-separator fusion-full-width-sep\" style=\"align-self: center;margin-left: auto;margin-right: auto;margin-top:100px;margin-bottom:100px;width:100%;\"><div class=\"fusion-separator-border sep-double\" style=\"--awb-height:20px;--awb-amount:20px;border-color:#e0dede;border-top-width:1px;border-bottom-width:1px;\"><\/div><\/div><\/div><\/div><\/div><\/div><div class=\"fusion-fullwidth fullwidth-box fusion-builder-row-3 fusion-flex-container has-pattern-background has-mask-background nonhundred-percent-fullwidth non-hundred-percent-height-scrolling\" style=\"--awb-border-radius-top-left:0px;--awb-border-radius-top-right:0px;--awb-border-radius-bottom-right:0px;--awb-border-radius-bottom-left:0px;--awb-flex-wrap:wrap;\" ><div class=\"fusion-builder-row fusion-row fusion-flex-align-items-flex-start fusion-flex-content-wrap\" style=\"max-width:1216.8px;margin-left: calc(-4% \/ 2 );margin-right: calc(-4% \/ 2 );\"><div class=\"fusion-layout-column fusion_builder_column fusion-builder-column-2 fusion_builder_column_1_1 1_1 fusion-flex-column\" style=\"--awb-bg-size:cover;--awb-width-large:100%;--awb-margin-top-large:0px;--awb-spacing-right-large:1.92%;--awb-margin-bottom-large:0px;--awb-spacing-left-large:1.92%;--awb-width-medium:100%;--awb-order-medium:0;--awb-spacing-right-medium:1.92%;--awb-spacing-left-medium:1.92%;--awb-width-small:100%;--awb-order-small:0;--awb-spacing-right-small:1.92%;--awb-spacing-left-small:1.92%;\"><div class=\"fusion-column-wrapper fusion-column-has-shadow fusion-flex-justify-content-flex-start fusion-content-layout-column\"><\/div><\/div><\/div><\/div><\/p>","protected":false},"excerpt":{"rendered":"","protected":false},"author":4,"featured_media":0,"parent":0,"menu_order":0,"comment_status":"closed","ping_status":"closed","template":"","meta":{"_monsterinsights_skip_tracking":false,"_monsterinsights_sitenote_active":false,"_monsterinsights_sitenote_note":"","_monsterinsights_sitenote_category":0,"footnotes":""},"class_list":["post-2945","page","type-page","status-publish","hentry"],"aioseo_notices":[],"_links":{"self":[{"href":"https:\/\/www.ppdexpo.hu\/en\/wp-json\/wp\/v2\/pages\/2945","targetHints":{"allow":["GET"]}}],"collection":[{"href":"https:\/\/www.ppdexpo.hu\/en\/wp-json\/wp\/v2\/pages"}],"about":[{"href":"https:\/\/www.ppdexpo.hu\/en\/wp-json\/wp\/v2\/types\/page"}],"author":[{"embeddable":true,"href":"https:\/\/www.ppdexpo.hu\/en\/wp-json\/wp\/v2\/users\/4"}],"replies":[{"embeddable":true,"href":"https:\/\/www.ppdexpo.hu\/en\/wp-json\/wp\/v2\/comments?post=2945"}],"version-history":[{"count":299,"href":"https:\/\/www.ppdexpo.hu\/en\/wp-json\/wp\/v2\/pages\/2945\/revisions"}],"predecessor-version":[{"id":15266,"href":"https:\/\/www.ppdexpo.hu\/en\/wp-json\/wp\/v2\/pages\/2945\/revisions\/15266"}],"wp:attachment":[{"href":"https:\/\/www.ppdexpo.hu\/en\/wp-json\/wp\/v2\/media?parent=2945"}],"curies":[{"name":"wp","href":"https:\/\/api.w.org\/{rel}","templated":true}]}}