{"id":2875,"date":"2022-01-16T11:31:28","date_gmt":"2022-01-16T11:31:28","guid":{"rendered":"https:\/\/www.ppdexpo.hu\/?page_id=2875"},"modified":"2022-01-16T15:58:14","modified_gmt":"2022-01-16T14:58:14","slug":"hirek","status":"publish","type":"page","link":"https:\/\/www.ppdexpo.hu\/en\/hirek\/","title":{"rendered":"News"},"content":{"rendered":"<div class=\"fusion-fullwidth fullwidth-box fusion-builder-row-1 fusion-flex-container hundred-percent-fullwidth non-hundred-percent-height-scrolling\" style=\"--awb-border-radius-top-left:0px;--awb-border-radius-top-right:0px;--awb-border-radius-bottom-right:0px;--awb-border-radius-bottom-left:0px;--awb-padding-top:0px;--awb-padding-right:5%;--awb-padding-bottom:0px;--awb-padding-left:5%;--awb-padding-top-small:60px;--awb-padding-right-small:5%;--awb-padding-left-small:5%;--awb-margin-bottom:0px;--awb-flex-wrap:wrap;\" ><div class=\"fusion-builder-row fusion-row fusion-flex-align-items-stretch fusion-flex-justify-content-center fusion-flex-content-wrap\" style=\"width:104% !important;max-width:104% !important;margin-left: calc(-4% \/ 2 );margin-right: calc(-4% \/ 2 );\"><div class=\"fusion-layout-column fusion_builder_column fusion-builder-column-0 fusion_builder_column_1_1 1_1 fusion-flex-column\" style=\"--awb-padding-bottom:60px;--awb-bg-size:cover;--awb-width-large:100%;--awb-margin-top-large:0px;--awb-spacing-right-large:1.92%;--awb-margin-bottom-large:0px;--awb-spacing-left-large:1.92%;--awb-width-medium:100%;--awb-order-medium:0;--awb-spacing-right-medium:1.92%;--awb-spacing-left-medium:1.92%;--awb-width-small:100%;--awb-order-small:0;--awb-spacing-right-small:1.92%;--awb-spacing-left-small:1.92%;\"><div class=\"fusion-column-wrapper fusion-column-has-shadow fusion-flex-justify-content-flex-start fusion-content-layout-column\"><div class=\"fusion-separator fusion-no-small-visibility fusion-full-width-sep\" style=\"align-self: center;margin-left: auto;margin-right: auto;margin-top:85px;width:100%;\"><\/div><div class=\"fusion-blog-shortcode fusion-blog-shortcode-1 fusion-blog-archive fusion-blog-layout-medium-alternate fusion-blog-pagination\"><div class=\"fusion-posts-container fusion-posts-container-pagination fusion-no-meta-info fusion-blog-rollover\" data-pages=\"2\"><article id=\"blog-1-post-15272\" class=\"fusion-post-medium-alternate post-15272 post type-post status-publish format-standard has-post-thumbnail hentry category-egyeb\">\n<div class=\"fusion-date-and-formats\"><div class=\"fusion-date-box updated\"><span class=\"fusion-date\">15<\/span><span class=\"fusion-month-year\">10, 2025<\/span><\/div><div class=\"fusion-format-box\"><i class=\"awb-icon-pen\" aria-hidden=\"true\"><\/i><\/div><\/div>\t<style type=\"text\/css\">\n\t\t\n\t\t\n\t\t\n\t\t\n\t\t\t<\/style>\n\n\n\t\t\t<div class=\"fusion-flexslider flexslider fusion-flexslider-loading fusion-post-slideshow\" style=\"\">\n\t\t<ul class=\"slides\">\n\t\t\t\n\t\t\t\t\t\t\t\t\t\t\t\t\t\t<li><div  class=\"fusion-image-wrapper fusion-image-size-fixed\" aria-haspopup=\"true\">\n\t\t\t\t<img decoding=\"async\" width=\"220\" height=\"119\" src=\"https:\/\/www.ppdexpo.hu\/wp-content\/uploads\/2025\/10\/PPD-SIGN-logok.jpg\" class=\"attachment-blog-medium size-blog-medium wp-post-image\" alt=\"\" srcset=\"https:\/\/www.ppdexpo.hu\/wp-content\/uploads\/2025\/10\/PPD-SIGN-logok-18x10.jpg 18w, https:\/\/www.ppdexpo.hu\/wp-content\/uploads\/2025\/10\/PPD-SIGN-logok-200x108.jpg 200w, https:\/\/www.ppdexpo.hu\/wp-content\/uploads\/2025\/10\/PPD-SIGN-logok.jpg 220w\" sizes=\"(max-width: 220px) 100vw, 220px\" \/><div class=\"fusion-rollover\">\n\t<div class=\"fusion-rollover-content\">\n\n\t\t\t\t\t\t\t\t\t\t\t\t\t\t<a class=\"fusion-rollover-link\" href=\"https:\/\/www.ppdexpo.hu\/en\/sikeresen-zarult-a-ppd-expo-sign-expo-2025\/\">Sikeresen z\u00e1rult a PPD Expo &#8211; Sign Expo 2025.<\/a>\n\t\t\t\n\t\t\t\t\t\t\t\t\n\t\t\n\t\t\t\t\t\t\t\t\n\t\t\t\t\t\t\t\t\n\t\t\n\t\t\t\t\t\t<a class=\"fusion-link-wrapper\" href=\"https:\/\/www.ppdexpo.hu\/en\/sikeresen-zarult-a-ppd-expo-sign-expo-2025\/\" aria-label=\"Sikeresen z\u00e1rult a PPD Expo &#8211; Sign Expo 2025.\"><\/a>\n\t<\/div>\n<\/div>\n<\/div>\n<\/li>\n\t\t\t\n\t\t\t\n\t\t\t\t\t\t\t\t\t\t\t\t\t\t\t\t\t\t\t\t\t\t\t\t\t\t\t\t\t\t\t\t\t\t\t\t\t\t\t\t\t\t\t\t\t\t\t\t\t\t\t\t\t\t\t\t\t\t\t\t\t\t\t\t\t\t\t\t<\/ul>\n\t<\/div>\n\t<div class=\"fusion-post-content post-content\"><h2 class=\"blog-shortcode-post-title entry-title\"><a href=\"https:\/\/www.ppdexpo.hu\/en\/sikeresen-zarult-a-ppd-expo-sign-expo-2025\/\">Sikeresen z\u00e1rult a PPD Expo &#8211; Sign Expo 2025.<\/a><\/h2><div class=\"fusion-post-content-container\"><p> A PPDExpo \u00e9s SignExpo 2025-ben is bizony\u00edtotta, hogy a vizu\u00e1lis kommunik\u00e1ci\u00f3, a nyomdaipar \u00e9s a csomagol\u00e1stechnika legfontosabb szakmai tal\u00e1lkoz\u00f3helye Magyarorsz\u00e1gon. A rendezv\u00e9nyen 90 ki\u00e1ll\u00edt\u00f3 mutatta be leg\u00fajabb technol\u00f3gi\u00e1it \u00e9s [...]<\/p><\/div><\/div><div class=\"fusion-clearfix\"><\/div><\/article>\n<article id=\"blog-1-post-15034\" class=\"fusion-post-medium-alternate post-15034 post type-post status-publish format-standard has-post-thumbnail hentry category-egyeb\">\n<div class=\"fusion-date-and-formats\"><div class=\"fusion-date-box updated\"><span class=\"fusion-date\">18<\/span><span class=\"fusion-month-year\">09, 2025<\/span><\/div><div class=\"fusion-format-box\"><i class=\"awb-icon-pen\" aria-hidden=\"true\"><\/i><\/div><\/div>\t<style type=\"text\/css\">\n\t\t\n\t\t\n\t\t\n\t\t\n\t\t\t<\/style>\n\n\n\t\t\t<div class=\"fusion-flexslider flexslider fusion-flexslider-loading fusion-post-slideshow\" style=\"\">\n\t\t<ul class=\"slides\">\n\t\t\t\n\t\t\t\t\t\t\t\t\t\t\t\t\t\t<li><div  class=\"fusion-image-wrapper fusion-image-size-fixed\" aria-haspopup=\"true\">\n\t\t\t\t<img decoding=\"async\" width=\"320\" height=\"202\" src=\"https:\/\/www.ppdexpo.hu\/wp-content\/uploads\/2025\/09\/KREATIV-JUBILEUM-\u2013-IV.-Kirakatbaba-Oltozteto-Verseny-2025-320x202.jpg\" class=\"attachment-blog-medium size-blog-medium wp-post-image\" alt=\"\" srcset=\"https:\/\/www.ppdexpo.hu\/wp-content\/uploads\/2025\/09\/KREATIV-JUBILEUM-\u2013-IV.-Kirakatbaba-Oltozteto-Verseny-2025-320x202.jpg 320w, https:\/\/www.ppdexpo.hu\/wp-content\/uploads\/2025\/09\/KREATIV-JUBILEUM-\u2013-IV.-Kirakatbaba-Oltozteto-Verseny-2025-700x441.jpg 700w\" sizes=\"(max-width: 320px) 100vw, 320px\" \/><div class=\"fusion-rollover\">\n\t<div class=\"fusion-rollover-content\">\n\n\t\t\t\t\t\t\t\t\t\t\t\t\t\t<a class=\"fusion-rollover-link\" href=\"https:\/\/www.ppdexpo.hu\/en\/kreativ-jubileum\/\">KREAT\u00cdV JUBILEUM \u2013 IV. Kirakatbaba \u00d6lt\u00f6ztet\u0151 Verseny 2025.<\/a>\n\t\t\t\n\t\t\t\t\t\t\t\t\n\t\t\n\t\t\t\t\t\t\t\t\n\t\t\t\t\t\t\t\t\n\t\t\n\t\t\t\t\t\t<a class=\"fusion-link-wrapper\" href=\"https:\/\/www.ppdexpo.hu\/en\/kreativ-jubileum\/\" aria-label=\"KREAT\u00cdV JUBILEUM \u2013 IV. Kirakatbaba \u00d6lt\u00f6ztet\u0151 Verseny 2025.\"><\/a>\n\t<\/div>\n<\/div>\n<\/div>\n<\/li>\n\t\t\t\n\t\t\t\n\t\t\t\t\t\t\t\t\t\t\t\t\t\t\t\t\t\t\t\t\t\t\t\t\t\t\t\t\t\t\t\t\t\t\t\t\t\t\t\t\t\t\t\t\t\t\t\t\t\t\t\t\t\t\t\t\t\t\t\t\t\t\t\t\t\t\t\t<\/ul>\n\t<\/div>\n\t<div class=\"fusion-post-content post-content\"><h2 class=\"blog-shortcode-post-title entry-title\"><a href=\"https:\/\/www.ppdexpo.hu\/en\/kreativ-jubileum\/\">KREAT\u00cdV JUBILEUM \u2013 IV. Kirakatbaba \u00d6lt\u00f6ztet\u0151 Verseny 2025.<\/a><\/h2><div class=\"fusion-post-content-container\"><p> A kreat\u00edv szakm\u00e1t tanult, vagy tanul\u00f3, esetleg oktat\u00f3 szakembereknek, kirakatrendez\u0151knek, dekorat\u0151r\u00f6knek, diz\u00e1jnereknek, divattervez\u0151knek, formatervez\u0151knek imm\u00e1r negyedik alkalommal hirdet kirakatbaba-\u00f6lt\u00f6ztet\u0151 versenyt a\u00a0Dekorsz\u00f6vets\u00e9g. A\u00a0IV. Kirakatbaba \u00d6lt\u00f6ztet\u0151 Versenyre\u00a0k\u00e9sz\u00edtett alkot\u00e1sok a\u00a0SignExpo\u00a0\u00e9s\u00a0PPDExpo\u00a0szakki\u00e1ll\u00edt\u00e1sokon lesznek ki\u00e1ll\u00edtva [...]<\/p><\/div><\/div><div class=\"fusion-clearfix\"><\/div><\/article>\n<article id=\"blog-1-post-15037\" class=\"fusion-post-medium-alternate post-15037 post type-post status-publish format-standard has-post-thumbnail hentry category-egyeb\">\n<div class=\"fusion-date-and-formats\"><div class=\"fusion-date-box updated\"><span class=\"fusion-date\">14<\/span><span class=\"fusion-month-year\">09, 2025<\/span><\/div><div class=\"fusion-format-box\"><i class=\"awb-icon-pen\" aria-hidden=\"true\"><\/i><\/div><\/div>\t<style type=\"text\/css\">\n\t\t\n\t\t\n\t\t\n\t\t\n\t\t\t<\/style>\n\n\n\t\t\t<div class=\"fusion-flexslider flexslider fusion-flexslider-loading fusion-post-slideshow\" style=\"\">\n\t\t<ul class=\"slides\">\n\t\t\t\n\t\t\t\t\t\t\t\t\t\t\t\t\t\t<li><div  class=\"fusion-image-wrapper fusion-image-size-fixed\" aria-haspopup=\"true\">\n\t\t\t\t<img decoding=\"async\" width=\"320\" height=\"202\" src=\"https:\/\/www.ppdexpo.hu\/wp-content\/uploads\/2025\/09\/Kiprobalnad-az-autofoliazast-320x202.jpeg\" class=\"attachment-blog-medium size-blog-medium wp-post-image\" alt=\"\" srcset=\"https:\/\/www.ppdexpo.hu\/wp-content\/uploads\/2025\/09\/Kiprobalnad-az-autofoliazast-18x12.jpeg 18w, https:\/\/www.ppdexpo.hu\/wp-content\/uploads\/2025\/09\/Kiprobalnad-az-autofoliazast-320x202.jpeg 320w, https:\/\/www.ppdexpo.hu\/wp-content\/uploads\/2025\/09\/Kiprobalnad-az-autofoliazast-700x441.jpeg 700w\" sizes=\"(max-width: 320px) 100vw, 320px\" \/><div class=\"fusion-rollover\">\n\t<div class=\"fusion-rollover-content\">\n\n\t\t\t\t\t\t\t\t\t\t\t\t\t\t<a class=\"fusion-rollover-link\" href=\"https:\/\/www.ppdexpo.hu\/en\/kiprobalnad-az-autofoliazast\/\">Kipr\u00f3b\u00e1ln\u00e1d az aut\u00f3f\u00f3li\u00e1z\u00e1st? Most itt a lehet\u0151s\u00e9g!<\/a>\n\t\t\t\n\t\t\t\t\t\t\t\t\n\t\t\n\t\t\t\t\t\t\t\t\n\t\t\t\t\t\t\t\t\n\t\t\n\t\t\t\t\t\t<a class=\"fusion-link-wrapper\" href=\"https:\/\/www.ppdexpo.hu\/en\/kiprobalnad-az-autofoliazast\/\" aria-label=\"Kipr\u00f3b\u00e1ln\u00e1d az aut\u00f3f\u00f3li\u00e1z\u00e1st? Most itt a lehet\u0151s\u00e9g!\"><\/a>\n\t<\/div>\n<\/div>\n<\/div>\n<\/li>\n\t\t\t\n\t\t\t\n\t\t\t\t\t\t\t\t\t\t\t\t\t\t\t\t\t\t\t\t\t\t\t\t\t\t\t\t\t\t\t\t\t\t\t\t\t\t\t\t\t\t\t\t\t\t\t\t\t\t\t\t\t\t\t\t\t\t\t\t\t\t\t\t\t\t\t\t<\/ul>\n\t<\/div>\n\t<div class=\"fusion-post-content post-content\"><h2 class=\"blog-shortcode-post-title entry-title\"><a href=\"https:\/\/www.ppdexpo.hu\/en\/kiprobalnad-az-autofoliazast\/\">Kipr\u00f3b\u00e1ln\u00e1d az aut\u00f3f\u00f3li\u00e1z\u00e1st? Most itt a lehet\u0151s\u00e9g!<\/a><\/h2><div class=\"fusion-post-content-container\"><p> A\u00a0SignExpo\u2013PPD Expo\u00a0t\u00f6rzsl\u00e1togat\u00f3i sz\u00e1m\u00e1ra a kor\u00e1bbi rendezv\u00e9nyekr\u0151l m\u00e1r ismer\u0151s lehet Kiss Lajos l\u00e1tv\u00e1nyos aut\u00f3f\u00f3li\u00e1z\u00f3 bemutat\u00f3ja. Az idei ki\u00e1ll\u00edt\u00e1sra a t\u00f6bbsz\u00f6r\u00f6s vil\u00e1gbajnok minden eddigin\u00e9l \u00e9rdekesebb \u00e9s interakt\u00edvabb programmal k\u00e9sz\u00fcl. A 2022-es [...]<\/p><\/div><\/div><div class=\"fusion-clearfix\"><\/div><\/article>\n<article id=\"blog-1-post-3698\" class=\"fusion-post-medium-alternate post-3698 post type-post status-publish format-standard has-post-thumbnail hentry category-egyeb\">\n<div class=\"fusion-date-and-formats\"><div class=\"fusion-date-box updated\"><span class=\"fusion-date\">30<\/span><span class=\"fusion-month-year\">07, 2025<\/span><\/div><div class=\"fusion-format-box\"><i class=\"awb-icon-pen\" aria-hidden=\"true\"><\/i><\/div><\/div>\t<style type=\"text\/css\">\n\t\t\n\t\t\n\t\t\n\t\t\n\t\t\t<\/style>\n\n\n\t\t\t<div class=\"fusion-flexslider flexslider fusion-flexslider-loading fusion-post-slideshow\" style=\"\">\n\t\t<ul class=\"slides\">\n\t\t\t\n\t\t\t\t\t\t\t\t\t\t\t\t\t\t<li><div  class=\"fusion-image-wrapper fusion-image-size-fixed\" aria-haspopup=\"true\">\n\t\t\t\t<img decoding=\"async\" width=\"320\" height=\"202\" src=\"https:\/\/www.ppdexpo.hu\/wp-content\/uploads\/2025\/07\/csalo-320x202.jpg\" class=\"attachment-blog-medium size-blog-medium wp-post-image\" alt=\"\" srcset=\"https:\/\/www.ppdexpo.hu\/wp-content\/uploads\/2025\/07\/csalo-18x10.jpg 18w, https:\/\/www.ppdexpo.hu\/wp-content\/uploads\/2025\/07\/csalo-320x202.jpg 320w, https:\/\/www.ppdexpo.hu\/wp-content\/uploads\/2025\/07\/csalo-700x441.jpg 700w\" sizes=\"(max-width: 320px) 100vw, 320px\" \/><div class=\"fusion-rollover\">\n\t<div class=\"fusion-rollover-content\">\n\n\t\t\t\t\t\t\t\t\t\t\t\t\t\t<a class=\"fusion-rollover-link\" href=\"https:\/\/www.ppdexpo.hu\/en\/visszaeles-a-sign-expo-ppd-expo-neveve\/\">Figyelem! Vissza\u00e9l\u00e9s a Sign Expo \/ PPD Expo nev\u00e9vel<\/a>\n\t\t\t\n\t\t\t\t\t\t\t\t\n\t\t\n\t\t\t\t\t\t\t\t\n\t\t\t\t\t\t\t\t\n\t\t\n\t\t\t\t\t\t<a class=\"fusion-link-wrapper\" href=\"https:\/\/www.ppdexpo.hu\/en\/visszaeles-a-sign-expo-ppd-expo-neveve\/\" aria-label=\"Figyelem! Vissza\u00e9l\u00e9s a Sign Expo \/ PPD Expo nev\u00e9vel\"><\/a>\n\t<\/div>\n<\/div>\n<\/div>\n<\/li>\n\t\t\t\n\t\t\t\n\t\t\t\t\t\t\t\t\t\t\t\t\t\t\t\t\t\t\t\t\t\t\t\t\t\t\t\t\t\t\t\t\t\t\t\t\t\t\t\t\t\t\t\t\t\t\t\t\t\t\t\t\t\t\t\t\t\t\t\t\t\t\t\t\t\t\t\t<\/ul>\n\t<\/div>\n\t<div class=\"fusion-post-content post-content\"><h2 class=\"blog-shortcode-post-title entry-title\"><a href=\"https:\/\/www.ppdexpo.hu\/en\/visszaeles-a-sign-expo-ppd-expo-neveve\/\">Figyelem! Vissza\u00e9l\u00e9s a Sign Expo \/ PPD Expo nev\u00e9vel<\/a><\/h2><div class=\"fusion-post-content-container\"><p> Ez\u00faton szeretn\u00e9nk t\u00e1j\u00e9koztatni a szakmai k\u00f6z\u00f6ss\u00e9get, hogy 2025. j\u00falius 30-\u00e1n ismeretlen szem\u00e9ly(ek) a Sign Expo \/ PPD Expo nev\u00e9vel vissza\u00e9lve, az esem\u00e9ny el\u0151regisztr\u00e1lt l\u00e1togat\u00f3i list\u00e1j\u00e1t k\u00edn\u00e1lt\u00e1k elad\u00e1sra egy Gmail-es [...]<\/p><\/div><\/div><div class=\"fusion-clearfix\"><\/div><\/article>\n<article id=\"blog-1-post-3428\" class=\"fusion-post-medium-alternate post-3428 post type-post status-publish format-standard has-post-thumbnail hentry category-egyeb\">\n<div class=\"fusion-date-and-formats\"><div class=\"fusion-date-box updated\"><span class=\"fusion-date\">18<\/span><span class=\"fusion-month-year\">05, 2025<\/span><\/div><div class=\"fusion-format-box\"><i class=\"awb-icon-pen\" aria-hidden=\"true\"><\/i><\/div><\/div>\t<style type=\"text\/css\">\n\t\t\n\t\t\n\t\t\n\t\t\n\t\t\t<\/style>\n\n\n\t\t\t<div class=\"fusion-flexslider flexslider fusion-flexslider-loading fusion-post-slideshow\" style=\"\">\n\t\t<ul class=\"slides\">\n\t\t\t\n\t\t\t\t\t\t\t\t\t\t\t\t\t\t<li><div  class=\"fusion-image-wrapper fusion-image-size-fixed\" aria-haspopup=\"true\">\n\t\t\t\t<img decoding=\"async\" width=\"320\" height=\"202\" src=\"https:\/\/www.ppdexpo.hu\/wp-content\/uploads\/2025\/06\/MNA-320x202.jpg\" class=\"attachment-blog-medium size-blog-medium wp-post-image\" alt=\"\" srcset=\"https:\/\/www.ppdexpo.hu\/wp-content\/uploads\/2025\/06\/MNA-18x12.jpg 18w, https:\/\/www.ppdexpo.hu\/wp-content\/uploads\/2025\/06\/MNA-320x202.jpg 320w\" sizes=\"(max-width: 320px) 100vw, 320px\" \/><div class=\"fusion-rollover\">\n\t<div class=\"fusion-rollover-content\">\n\n\t\t\t\t\t\t\t\t\t\t\t\t\t\t<a class=\"fusion-rollover-link\" href=\"https:\/\/www.ppdexpo.hu\/en\/meglepetes-az-mna-group-ujdonsagokkal-keszul-az-idei-signexpora\/\">Meglepet\u00e9s: az MNA Group \u00fajdons\u00e1gokkal k\u00e9sz\u00fcl az idei Signexp\u00f3ra<\/a>\n\t\t\t\n\t\t\t\t\t\t\t\t\n\t\t\n\t\t\t\t\t\t\t\t\n\t\t\t\t\t\t\t\t\n\t\t\n\t\t\t\t\t\t<a class=\"fusion-link-wrapper\" href=\"https:\/\/www.ppdexpo.hu\/en\/meglepetes-az-mna-group-ujdonsagokkal-keszul-az-idei-signexpora\/\" aria-label=\"Meglepet\u00e9s: az MNA Group \u00fajdons\u00e1gokkal k\u00e9sz\u00fcl az idei Signexp\u00f3ra\"><\/a>\n\t<\/div>\n<\/div>\n<\/div>\n<\/li>\n\t\t\t\n\t\t\t\n\t\t\t\t\t\t\t\t\t\t\t\t\t\t\t\t\t\t\t\t\t\t\t\t\t\t\t\t\t\t\t\t\t\t\t\t\t\t\t\t\t\t\t\t\t\t\t\t\t\t\t\t\t\t\t\t\t\t\t\t\t\t\t\t\t\t\t\t<\/ul>\n\t<\/div>\n\t<div class=\"fusion-post-content post-content\"><h2 class=\"blog-shortcode-post-title entry-title\"><a href=\"https:\/\/www.ppdexpo.hu\/en\/meglepetes-az-mna-group-ujdonsagokkal-keszul-az-idei-signexpora\/\">Meglepet\u00e9s: az MNA Group \u00fajdons\u00e1gokkal k\u00e9sz\u00fcl az idei Signexp\u00f3ra<\/a><\/h2><div class=\"fusion-post-content-container\"><p> Az MNA Group Kft. neve ismer\u0151sen csenghet a\u00a0SignExpo\u2013PPD Expo\u00a0l\u00e1togat\u00f3i sz\u00e1m\u00e1ra, hiszen m\u00e1r t\u00f6bbsz\u00f6r szerepeltek ki\u00e1ll\u00edt\u00f3k\u00e9nt. Az idei rendezv\u00e9nyen arra k\u00e9sz\u00fclnek, hogy \u00faj arcukat mutass\u00e1k meg. Err\u0151l mes\u00e9l Varga N\u00f3ra [...]<\/p><\/div><\/div><div class=\"fusion-clearfix\"><\/div><\/article>\n<article id=\"blog-1-post-3418\" class=\"fusion-post-medium-alternate post-3418 post type-post status-publish format-standard has-post-thumbnail hentry category-egyeb\">\n<div class=\"fusion-date-and-formats\"><div class=\"fusion-date-box updated\"><span class=\"fusion-date\">9<\/span><span class=\"fusion-month-year\">04, 2025<\/span><\/div><div class=\"fusion-format-box\"><i class=\"awb-icon-pen\" aria-hidden=\"true\"><\/i><\/div><\/div>\t<style type=\"text\/css\">\n\t\t\n\t\t\n\t\t\n\t\t\n\t\t\t<\/style>\n\n\n\t\t\t<div class=\"fusion-flexslider flexslider fusion-flexslider-loading fusion-post-slideshow\" style=\"\">\n\t\t<ul class=\"slides\">\n\t\t\t\n\t\t\t\t\t\t\t\t\t\t\t\t\t\t<li><div  class=\"fusion-image-wrapper fusion-image-size-fixed\" aria-haspopup=\"true\">\n\t\t\t\t<img decoding=\"async\" width=\"320\" height=\"202\" src=\"https:\/\/www.ppdexpo.hu\/wp-content\/uploads\/2025\/04\/Jubileumi-ev-2-320x202.jpg\" class=\"attachment-blog-medium size-blog-medium wp-post-image\" alt=\"\" srcset=\"https:\/\/www.ppdexpo.hu\/wp-content\/uploads\/2025\/04\/Jubileumi-ev-2-18x10.jpg 18w, https:\/\/www.ppdexpo.hu\/wp-content\/uploads\/2025\/04\/Jubileumi-ev-2-320x202.jpg 320w\" sizes=\"(max-width: 320px) 100vw, 320px\" \/><div class=\"fusion-rollover\">\n\t<div class=\"fusion-rollover-content\">\n\n\t\t\t\t\t\t\t\t\t\t\t\t\t\t<a class=\"fusion-rollover-link\" href=\"https:\/\/www.ppdexpo.hu\/en\/mi-a-signexpo-ppd-expo-sikerenek-titka-a-szervezo-most-elarulja\/\">Mi a SignExpo-PPD Expo siker\u00e9nek titka? A szervez\u0151 most el\u00e1rulja!<\/a>\n\t\t\t\n\t\t\t\t\t\t\t\t\n\t\t\n\t\t\t\t\t\t\t\t\n\t\t\t\t\t\t\t\t\n\t\t\n\t\t\t\t\t\t<a class=\"fusion-link-wrapper\" href=\"https:\/\/www.ppdexpo.hu\/en\/mi-a-signexpo-ppd-expo-sikerenek-titka-a-szervezo-most-elarulja\/\" aria-label=\"Mi a SignExpo-PPD Expo siker\u00e9nek titka? A szervez\u0151 most el\u00e1rulja!\"><\/a>\n\t<\/div>\n<\/div>\n<\/div>\n<\/li>\n\t\t\t\n\t\t\t\n\t\t\t\t\t\t\t\t\t\t\t\t\t\t\t\t\t\t\t\t\t\t\t\t\t\t\t\t\t\t\t\t\t\t\t\t\t\t\t\t\t\t\t\t\t\t\t\t\t\t\t\t\t\t\t\t\t\t\t\t\t\t\t\t\t\t\t\t<\/ul>\n\t<\/div>\n\t<div class=\"fusion-post-content post-content\"><h2 class=\"blog-shortcode-post-title entry-title\"><a href=\"https:\/\/www.ppdexpo.hu\/en\/mi-a-signexpo-ppd-expo-sikerenek-titka-a-szervezo-most-elarulja\/\">Mi a SignExpo-PPD Expo siker\u00e9nek titka? A szervez\u0151 most el\u00e1rulja!<\/a><\/h2><div class=\"fusion-post-content-container\"><p> T\u00f3th G\u00e1bor, a Nyomda- \u00e9s Pap\u00edripari Sz\u00f6vets\u00e9g \u00e9s a Pap\u00edr- \u00e9s Nyomdaipari M\u0171szaki Egyes\u00fclet \u00fcgyvezet\u0151je foglalja \u00f6ssze, mit jelent a szervez\u0151i oldalr\u00f3l n\u00e9zve egy olyan nagy horderej\u0171 rendezv\u00e9ny, mint [...]<\/p><\/div><\/div><div class=\"fusion-clearfix\"><\/div><\/article>\n<\/div><div class=\"pagination clearfix\"><span class=\"current\">1<\/span><a href=\"https:\/\/www.ppdexpo.hu\/en\/wp-json\/wp\/v2\/pages\/2875\/page\/2\/\" class=\"inactive\">2<\/a><a class=\"pagination-next\" rel=\"next\" href=\"https:\/\/www.ppdexpo.hu\/en\/wp-json\/wp\/v2\/pages\/2875\/page\/2\/\"><span class=\"page-text\">Next<\/span><span class=\"page-next\"><\/span><\/a><\/div><div class=\"fusion-clearfix\"><\/div><\/div><\/div><\/div><\/div><\/div>\n","protected":false},"excerpt":{"rendered":"","protected":false},"author":4,"featured_media":0,"parent":0,"menu_order":0,"comment_status":"closed","ping_status":"closed","template":"100-width.php","meta":{"_monsterinsights_skip_tracking":false,"_monsterinsights_sitenote_active":false,"_monsterinsights_sitenote_note":"","_monsterinsights_sitenote_category":0,"footnotes":""},"class_list":["post-2875","page","type-page","status-publish","hentry"],"aioseo_notices":[],"_links":{"self":[{"href":"https:\/\/www.ppdexpo.hu\/en\/wp-json\/wp\/v2\/pages\/2875","targetHints":{"allow":["GET"]}}],"collection":[{"href":"https:\/\/www.ppdexpo.hu\/en\/wp-json\/wp\/v2\/pages"}],"about":[{"href":"https:\/\/www.ppdexpo.hu\/en\/wp-json\/wp\/v2\/types\/page"}],"author":[{"embeddable":true,"href":"https:\/\/www.ppdexpo.hu\/en\/wp-json\/wp\/v2\/users\/4"}],"replies":[{"embeddable":true,"href":"https:\/\/www.ppdexpo.hu\/en\/wp-json\/wp\/v2\/comments?post=2875"}],"version-history":[{"count":10,"href":"https:\/\/www.ppdexpo.hu\/en\/wp-json\/wp\/v2\/pages\/2875\/revisions"}],"predecessor-version":[{"id":2886,"href":"https:\/\/www.ppdexpo.hu\/en\/wp-json\/wp\/v2\/pages\/2875\/revisions\/2886"}],"wp:attachment":[{"href":"https:\/\/www.ppdexpo.hu\/en\/wp-json\/wp\/v2\/media?parent=2875"}],"curies":[{"name":"wp","href":"https:\/\/api.w.org\/{rel}","templated":true}]}}